{"id":51061,"date":"2024-09-24T11:02:37","date_gmt":"2024-09-24T09:02:37","guid":{"rendered":"https:\/\/dev-relaunch.haelg.ch\/?page_id=51061"},"modified":"2026-04-24T10:52:28","modified_gmt":"2026-04-24T08:52:28","slug":"haelg-group-comme-employeur","status":"publish","type":"page","link":"https:\/\/haelg.ch\/fr\/travailler-chez-nous\/haelg-group-comme-employeur\/","title":{"rendered":"H\u00e4lg\u00a0Group comme employeur"},"content":{"rendered":"\n<div class=\"wp-block-media-text alignwide is-stacked-on-mobile has-background-color has-secondary-background-color has-text-color has-background has-link-color wp-elements-6b2e6bcb1e4d741e66a01ffb9b353411\" style=\"grid-template-columns:60% auto\"><figure class=\"wp-block-media-text__media\"><img decoding=\"async\" width=\"1024\" height=\"1024\" loading=\"lazy\" src=\"https:\/\/haelg.ch\/app\/uploads\/2025\/04\/haelg-day-2025-haelg-group_2400x2400-1024x1024.jpg\" alt=\"H\u00e4lg Day 2025, neue Mitarbeitende der H\u00e4lg Group auf einem Gruppenfoto.\" class=\"wp-image-80737 size-full\" srcset=\"https:\/\/haelg.ch\/app\/uploads\/2025\/04\/haelg-day-2025-haelg-group_2400x2400-1024x1024.jpg 1024w, https:\/\/haelg.ch\/app\/uploads\/2025\/04\/haelg-day-2025-haelg-group_2400x2400-300x300.jpg 300w, https:\/\/haelg.ch\/app\/uploads\/2025\/04\/haelg-day-2025-haelg-group_2400x2400-150x150.jpg 150w, https:\/\/haelg.ch\/app\/uploads\/2025\/04\/haelg-day-2025-haelg-group_2400x2400-768x768.jpg 768w, https:\/\/haelg.ch\/app\/uploads\/2025\/04\/haelg-day-2025-haelg-group_2400x2400-1536x1536.jpg 1536w, https:\/\/haelg.ch\/app\/uploads\/2025\/04\/haelg-day-2025-haelg-group_2400x2400-2048x2048.jpg 2048w\" sizes=\"auto, (max-width: 1024px) 100vw, 1024px\" \/><\/figure><div class=\"wp-block-media-text__content\"><div class=\"yoast-breadcrumbs\"><span><span><a href=\"https:\/\/haelg.ch\/fr\/\">Accueil<\/a><\/span> <span class=\"separator\"><\/span> <span><a href=\"https:\/\/haelg.ch\/fr\/travailler-chez-nous\/\">Travailler chez nous<\/a><\/span> <span class=\"separator\"><\/span> <span class=\"breadcrumb_last\" aria-current=\"page\">H\u00e4lg\u00a0Group comme employeur<\/span><\/span><\/div>\n\n\n<h1 class=\"wp-block-heading\">H\u00e4lg&nbsp;Group comme employeur<\/h1>\n\n\n\n<p>D\u00e9couvrez une culture d&rsquo;entreprise ax\u00e9e sur la communication ouverte, des possibilit\u00e9s de carri\u00e8re vari\u00e9es et des conditions de travail modernes. Nous soutenons d&rsquo;une mani\u00e8re cibl\u00e9e la rel\u00e8ve professionnelle ainsi que la formation continue et offrons des possibilit\u00e9s de d\u00e9veloppement et d&rsquo;\u00e9panouissement personnels.<\/p>\n\n\n\n<div class=\"wp-block-buttons is-layout-flex wp-block-buttons-is-layout-flex\">\n<div class=\"wp-block-button is-style-outline is-style-outline--1\"><a class=\"wp-block-button__link wp-element-button\" href=\"https:\/\/haelg.ch\/fr\/travailler-chez-nous\/postes-vacants\/\">Nos postes vacants<\/a><\/div>\n\n\n\n<div class=\"wp-block-button is-style-outline is-style-outline--2\"><a class=\"wp-block-button__link wp-element-button\" href=\"https:\/\/haelg.ch\/fr\/travailler-chez-nous\/apprentissage-chez-nous\/\">Nos places d&rsquo;apprentissage libres<\/a><\/div>\n<\/div>\n<\/div><\/div>\n\n\n\n<div class=\"wp-block-media-text has-media-on-the-right is-stacked-on-mobile is-image-fill-element has-background-color has-secondary-background-color has-text-color has-background has-link-color wp-elements-32b0d7f327ba8ce1c7fb5e6b48478a97\"><div class=\"wp-block-media-text__content\">\n<h2 class=\"wp-block-heading\">Perspectives et Carri\u00e8re<\/h2>\n\n\n\n<p>Vous \u00eates un(e) sp\u00e9cialiste du chauffage, de la ventilation, du froid, du sanitaire ou de la technique du b\u00e2timent, un(e) agente d&rsquo;exploitation ou un(e) employ\u00e9(e) de commerce et souhaitez relever de nouveaux d\u00e9fis? Nous vous offrons des fonctions vari\u00e9es et attractives avec des perspectives d&rsquo;avenir.<\/p>\n\n\n\n<div class=\"wp-block-buttons is-layout-flex wp-block-buttons-is-layout-flex\">\n<div class=\"wp-block-button is-style-outline is-style-outline--3\"><a class=\"wp-block-button__link wp-element-button\" href=\"https:\/\/haelg.ch\/fr\/travailler-chez-nous\/haelg-group-comme-employeur\/perspectives-et-carriere\/\">En savoir plus sur les perspectives et la carri\u00e8re<\/a><\/div>\n<\/div>\n<\/div><figure class=\"wp-block-media-text__media\"><a href=\"https:\/\/haelg.ch\/fr\/travailler-chez-nous\/haelg-group-comme-employeur\/perspectives-et-carriere\/\"><img decoding=\"async\" width=\"1024\" height=\"768\" loading=\"lazy\" src=\"https:\/\/haelg.ch\/app\/uploads\/2026\/04\/haelg-day-impressionen-20260326-42-haelg-group_1600x1200-1024x768.jpg\" alt=\"Neue Mitarbeitende der H\u00e4lg Group am H\u00e4lg Day, wo sie offiziell im Unternehmen begr\u00fcsst werden.\" class=\"wp-image-233169 size-full\" style=\"object-position:50% 50%\" srcset=\"https:\/\/haelg.ch\/app\/uploads\/2026\/04\/haelg-day-impressionen-20260326-42-haelg-group_1600x1200-1024x768.jpg 1024w, https:\/\/haelg.ch\/app\/uploads\/2026\/04\/haelg-day-impressionen-20260326-42-haelg-group_1600x1200-300x225.jpg 300w, https:\/\/haelg.ch\/app\/uploads\/2026\/04\/haelg-day-impressionen-20260326-42-haelg-group_1600x1200-768x576.jpg 768w, https:\/\/haelg.ch\/app\/uploads\/2026\/04\/haelg-day-impressionen-20260326-42-haelg-group_1600x1200-1536x1152.jpg 1536w, https:\/\/haelg.ch\/app\/uploads\/2026\/04\/haelg-day-impressionen-20260326-42-haelg-group_1600x1200.jpg 1600w\" sizes=\"auto, (max-width: 1024px) 100vw, 1024px\" \/><\/a><\/figure><\/div>\n\n\n\n<div class=\"wp-block-media-text is-stacked-on-mobile is-image-fill-element has-lightgray-background-color has-background\"><figure class=\"wp-block-media-text__media\"><a href=\"https:\/\/haelg.ch\/fr\/travailler-chez-nous\/haelg-group-comme-employeur\/avantages\/\"><img decoding=\"async\" width=\"1024\" height=\"768\" loading=\"lazy\" src=\"https:\/\/haelg.ch\/app\/uploads\/2025\/07\/kantonsspital-aarau-20250704-55-haelg-group_1600x1200-1024x768.jpg\" alt=\"Mitarbeitende der H\u00e4lg &amp; Co. AG Aarau und Klima AG Spreitenbach auf der Baustelle des Kantonspitals Aarau\" class=\"wp-image-118857 size-full\" style=\"object-position:50% 50%\" srcset=\"https:\/\/haelg.ch\/app\/uploads\/2025\/07\/kantonsspital-aarau-20250704-55-haelg-group_1600x1200-1024x768.jpg 1024w, https:\/\/haelg.ch\/app\/uploads\/2025\/07\/kantonsspital-aarau-20250704-55-haelg-group_1600x1200-300x225.jpg 300w, https:\/\/haelg.ch\/app\/uploads\/2025\/07\/kantonsspital-aarau-20250704-55-haelg-group_1600x1200-768x576.jpg 768w, https:\/\/haelg.ch\/app\/uploads\/2025\/07\/kantonsspital-aarau-20250704-55-haelg-group_1600x1200-1536x1152.jpg 1536w, https:\/\/haelg.ch\/app\/uploads\/2025\/07\/kantonsspital-aarau-20250704-55-haelg-group_1600x1200.jpg 1600w\" sizes=\"auto, (max-width: 1024px) 100vw, 1024px\" \/><\/a><\/figure><div class=\"wp-block-media-text__content\">\n<h2 class=\"wp-block-heading\">Avantages<\/h2>\n\n\n\n<p>De la libert\u00e9 de d\u00e9cision, des possibilit\u00e9s de formation continue et de la compensation des heures suppl\u00e9mentaires \u00e0 l\u2019octroi de prestations sociales sup\u00e9rieures \u00e0 la moyenne, H\u00e4lg&nbsp;Group offre toute une s\u00e9rie d\u2019avantages \u00e0 son personnel.<\/p>\n\n\n\n<div class=\"wp-block-buttons is-layout-flex wp-block-buttons-is-layout-flex\">\n<div class=\"wp-block-button is-style-outline is-style-outline--4\"><a class=\"wp-block-button__link wp-element-button\" href=\"https:\/\/haelg.ch\/fr\/travailler-chez-nous\/haelg-group-comme-employeur\/avantages\/\">Avantages<\/a><\/div>\n<\/div>\n<\/div><\/div>\n\n\n\n<div class=\"wp-block-group reviews-holder is-layout-constrained wp-block-group-is-layout-constrained\">\n<div class=\"wp-block-columns is-layout-flex wp-container-core-columns-is-layout-28f84493 wp-block-columns-is-layout-flex\">\n<div class=\"wp-block-column is-layout-flow wp-block-column-is-layout-flow\">\n<h2 class=\"wp-block-heading\">T\u00e9moignages de notre personnel<\/h2>\n\n\n\n<p>D\u00e9couvrez \u00e0 la source ce que notre personnel dit sur ses exp\u00e9riences chez nous. Ici, il partage ses impressions et explique pourquoi il nous a choisis comme employeur et comment il per\u00e7oit son d\u00e9veloppement chez nous.<\/p>\n\n\n\n<figure class=\"wp-block-image alignleft is-resized\"><a href=\"https:\/\/kununu.com\/ch\/haelg-group?utm_medium=affiliate&amp;utm_source=widget&amp;utm_content=widget_score_review_count_logo_small&amp;rfr=affiliate_widget\" target=\"_blank\" rel=\"nofollow noopener\"><img decoding=\"async\" loading=\"lazy\" loading=\"lazy\" loading=\"lazy\" loading=\"lazy\" src=\"https:\/\/widgets.kununu.com\/widget_score_review_count_logo_small\/profiles\/5a4d4010-211d-42fa-a127-4de86d177e0b\" alt=\"kununu widget\" style=\"width:195px;height:auto\"\/><\/a><\/figure>\n<\/div>\n\n\n\n<div class=\"wp-block-column is-vertically-aligned-stretch has-background-color has-secondary-background-color has-text-color has-background has-link-color wp-elements-ebb2b4dc1b360d8a1d73345dcbbb1f67 is-layout-flow wp-block-column-is-layout-flow\">\n<div class=\"wp-block-group is-style-slider is-layout-constrained wp-block-group-is-layout-constrained\">\n<div class=\"wp-block-group is-layout-constrained wp-block-group-is-layout-constrained\">\n<p>\u00ab J&rsquo;aime travailler chez H\u00e4lg Group parce qu&rsquo;il a une tr\u00e8s bonne r\u00e9putation dans la branche et qu&rsquo;on me montre beaucoup d&rsquo;estime et de confiance. On est aussi tr\u00e8s soutenu si on veut se perfectionner. \u00bb<\/p>\n\n\n\n<p><strong>Denis Vardijan<br><\/strong>Installateur chef de chantier ventilation<br>H\u00e4lg &amp; Cie SA St-Gall<\/p>\n<\/div>\n\n\n\n<div class=\"wp-block-group is-layout-constrained wp-block-group-is-layout-constrained\">\n<p>\u00ab Ici, je suis directement au c\u0153ur de l&rsquo;innovation et je contribue \u00e0 fa\u00e7onner l&rsquo;avenir. De nouvelles m\u00e9thodes de travail et des projets passionnants favorisent mon d\u00e9veloppement et me permettent de rester motiv\u00e9. \u00bb<\/p>\n\n\n\n<p><strong>Daniel Gantner<br><\/strong>Technicien CAO\/BIM<br>H\u00e4lg &amp; Cie SA Lucerne \u2013 Ebikon<\/p>\n<\/div>\n\n\n\n<div class=\"wp-block-group is-layout-constrained wp-block-group-is-layout-constrained\">\n<p>\u00ab Travailler en tant que chef d&rsquo;\u00e9quipe chez H\u00e4lg me motive, car je peux mener \u00e0 bien de grands projets de construction de mani\u00e8re autonome et responsable avec mes collaborateurs. Mes sup\u00e9rieurs soutiennent toujours mes d\u00e9cisions. \u00bb<\/p>\n\n\n\n<p><strong>Roger Oehrli<\/strong><br>Responsable d&rsquo;\u00e9quipe ventilation\/climatisation<br>H\u00e4lg &amp; Cie SA St-Gall<\/p>\n<\/div>\n<\/div>\n<\/div>\n<\/div>\n<\/div>\n\n\n\n<div class=\"wp-block-media-text has-media-on-the-right is-stacked-on-mobile is-image-fill-element has-background-color has-secondary-background-color has-text-color has-background has-link-color wp-elements-53cf4e0eadba2c5b4fa3dc16d6fa0f79\"><div class=\"wp-block-media-text__content\">\n<h2 class=\"wp-block-heading\">Nos profils d&#8217;emploi<\/h2>\n\n\n\n<p>Que ce soit dans la technique du b\u00e2timent ou le Facility Management, H\u00e4lg&nbsp;Group propose des profils d\u2019emploi vari\u00e9s qui favorisent le d\u00e9veloppement personnel.<\/p>\n\n\n\n<div class=\"wp-block-buttons is-layout-flex wp-block-buttons-is-layout-flex\">\n<div class=\"wp-block-button is-style-outline is-style-outline--5\"><a class=\"wp-block-button__link wp-element-button\" href=\"https:\/\/haelg.ch\/fr\/travailler-chez-nous\/haelg-group-comme-employeur\/profils-d-emploi\/\">Profils d&#8217;emploi<\/a><\/div>\n<\/div>\n<\/div><figure class=\"wp-block-media-text__media\"><a href=\"https:\/\/haelg.ch\/fr\/travailler-chez-nous\/haelg-group-comme-employeur\/profils-d-emploi\/\"><img decoding=\"async\" width=\"1024\" height=\"768\" loading=\"lazy\" src=\"https:\/\/haelg.ch\/app\/uploads\/2026\/04\/industrielle-werke-basel-iwb-2025-60-haelg-group_1600x1200-1024x768.jpg\" alt=\"Ein Installateur der Klima AG Basel steht vor eine geb\u00e4udetechnischen Anlage.\" class=\"wp-image-233173 size-full\" style=\"object-position:50% 50%\" srcset=\"https:\/\/haelg.ch\/app\/uploads\/2026\/04\/industrielle-werke-basel-iwb-2025-60-haelg-group_1600x1200-1024x768.jpg 1024w, https:\/\/haelg.ch\/app\/uploads\/2026\/04\/industrielle-werke-basel-iwb-2025-60-haelg-group_1600x1200-300x225.jpg 300w, https:\/\/haelg.ch\/app\/uploads\/2026\/04\/industrielle-werke-basel-iwb-2025-60-haelg-group_1600x1200-768x576.jpg 768w, https:\/\/haelg.ch\/app\/uploads\/2026\/04\/industrielle-werke-basel-iwb-2025-60-haelg-group_1600x1200-1536x1152.jpg 1536w, https:\/\/haelg.ch\/app\/uploads\/2026\/04\/industrielle-werke-basel-iwb-2025-60-haelg-group_1600x1200.jpg 1600w\" sizes=\"auto, (max-width: 1024px) 100vw, 1024px\" \/><\/a><\/figure><\/div>\n\n\n\n<div class=\"wp-block-media-text has-media-on-the-right is-stacked-on-mobile is-image-fill-element has-background-color has-secondary-background-color has-text-color has-background has-link-color wp-elements-c5b08fd90fdf24cba5db4a107d4ae264\"><div class=\"wp-block-media-text__content\">\n<h2 class=\"wp-block-heading\">En savoir plus sur H\u00e4lg&nbsp;Group<\/h2>\n\n\n\n<div class=\"wp-block-buttons is-style-list is-layout-flex wp-block-buttons-is-layout-flex\">\n<div class=\"wp-block-button is-style-outline is-style-outline--6\"><a class=\"wp-block-button__link wp-element-button\" href=\"https:\/\/haelg.ch\/fr\/travailler-chez-nous\/notre-promesse\/\">Notre promesse<\/a><\/div>\n\n\n\n<div class=\"wp-block-button is-style-outline is-style-outline--7\"><a class=\"wp-block-button__link wp-element-button\" href=\"https:\/\/haelg.ch\/fr\/entreprise\/organisation\/\">Organisation<\/a><\/div>\n\n\n\n<div class=\"wp-block-button\"><a class=\"wp-block-button__link wp-element-button\" href=\"https:\/\/haelg.ch\/fr\/entreprise\/nous-vivons-la-responsabilite\/\">Nous vivons la responsabilit\u00e9<\/a><\/div>\n\n\n\n<div class=\"wp-block-button\"><a class=\"wp-block-button__link wp-element-button\" href=\"https:\/\/haelg.ch\/fr\/travailler-chez-nous\/apprentissage-chez-nous\/\">Faire un apprentissage chez nous<\/a><\/div>\n<\/div>\n<\/div><figure class=\"wp-block-media-text__media\"><img decoding=\"async\" width=\"1024\" height=\"768\" loading=\"lazy\" src=\"https:\/\/haelg.ch\/app\/uploads\/2024\/12\/haelg-what-else-haelg-group_1600x1200-1-1024x768.jpg\" alt=\"H\u00e4lg, what else.\" class=\"wp-image-50811 size-full\" style=\"object-position:50% 50%\" srcset=\"https:\/\/haelg.ch\/app\/uploads\/2024\/12\/haelg-what-else-haelg-group_1600x1200-1-1024x768.jpg 1024w, https:\/\/haelg.ch\/app\/uploads\/2024\/12\/haelg-what-else-haelg-group_1600x1200-1-300x225.jpg 300w, https:\/\/haelg.ch\/app\/uploads\/2024\/12\/haelg-what-else-haelg-group_1600x1200-1-768x576.jpg 768w, https:\/\/haelg.ch\/app\/uploads\/2024\/12\/haelg-what-else-haelg-group_1600x1200-1-1536x1152.jpg 1536w, https:\/\/haelg.ch\/app\/uploads\/2024\/12\/haelg-what-else-haelg-group_1600x1200-1.jpg 1600w\" sizes=\"auto, (max-width: 1024px) 100vw, 1024px\" \/><\/figure><\/div>\n\n\n\n<p><\/p>\n","protected":false},"excerpt":{"rendered":"<p>T\u00e9moignages de notre personnel D\u00e9couvrez \u00e0 la source ce que notre personnel dit sur ses exp\u00e9riences chez nous. Ici, il partage ses impressions et explique pourquoi il nous a choisis comme employeur et comment il per\u00e7oit son d\u00e9veloppement chez nous. \u00ab J&rsquo;aime travailler chez H\u00e4lg Group parce qu&rsquo;il a une tr\u00e8s bonne r\u00e9putation dans la [&hellip;]<\/p>\n","protected":false},"author":1,"featured_media":0,"parent":51059,"menu_order":207,"comment_status":"closed","ping_status":"closed","template":"","meta":{"_acf_changed":false,"inline_featured_image":false,"footnotes":""},"kategorie":[],"angebot":[],"class_list":["post-51061","page","type-page","status-publish","hentry"],"acf":[],"yoast_head":"<!-- This site is optimized with the Yoast SEO plugin v27.3 - https:\/\/yoast.com\/product\/yoast-seo-wordpress\/ -->\n<title>H\u00e4lg\u00a0Group comme employeur | H\u00e4lg\u00a0Group<\/title>\n<meta name=\"description\" content=\"D\u00e9couvrez ce qui rend H\u00e4lg\u00a0Group attractif comme employeur. Nous avons h\u00e2te de faire votre connaissance.\" \/>\n<meta name=\"robots\" content=\"index, follow, max-snippet:-1, max-image-preview:large, max-video-preview:-1\" \/>\n<link rel=\"canonical\" href=\"https:\/\/haelg.ch\/fr\/travailler-chez-nous\/haelg-group-comme-employeur\/\" \/>\n<meta property=\"og:locale\" content=\"fr_FR\" \/>\n<meta property=\"og:type\" content=\"article\" \/>\n<meta property=\"og:title\" content=\"H\u00e4lg\u00a0Group comme employeur | H\u00e4lg\u00a0Group\" \/>\n<meta property=\"og:description\" content=\"D\u00e9couvrez ce qui rend H\u00e4lg\u00a0Group attractif comme employeur. Nous avons h\u00e2te de faire votre connaissance.\" \/>\n<meta property=\"og:url\" content=\"https:\/\/haelg.ch\/fr\/travailler-chez-nous\/haelg-group-comme-employeur\/\" \/>\n<meta property=\"og:site_name\" content=\"H\u00e4lg Group\" \/>\n<meta property=\"article:publisher\" content=\"https:\/\/www.facebook.com\/haelg.ch\" \/>\n<meta property=\"article:modified_time\" content=\"2026-04-24T08:52:28+00:00\" \/>\n<meta property=\"og:image\" content=\"https:\/\/haelg.ch\/app\/uploads\/2025\/04\/haelg-day-2025-haelg-group_2400x2400.jpg\" \/>\n\t<meta property=\"og:image:width\" content=\"2400\" \/>\n\t<meta property=\"og:image:height\" content=\"2400\" \/>\n\t<meta property=\"og:image:type\" content=\"image\/jpeg\" \/>\n<meta name=\"twitter:card\" content=\"summary_large_image\" \/>\n<meta name=\"twitter:label1\" content=\"Dur\u00e9e de lecture estim\u00e9e\" \/>\n\t<meta name=\"twitter:data1\" content=\"4 minutes\" \/>\n<script type=\"application\/ld+json\" class=\"yoast-schema-graph\">{\"@context\":\"https:\\\/\\\/schema.org\",\"@graph\":[{\"@type\":\"WebPage\",\"@id\":\"https:\\\/\\\/haelg.ch\\\/fr\\\/travailler-chez-nous\\\/haelg-group-comme-employeur\\\/\",\"url\":\"https:\\\/\\\/haelg.ch\\\/fr\\\/travailler-chez-nous\\\/haelg-group-comme-employeur\\\/\",\"name\":\"H\u00e4lg\u00a0Group comme employeur | H\u00e4lg\u00a0Group\",\"isPartOf\":{\"@id\":\"https:\\\/\\\/haelg.ch\\\/fr\\\/#website\"},\"primaryImageOfPage\":{\"@id\":\"https:\\\/\\\/haelg.ch\\\/fr\\\/travailler-chez-nous\\\/haelg-group-comme-employeur\\\/#primaryimage\"},\"image\":{\"@id\":\"https:\\\/\\\/haelg.ch\\\/fr\\\/travailler-chez-nous\\\/haelg-group-comme-employeur\\\/#primaryimage\"},\"thumbnailUrl\":\"https:\\\/\\\/haelg.ch\\\/app\\\/uploads\\\/2025\\\/04\\\/haelg-day-2025-haelg-group_2400x2400-1024x1024.jpg\",\"datePublished\":\"2024-09-24T09:02:37+00:00\",\"dateModified\":\"2026-04-24T08:52:28+00:00\",\"description\":\"D\u00e9couvrez ce qui rend H\u00e4lg\u00a0Group attractif comme employeur. Nous avons h\u00e2te de faire votre connaissance.\",\"breadcrumb\":{\"@id\":\"https:\\\/\\\/haelg.ch\\\/fr\\\/travailler-chez-nous\\\/haelg-group-comme-employeur\\\/#breadcrumb\"},\"inLanguage\":\"fr-FR\",\"potentialAction\":[{\"@type\":\"ReadAction\",\"target\":[\"https:\\\/\\\/haelg.ch\\\/fr\\\/travailler-chez-nous\\\/haelg-group-comme-employeur\\\/\"]}]},{\"@type\":\"ImageObject\",\"inLanguage\":\"fr-FR\",\"@id\":\"https:\\\/\\\/haelg.ch\\\/fr\\\/travailler-chez-nous\\\/haelg-group-comme-employeur\\\/#primaryimage\",\"url\":\"https:\\\/\\\/haelg.ch\\\/app\\\/uploads\\\/2025\\\/04\\\/haelg-day-2025-haelg-group_2400x2400-1024x1024.jpg\",\"contentUrl\":\"https:\\\/\\\/haelg.ch\\\/app\\\/uploads\\\/2025\\\/04\\\/haelg-day-2025-haelg-group_2400x2400-1024x1024.jpg\"},{\"@type\":\"BreadcrumbList\",\"@id\":\"https:\\\/\\\/haelg.ch\\\/fr\\\/travailler-chez-nous\\\/haelg-group-comme-employeur\\\/#breadcrumb\",\"itemListElement\":[{\"@type\":\"ListItem\",\"position\":1,\"name\":\"Accueil\",\"item\":\"https:\\\/\\\/haelg.ch\\\/fr\\\/\"},{\"@type\":\"ListItem\",\"position\":2,\"name\":\"Travailler chez nous\",\"item\":\"https:\\\/\\\/haelg.ch\\\/fr\\\/travailler-chez-nous\\\/\"},{\"@type\":\"ListItem\",\"position\":3,\"name\":\"H\u00e4lg\u00a0Group comme employeur\"}]},{\"@type\":\"WebSite\",\"@id\":\"https:\\\/\\\/haelg.ch\\\/fr\\\/#website\",\"url\":\"https:\\\/\\\/haelg.ch\\\/fr\\\/\",\"name\":\"H\u00e4lg Group\",\"description\":\"\",\"publisher\":{\"@id\":\"https:\\\/\\\/haelg.ch\\\/fr\\\/#organization\"},\"potentialAction\":[{\"@type\":\"SearchAction\",\"target\":{\"@type\":\"EntryPoint\",\"urlTemplate\":\"https:\\\/\\\/haelg.ch\\\/fr\\\/?s={search_term_string}\"},\"query-input\":{\"@type\":\"PropertyValueSpecification\",\"valueRequired\":true,\"valueName\":\"search_term_string\"}}],\"inLanguage\":\"fr-FR\"},{\"@type\":\"Organization\",\"@id\":\"https:\\\/\\\/haelg.ch\\\/fr\\\/#organization\",\"name\":\"H\u00e4lg Group\",\"url\":\"https:\\\/\\\/haelg.ch\\\/fr\\\/\",\"logo\":{\"@type\":\"ImageObject\",\"inLanguage\":\"fr-FR\",\"@id\":\"https:\\\/\\\/haelg.ch\\\/fr\\\/#\\\/schema\\\/logo\\\/image\\\/\",\"url\":\"https:\\\/\\\/haelg.ch\\\/app\\\/uploads\\\/2025\\\/01\\\/haelg-group-logo_1800x1200.jpg\",\"contentUrl\":\"https:\\\/\\\/haelg.ch\\\/app\\\/uploads\\\/2025\\\/01\\\/haelg-group-logo_1800x1200.jpg\",\"width\":1620,\"height\":1080,\"caption\":\"H\u00e4lg Group\"},\"image\":{\"@id\":\"https:\\\/\\\/haelg.ch\\\/fr\\\/#\\\/schema\\\/logo\\\/image\\\/\"},\"sameAs\":[\"https:\\\/\\\/www.facebook.com\\\/haelg.ch\",\"https:\\\/\\\/www.linkedin.com\\\/company\\\/haelggroup\\\/\",\"https:\\\/\\\/www.instagram.com\\\/haelg.group\\\/\",\"https:\\\/\\\/www.youtube.com\\\/channel\\\/UCCP6yzfvj3o6gA9J5L0QJCg\\\/videos\",\"https:\\\/\\\/www.kununu.com\\\/ch\\\/haelg-group\"]}]}<\/script>\n<!-- \/ Yoast SEO plugin. -->","yoast_head_json":{"title":"H\u00e4lg\u00a0Group comme employeur | H\u00e4lg\u00a0Group","description":"D\u00e9couvrez ce qui rend H\u00e4lg\u00a0Group attractif comme employeur. Nous avons h\u00e2te de faire votre connaissance.","robots":{"index":"index","follow":"follow","max-snippet":"max-snippet:-1","max-image-preview":"max-image-preview:large","max-video-preview":"max-video-preview:-1"},"canonical":"https:\/\/haelg.ch\/fr\/travailler-chez-nous\/haelg-group-comme-employeur\/","og_locale":"fr_FR","og_type":"article","og_title":"H\u00e4lg\u00a0Group comme employeur | H\u00e4lg\u00a0Group","og_description":"D\u00e9couvrez ce qui rend H\u00e4lg\u00a0Group attractif comme employeur. Nous avons h\u00e2te de faire votre connaissance.","og_url":"https:\/\/haelg.ch\/fr\/travailler-chez-nous\/haelg-group-comme-employeur\/","og_site_name":"H\u00e4lg Group","article_publisher":"https:\/\/www.facebook.com\/haelg.ch","article_modified_time":"2026-04-24T08:52:28+00:00","og_image":[{"width":2400,"height":2400,"url":"https:\/\/haelg.ch\/app\/uploads\/2025\/04\/haelg-day-2025-haelg-group_2400x2400.jpg","type":"image\/jpeg"}],"twitter_card":"summary_large_image","twitter_misc":{"Dur\u00e9e de lecture estim\u00e9e":"4 minutes"},"schema":{"@context":"https:\/\/schema.org","@graph":[{"@type":"WebPage","@id":"https:\/\/haelg.ch\/fr\/travailler-chez-nous\/haelg-group-comme-employeur\/","url":"https:\/\/haelg.ch\/fr\/travailler-chez-nous\/haelg-group-comme-employeur\/","name":"H\u00e4lg\u00a0Group comme employeur | H\u00e4lg\u00a0Group","isPartOf":{"@id":"https:\/\/haelg.ch\/fr\/#website"},"primaryImageOfPage":{"@id":"https:\/\/haelg.ch\/fr\/travailler-chez-nous\/haelg-group-comme-employeur\/#primaryimage"},"image":{"@id":"https:\/\/haelg.ch\/fr\/travailler-chez-nous\/haelg-group-comme-employeur\/#primaryimage"},"thumbnailUrl":"https:\/\/haelg.ch\/app\/uploads\/2025\/04\/haelg-day-2025-haelg-group_2400x2400-1024x1024.jpg","datePublished":"2024-09-24T09:02:37+00:00","dateModified":"2026-04-24T08:52:28+00:00","description":"D\u00e9couvrez ce qui rend H\u00e4lg\u00a0Group attractif comme employeur. Nous avons h\u00e2te de faire votre connaissance.","breadcrumb":{"@id":"https:\/\/haelg.ch\/fr\/travailler-chez-nous\/haelg-group-comme-employeur\/#breadcrumb"},"inLanguage":"fr-FR","potentialAction":[{"@type":"ReadAction","target":["https:\/\/haelg.ch\/fr\/travailler-chez-nous\/haelg-group-comme-employeur\/"]}]},{"@type":"ImageObject","inLanguage":"fr-FR","@id":"https:\/\/haelg.ch\/fr\/travailler-chez-nous\/haelg-group-comme-employeur\/#primaryimage","url":"https:\/\/haelg.ch\/app\/uploads\/2025\/04\/haelg-day-2025-haelg-group_2400x2400-1024x1024.jpg","contentUrl":"https:\/\/haelg.ch\/app\/uploads\/2025\/04\/haelg-day-2025-haelg-group_2400x2400-1024x1024.jpg"},{"@type":"BreadcrumbList","@id":"https:\/\/haelg.ch\/fr\/travailler-chez-nous\/haelg-group-comme-employeur\/#breadcrumb","itemListElement":[{"@type":"ListItem","position":1,"name":"Accueil","item":"https:\/\/haelg.ch\/fr\/"},{"@type":"ListItem","position":2,"name":"Travailler chez nous","item":"https:\/\/haelg.ch\/fr\/travailler-chez-nous\/"},{"@type":"ListItem","position":3,"name":"H\u00e4lg\u00a0Group comme employeur"}]},{"@type":"WebSite","@id":"https:\/\/haelg.ch\/fr\/#website","url":"https:\/\/haelg.ch\/fr\/","name":"H\u00e4lg Group","description":"","publisher":{"@id":"https:\/\/haelg.ch\/fr\/#organization"},"potentialAction":[{"@type":"SearchAction","target":{"@type":"EntryPoint","urlTemplate":"https:\/\/haelg.ch\/fr\/?s={search_term_string}"},"query-input":{"@type":"PropertyValueSpecification","valueRequired":true,"valueName":"search_term_string"}}],"inLanguage":"fr-FR"},{"@type":"Organization","@id":"https:\/\/haelg.ch\/fr\/#organization","name":"H\u00e4lg Group","url":"https:\/\/haelg.ch\/fr\/","logo":{"@type":"ImageObject","inLanguage":"fr-FR","@id":"https:\/\/haelg.ch\/fr\/#\/schema\/logo\/image\/","url":"https:\/\/haelg.ch\/app\/uploads\/2025\/01\/haelg-group-logo_1800x1200.jpg","contentUrl":"https:\/\/haelg.ch\/app\/uploads\/2025\/01\/haelg-group-logo_1800x1200.jpg","width":1620,"height":1080,"caption":"H\u00e4lg Group"},"image":{"@id":"https:\/\/haelg.ch\/fr\/#\/schema\/logo\/image\/"},"sameAs":["https:\/\/www.facebook.com\/haelg.ch","https:\/\/www.linkedin.com\/company\/haelggroup\/","https:\/\/www.instagram.com\/haelg.group\/","https:\/\/www.youtube.com\/channel\/UCCP6yzfvj3o6gA9J5L0QJCg\/videos","https:\/\/www.kununu.com\/ch\/haelg-group"]}]}},"_links":{"self":[{"href":"https:\/\/haelg.ch\/fr\/wp-json\/wp\/v2\/pages\/51061","targetHints":{"allow":["GET"]}}],"collection":[{"href":"https:\/\/haelg.ch\/fr\/wp-json\/wp\/v2\/pages"}],"about":[{"href":"https:\/\/haelg.ch\/fr\/wp-json\/wp\/v2\/types\/page"}],"author":[{"embeddable":true,"href":"https:\/\/haelg.ch\/fr\/wp-json\/wp\/v2\/users\/1"}],"replies":[{"embeddable":true,"href":"https:\/\/haelg.ch\/fr\/wp-json\/wp\/v2\/comments?post=51061"}],"version-history":[{"count":18,"href":"https:\/\/haelg.ch\/fr\/wp-json\/wp\/v2\/pages\/51061\/revisions"}],"predecessor-version":[{"id":233176,"href":"https:\/\/haelg.ch\/fr\/wp-json\/wp\/v2\/pages\/51061\/revisions\/233176"}],"up":[{"embeddable":true,"href":"https:\/\/haelg.ch\/fr\/wp-json\/wp\/v2\/pages\/51059"}],"wp:attachment":[{"href":"https:\/\/haelg.ch\/fr\/wp-json\/wp\/v2\/media?parent=51061"}],"wp:term":[{"taxonomy":"kategorie","embeddable":true,"href":"https:\/\/haelg.ch\/fr\/wp-json\/wp\/v2\/kategorie?post=51061"},{"taxonomy":"angebot","embeddable":true,"href":"https:\/\/haelg.ch\/fr\/wp-json\/wp\/v2\/angebot?post=51061"}],"curies":[{"name":"wp","href":"https:\/\/api.w.org\/{rel}","templated":true}]}}