{"id":51064,"date":"2024-09-24T11:03:10","date_gmt":"2024-09-24T09:03:10","guid":{"rendered":"https:\/\/dev-relaunch.haelg.ch\/?page_id=51064"},"modified":"2025-06-16T09:36:33","modified_gmt":"2025-06-16T07:36:33","slug":"notre-promesse","status":"publish","type":"page","link":"https:\/\/haelg.ch\/fr\/travailler-chez-nous\/notre-promesse\/","title":{"rendered":"Notre promesse"},"content":{"rendered":"\n<div class=\"wp-block-media-text alignwide is-stacked-on-mobile has-background-color has-secondary-background-color has-text-color has-background has-link-color wp-elements-5a2f8312be30ddd77ed9a06f740b86fd\" style=\"grid-template-columns:60% auto\"><figure class=\"wp-block-media-text__media\"><img decoding=\"async\" width=\"1024\" height=\"1024\" loading=\"lazy\" src=\"https:\/\/haelg.ch\/app\/uploads\/2025\/04\/haelg-hallo-hrau-fr-haelg-group_2400x2400-1024x1024.jpg\" alt=\"Campagne Hello Valeur Hello H\u00e4lg\" class=\"wp-image-81735 size-full\" srcset=\"https:\/\/haelg.ch\/app\/uploads\/2025\/04\/haelg-hallo-hrau-fr-haelg-group_2400x2400-1024x1024.jpg 1024w, https:\/\/haelg.ch\/app\/uploads\/2025\/04\/haelg-hallo-hrau-fr-haelg-group_2400x2400-300x300.jpg 300w, https:\/\/haelg.ch\/app\/uploads\/2025\/04\/haelg-hallo-hrau-fr-haelg-group_2400x2400-150x150.jpg 150w, https:\/\/haelg.ch\/app\/uploads\/2025\/04\/haelg-hallo-hrau-fr-haelg-group_2400x2400-768x768.jpg 768w, https:\/\/haelg.ch\/app\/uploads\/2025\/04\/haelg-hallo-hrau-fr-haelg-group_2400x2400-1536x1536.jpg 1536w, https:\/\/haelg.ch\/app\/uploads\/2025\/04\/haelg-hallo-hrau-fr-haelg-group_2400x2400-2048x2048.jpg 2048w\" sizes=\"auto, (max-width: 1024px) 100vw, 1024px\" \/><\/figure><div class=\"wp-block-media-text__content\"><div class=\"yoast-breadcrumbs\"><span><span><a href=\"https:\/\/haelg.ch\/fr\/\">Accueil<\/a><\/span> <span class=\"separator\"><\/span> <span><a href=\"https:\/\/haelg.ch\/fr\/travailler-chez-nous\/\">Travailler chez nous<\/a><\/span> <span class=\"separator\"><\/span> <span class=\"breadcrumb_last\" aria-current=\"page\">Notre promesse<\/span><\/span><\/div>\n\n\n<h1 class=\"wp-block-heading\">Notre promesse<\/h1>\n\n\n\n<p>Chez H\u00e4lg&nbsp;Group, les meilleurs \u00e9l\u00e9ments du secteur travaillent ensemble comme \u00e9quipe pour r\u00e9aliser de grandes choses et modeler un avenir responsable, tourn\u00e9 vers le progr\u00e8s. En tant qu&rsquo;entreprise familiale prosp\u00e8re, nous offrons un environnement de travail o\u00f9 le personnel peut s&rsquo;impliquer et o\u00f9 chaque voix compte.<\/p>\n\n\n\n<div class=\"wp-block-buttons is-layout-flex wp-block-buttons-is-layout-flex\">\n<div class=\"wp-block-button is-style-outline is-style-outline--1\"><a class=\"wp-block-button__link wp-element-button\" href=\"https:\/\/haelg.ch\/fr\/travailler-chez-nous\/haelg-group-comme-employeur\/\">En savoir plus sur nous comme employeur<\/a><\/div>\n\n\n\n<div class=\"wp-block-button is-style-outline is-style-outline--2\"><a class=\"wp-block-button__link wp-element-button\" href=\"https:\/\/haelg.ch\/fr\/travailler-chez-nous\/postes-vacants\/\">Postes vacants<\/a><\/div>\n<\/div>\n<\/div><\/div>\n\n\n\n<div class=\"wp-block-group is-layout-constrained wp-block-group-is-layout-constrained\">\n<h2 class=\"wp-block-heading has-text-align-center\">Notre promesse d&#8217;employeur<\/h2>\n\n\n\n<div class=\"wp-block-group is-style-narrow-6-12 is-layout-constrained wp-block-group-is-layout-constrained\">\n<p class=\"has-text-align-center\">Agir de fa\u00e7on responsable, \u00eatre fier de nos succ\u00e8s, faire preuve de professionnalisme et fa\u00e7onner l&rsquo;avenir avec un esprit ouvert.<\/p>\n<\/div>\n\n\n\n<div class=\"wp-block-group is-style-col-3 is-nowrap is-layout-flex wp-container-core-group-is-layout-6c531013 wp-block-group-is-layout-flex\">\n<div class=\"wp-block-media-text is-stacked-on-mobile is-style-stacked button-force-down has-lightgray-background-color has-background\"><figure class=\"wp-block-media-text__media\"><img decoding=\"async\" width=\"1024\" height=\"683\" loading=\"lazy\" loading=\"lazy\" loading=\"lazy\" src=\"https:\/\/haelg.ch\/app\/uploads\/2025\/06\/Haelg_Hello_Wertvoll_1800x1200px-1024x683.jpg\" alt=\"Hello Valeur\" class=\"wp-image-105334 size-full\" srcset=\"https:\/\/haelg.ch\/app\/uploads\/2025\/06\/Haelg_Hello_Wertvoll_1800x1200px-1024x683.jpg 1024w, https:\/\/haelg.ch\/app\/uploads\/2025\/06\/Haelg_Hello_Wertvoll_1800x1200px-300x200.jpg 300w, https:\/\/haelg.ch\/app\/uploads\/2025\/06\/Haelg_Hello_Wertvoll_1800x1200px-768x512.jpg 768w, https:\/\/haelg.ch\/app\/uploads\/2025\/06\/Haelg_Hello_Wertvoll_1800x1200px-1536x1024.jpg 1536w, https:\/\/haelg.ch\/app\/uploads\/2025\/06\/Haelg_Hello_Wertvoll_1800x1200px.jpg 1800w\" sizes=\"auto, (max-width: 1024px) 100vw, 1024px\" \/><\/figure><div class=\"wp-block-media-text__content\">\n<h3 class=\"wp-block-heading\">Responsable<\/h3>\n\n\n\n<p>Nous sommes un employeur responsable qui vit l&rsquo;estime, la sinc\u00e9rit\u00e9, l&rsquo;h\u00f4nnet\u00e9 et le respect. Notre coh\u00e9sion et notre pragmatisme cr\u00e9ent un environnement o\u00f9 la loyaut\u00e9 et le soutien coulent de source.<\/p>\n<\/div><\/div>\n\n\n\n<div class=\"wp-block-media-text is-stacked-on-mobile is-style-stacked button-force-down has-lightgray-background-color has-background\"><figure class=\"wp-block-media-text__media\"><img decoding=\"async\" width=\"1024\" height=\"683\" loading=\"lazy\" loading=\"lazy\" loading=\"lazy\" src=\"https:\/\/haelg.ch\/app\/uploads\/2025\/06\/Haelg_Hello_Power_1800x1200px-1024x683.jpg\" alt=\"Hello Power\" class=\"wp-image-105332 size-full\" srcset=\"https:\/\/haelg.ch\/app\/uploads\/2025\/06\/Haelg_Hello_Power_1800x1200px-1024x683.jpg 1024w, https:\/\/haelg.ch\/app\/uploads\/2025\/06\/Haelg_Hello_Power_1800x1200px-300x200.jpg 300w, https:\/\/haelg.ch\/app\/uploads\/2025\/06\/Haelg_Hello_Power_1800x1200px-768x512.jpg 768w, https:\/\/haelg.ch\/app\/uploads\/2025\/06\/Haelg_Hello_Power_1800x1200px-1536x1024.jpg 1536w, https:\/\/haelg.ch\/app\/uploads\/2025\/06\/Haelg_Hello_Power_1800x1200px.jpg 1800w\" sizes=\"auto, (max-width: 1024px) 100vw, 1024px\" \/><\/figure><div class=\"wp-block-media-text__content\">\n<h3 class=\"wp-block-heading\">Fiert\u00e9<\/h3>\n\n\n\n<p>En tant qu&rsquo;entreprise leader dot\u00e9e d&rsquo;une excellente r\u00e9putation, nous \u00e9tablissons de nouvelles r\u00e9f\u00e9rences. Notre succ\u00e8s repose sur la passion et l&rsquo;engagement, deux valeurs qui font de nous non seulement un partenaire privil\u00e9gi\u00e9, mais aussi l&rsquo;un des employeurs les plus recommand\u00e9s.<\/p>\n<\/div><\/div>\n\n\n\n<div class=\"wp-block-media-text is-stacked-on-mobile is-style-stacked button-force-down has-lightgray-background-color has-background\"><figure class=\"wp-block-media-text__media\"><img decoding=\"async\" width=\"1024\" height=\"683\" loading=\"lazy\" loading=\"lazy\" loading=\"lazy\" src=\"https:\/\/haelg.ch\/app\/uploads\/2025\/06\/Haelg_Hello_Leidenschaft_1800x1200px-1024x683.jpg\" alt=\"Hello Passion\" class=\"wp-image-105328 size-full\" srcset=\"https:\/\/haelg.ch\/app\/uploads\/2025\/06\/Haelg_Hello_Leidenschaft_1800x1200px-1024x683.jpg 1024w, https:\/\/haelg.ch\/app\/uploads\/2025\/06\/Haelg_Hello_Leidenschaft_1800x1200px-300x200.jpg 300w, https:\/\/haelg.ch\/app\/uploads\/2025\/06\/Haelg_Hello_Leidenschaft_1800x1200px-768x512.jpg 768w, https:\/\/haelg.ch\/app\/uploads\/2025\/06\/Haelg_Hello_Leidenschaft_1800x1200px-1536x1024.jpg 1536w, https:\/\/haelg.ch\/app\/uploads\/2025\/06\/Haelg_Hello_Leidenschaft_1800x1200px.jpg 1800w\" sizes=\"auto, (max-width: 1024px) 100vw, 1024px\" \/><\/figure><div class=\"wp-block-media-text__content\">\n<h3 class=\"wp-block-heading\">Professionnalisme<\/h3>\n\n\n\n<p>Nous sommes un employeur r\u00e9put\u00e9 pour son professionnalisme, sa comp\u00e9tence, sa fiabilit\u00e9 et son souci de la qualit\u00e9. Notre aspiration \u00e0 l&rsquo;excellence cr\u00e9e un environnement bas\u00e9 sur la confiance o\u00f9 notre \u00e9quipe peut s&rsquo;\u00e9panouir pleinement et o\u00f9 nous obtenons ensemble des r\u00e9sultats exceptionnels.<\/p>\n<\/div><\/div>\n\n\n\n<div class=\"wp-block-media-text is-stacked-on-mobile is-style-stacked button-force-down has-lightgray-background-color has-background\"><figure class=\"wp-block-media-text__media\"><img decoding=\"async\" width=\"1024\" height=\"683\" loading=\"lazy\" loading=\"lazy\" loading=\"lazy\" src=\"https:\/\/haelg.ch\/app\/uploads\/2025\/06\/Haelg_Hello_Neugier_1800x1200px-1024x683.jpg\" alt=\"Hello Curiosit\u00e9\" class=\"wp-image-105330 size-full\" srcset=\"https:\/\/haelg.ch\/app\/uploads\/2025\/06\/Haelg_Hello_Neugier_1800x1200px-1024x683.jpg 1024w, https:\/\/haelg.ch\/app\/uploads\/2025\/06\/Haelg_Hello_Neugier_1800x1200px-300x200.jpg 300w, https:\/\/haelg.ch\/app\/uploads\/2025\/06\/Haelg_Hello_Neugier_1800x1200px-768x512.jpg 768w, https:\/\/haelg.ch\/app\/uploads\/2025\/06\/Haelg_Hello_Neugier_1800x1200px-1536x1024.jpg 1536w, https:\/\/haelg.ch\/app\/uploads\/2025\/06\/Haelg_Hello_Neugier_1800x1200px.jpg 1800w\" sizes=\"auto, (max-width: 1024px) 100vw, 1024px\" \/><\/figure><div class=\"wp-block-media-text__content\">\n<h3 class=\"wp-block-heading\">Ouvert<\/h3>\n\n\n\n<p>Notre ouverture d&rsquo;esprit est notre moteur: avec une curiosit\u00e9 d&rsquo;esprit, de l&rsquo;engagement et un regard tourn\u00e9 vers l&rsquo;avenir, nous \u00e9tablissons un environnement qui permet des solutions modernes et favorise les changements. Ensemble, nous fa\u00e7onnons un avenir flexible o\u00f9 les id\u00e9es sont bienvenues et o\u00f9 le progr\u00e8s est v\u00e9cu.<\/p>\n<\/div><\/div>\n<\/div>\n<\/div>\n\n\n\n<div class=\"wp-block-media-text has-media-on-the-right is-stacked-on-mobile is-image-fill-element has-background-color has-secondary-background-color has-text-color has-background has-link-color wp-elements-5a3c0181e71f9f252be00f2c28494635\"><div class=\"wp-block-media-text__content\">\n<h2 class=\"wp-block-heading\">En savoir plus sur H\u00e4lg&nbsp;Group<\/h2>\n\n\n\n<div class=\"wp-block-buttons is-style-list is-layout-flex wp-block-buttons-is-layout-flex\">\n<div class=\"wp-block-button\"><a class=\"wp-block-button__link wp-element-button\" href=\"https:\/\/haelg.ch\/fr\/travailler-chez-nous\/haelg-group-comme-employeur\/avantages\/\">Autres avantages de H\u00e4lg Group<\/a><\/div>\n\n\n\n<div class=\"wp-block-button is-style-outline is-style-outline--3\"><a class=\"wp-block-button__link wp-element-button\" href=\"https:\/\/haelg.ch\/fr\/travailler-chez-nous\/haelg-group-comme-employeur\/\">H\u00e4lg&nbsp;Group comme employeur<\/a><\/div>\n\n\n\n<div class=\"wp-block-button is-style-outline is-style-outline--4\"><a class=\"wp-block-button__link wp-element-button\" href=\"https:\/\/haelg.ch\/fr\/travailler-chez-nous\/postes-vacants\/\">Postes vacants<\/a><\/div>\n\n\n\n<div class=\"wp-block-button\"><a class=\"wp-block-button__link wp-element-button\" href=\"https:\/\/haelg.ch\/fr\/travailler-chez-nous\/apprentissage-chez-nous\/\">Apprentissage chez nous<\/a><\/div>\n<\/div>\n<\/div><figure class=\"wp-block-media-text__media\"><img decoding=\"async\" width=\"1024\" height=\"768\" loading=\"lazy\" src=\"https:\/\/haelg.ch\/app\/uploads\/2024\/12\/haelg-what-else-haelg-group_1600x1200-1-1024x768.jpg\" alt=\"H\u00e4lg, what else.\" class=\"wp-image-50811 size-full\" style=\"object-position:50% 50%\" srcset=\"https:\/\/haelg.ch\/app\/uploads\/2024\/12\/haelg-what-else-haelg-group_1600x1200-1-1024x768.jpg 1024w, https:\/\/haelg.ch\/app\/uploads\/2024\/12\/haelg-what-else-haelg-group_1600x1200-1-300x225.jpg 300w, https:\/\/haelg.ch\/app\/uploads\/2024\/12\/haelg-what-else-haelg-group_1600x1200-1-768x576.jpg 768w, https:\/\/haelg.ch\/app\/uploads\/2024\/12\/haelg-what-else-haelg-group_1600x1200-1-1536x1152.jpg 1536w, https:\/\/haelg.ch\/app\/uploads\/2024\/12\/haelg-what-else-haelg-group_1600x1200-1.jpg 1600w\" sizes=\"auto, (max-width: 1024px) 100vw, 1024px\" \/><\/figure><\/div>\n\n\n\n<p><\/p>\n","protected":false},"excerpt":{"rendered":"<p>Notre promesse d&#8217;employeur Agir de fa\u00e7on responsable, \u00eatre fier de nos succ\u00e8s, faire preuve de professionnalisme et fa\u00e7onner l&rsquo;avenir avec un esprit ouvert. Responsable Nous sommes un employeur responsable qui vit l&rsquo;estime, la sinc\u00e9rit\u00e9, l&rsquo;h\u00f4nnet\u00e9 et le respect. Notre coh\u00e9sion et notre pragmatisme cr\u00e9ent un environnement o\u00f9 la loyaut\u00e9 et le soutien coulent de source. [&hellip;]<\/p>\n","protected":false},"author":1,"featured_media":0,"parent":51059,"menu_order":215,"comment_status":"closed","ping_status":"closed","template":"","meta":{"_acf_changed":false,"inline_featured_image":false,"footnotes":""},"kategorie":[],"angebot":[],"class_list":["post-51064","page","type-page","status-publish","hentry"],"acf":[],"yoast_head":"<!-- This site is optimized with the Yoast SEO plugin v27.3 - https:\/\/yoast.com\/product\/yoast-seo-wordpress\/ -->\n<title>Notre promesse | H\u00e4lg\u00a0Group<\/title>\n<meta name=\"description\" content=\"Notre promesse en tant qu&#039;employeur s&#039;appuie sur les valeurs qui nous d\u00e9finissent comme entreprise et comme \u00e9quipe. En savoir plus sur notre promesse.\" \/>\n<meta name=\"robots\" content=\"index, follow, max-snippet:-1, max-image-preview:large, max-video-preview:-1\" \/>\n<link rel=\"canonical\" href=\"https:\/\/haelg.ch\/fr\/travailler-chez-nous\/notre-promesse\/\" \/>\n<meta property=\"og:locale\" content=\"fr_FR\" \/>\n<meta property=\"og:type\" content=\"article\" \/>\n<meta property=\"og:title\" content=\"Notre promesse | H\u00e4lg\u00a0Group\" \/>\n<meta property=\"og:description\" content=\"Notre promesse en tant qu&#039;employeur s&#039;appuie sur les valeurs qui nous d\u00e9finissent comme entreprise et comme \u00e9quipe. En savoir plus sur notre promesse.\" \/>\n<meta property=\"og:url\" content=\"https:\/\/haelg.ch\/fr\/travailler-chez-nous\/notre-promesse\/\" \/>\n<meta property=\"og:site_name\" content=\"H\u00e4lg Group\" \/>\n<meta property=\"article:publisher\" content=\"https:\/\/www.facebook.com\/haelg.ch\" \/>\n<meta property=\"article:modified_time\" content=\"2025-06-16T07:36:33+00:00\" \/>\n<meta property=\"og:image\" content=\"https:\/\/haelg.ch\/app\/uploads\/2025\/04\/haelg-hallo-hrau-fr-haelg-group_2400x2400-1024x1024.jpg\" \/>\n\t<meta property=\"og:image:width\" content=\"1024\" \/>\n\t<meta property=\"og:image:height\" content=\"1024\" \/>\n\t<meta property=\"og:image:type\" content=\"image\/jpeg\" \/>\n<meta name=\"twitter:card\" content=\"summary_large_image\" \/>\n<meta name=\"twitter:label1\" content=\"Dur\u00e9e de lecture estim\u00e9e\" \/>\n\t<meta name=\"twitter:data1\" content=\"3 minutes\" \/>\n<script type=\"application\/ld+json\" class=\"yoast-schema-graph\">{\"@context\":\"https:\\\/\\\/schema.org\",\"@graph\":[{\"@type\":\"WebPage\",\"@id\":\"https:\\\/\\\/haelg.ch\\\/fr\\\/travailler-chez-nous\\\/notre-promesse\\\/\",\"url\":\"https:\\\/\\\/haelg.ch\\\/fr\\\/travailler-chez-nous\\\/notre-promesse\\\/\",\"name\":\"Notre promesse | H\u00e4lg\u00a0Group\",\"isPartOf\":{\"@id\":\"https:\\\/\\\/haelg.ch\\\/fr\\\/#website\"},\"primaryImageOfPage\":{\"@id\":\"https:\\\/\\\/haelg.ch\\\/fr\\\/travailler-chez-nous\\\/notre-promesse\\\/#primaryimage\"},\"image\":{\"@id\":\"https:\\\/\\\/haelg.ch\\\/fr\\\/travailler-chez-nous\\\/notre-promesse\\\/#primaryimage\"},\"thumbnailUrl\":\"https:\\\/\\\/haelg.ch\\\/app\\\/uploads\\\/2025\\\/04\\\/haelg-hallo-hrau-fr-haelg-group_2400x2400-1024x1024.jpg\",\"datePublished\":\"2024-09-24T09:03:10+00:00\",\"dateModified\":\"2025-06-16T07:36:33+00:00\",\"description\":\"Notre promesse en tant qu'employeur s'appuie sur les valeurs qui nous d\u00e9finissent comme entreprise et comme \u00e9quipe. En savoir plus sur notre promesse.\",\"breadcrumb\":{\"@id\":\"https:\\\/\\\/haelg.ch\\\/fr\\\/travailler-chez-nous\\\/notre-promesse\\\/#breadcrumb\"},\"inLanguage\":\"fr-FR\",\"potentialAction\":[{\"@type\":\"ReadAction\",\"target\":[\"https:\\\/\\\/haelg.ch\\\/fr\\\/travailler-chez-nous\\\/notre-promesse\\\/\"]}]},{\"@type\":\"ImageObject\",\"inLanguage\":\"fr-FR\",\"@id\":\"https:\\\/\\\/haelg.ch\\\/fr\\\/travailler-chez-nous\\\/notre-promesse\\\/#primaryimage\",\"url\":\"https:\\\/\\\/haelg.ch\\\/app\\\/uploads\\\/2025\\\/04\\\/haelg-hallo-hrau-fr-haelg-group_2400x2400-1024x1024.jpg\",\"contentUrl\":\"https:\\\/\\\/haelg.ch\\\/app\\\/uploads\\\/2025\\\/04\\\/haelg-hallo-hrau-fr-haelg-group_2400x2400-1024x1024.jpg\"},{\"@type\":\"BreadcrumbList\",\"@id\":\"https:\\\/\\\/haelg.ch\\\/fr\\\/travailler-chez-nous\\\/notre-promesse\\\/#breadcrumb\",\"itemListElement\":[{\"@type\":\"ListItem\",\"position\":1,\"name\":\"Accueil\",\"item\":\"https:\\\/\\\/haelg.ch\\\/fr\\\/\"},{\"@type\":\"ListItem\",\"position\":2,\"name\":\"Travailler chez nous\",\"item\":\"https:\\\/\\\/haelg.ch\\\/fr\\\/travailler-chez-nous\\\/\"},{\"@type\":\"ListItem\",\"position\":3,\"name\":\"Notre promesse\"}]},{\"@type\":\"WebSite\",\"@id\":\"https:\\\/\\\/haelg.ch\\\/fr\\\/#website\",\"url\":\"https:\\\/\\\/haelg.ch\\\/fr\\\/\",\"name\":\"H\u00e4lg Group\",\"description\":\"\",\"publisher\":{\"@id\":\"https:\\\/\\\/haelg.ch\\\/fr\\\/#organization\"},\"potentialAction\":[{\"@type\":\"SearchAction\",\"target\":{\"@type\":\"EntryPoint\",\"urlTemplate\":\"https:\\\/\\\/haelg.ch\\\/fr\\\/?s={search_term_string}\"},\"query-input\":{\"@type\":\"PropertyValueSpecification\",\"valueRequired\":true,\"valueName\":\"search_term_string\"}}],\"inLanguage\":\"fr-FR\"},{\"@type\":\"Organization\",\"@id\":\"https:\\\/\\\/haelg.ch\\\/fr\\\/#organization\",\"name\":\"H\u00e4lg Group\",\"url\":\"https:\\\/\\\/haelg.ch\\\/fr\\\/\",\"logo\":{\"@type\":\"ImageObject\",\"inLanguage\":\"fr-FR\",\"@id\":\"https:\\\/\\\/haelg.ch\\\/fr\\\/#\\\/schema\\\/logo\\\/image\\\/\",\"url\":\"https:\\\/\\\/haelg.ch\\\/app\\\/uploads\\\/2025\\\/01\\\/haelg-group-logo_1800x1200.jpg\",\"contentUrl\":\"https:\\\/\\\/haelg.ch\\\/app\\\/uploads\\\/2025\\\/01\\\/haelg-group-logo_1800x1200.jpg\",\"width\":1620,\"height\":1080,\"caption\":\"H\u00e4lg Group\"},\"image\":{\"@id\":\"https:\\\/\\\/haelg.ch\\\/fr\\\/#\\\/schema\\\/logo\\\/image\\\/\"},\"sameAs\":[\"https:\\\/\\\/www.facebook.com\\\/haelg.ch\",\"https:\\\/\\\/www.linkedin.com\\\/company\\\/haelggroup\\\/\",\"https:\\\/\\\/www.instagram.com\\\/haelg.group\\\/\",\"https:\\\/\\\/www.youtube.com\\\/channel\\\/UCCP6yzfvj3o6gA9J5L0QJCg\\\/videos\",\"https:\\\/\\\/www.kununu.com\\\/ch\\\/haelg-group\"]}]}<\/script>\n<!-- \/ Yoast SEO plugin. -->","yoast_head_json":{"title":"Notre promesse | H\u00e4lg\u00a0Group","description":"Notre promesse en tant qu'employeur s'appuie sur les valeurs qui nous d\u00e9finissent comme entreprise et comme \u00e9quipe. En savoir plus sur notre promesse.","robots":{"index":"index","follow":"follow","max-snippet":"max-snippet:-1","max-image-preview":"max-image-preview:large","max-video-preview":"max-video-preview:-1"},"canonical":"https:\/\/haelg.ch\/fr\/travailler-chez-nous\/notre-promesse\/","og_locale":"fr_FR","og_type":"article","og_title":"Notre promesse | H\u00e4lg\u00a0Group","og_description":"Notre promesse en tant qu'employeur s'appuie sur les valeurs qui nous d\u00e9finissent comme entreprise et comme \u00e9quipe. En savoir plus sur notre promesse.","og_url":"https:\/\/haelg.ch\/fr\/travailler-chez-nous\/notre-promesse\/","og_site_name":"H\u00e4lg Group","article_publisher":"https:\/\/www.facebook.com\/haelg.ch","article_modified_time":"2025-06-16T07:36:33+00:00","og_image":[{"width":1024,"height":1024,"url":"https:\/\/haelg.ch\/app\/uploads\/2025\/04\/haelg-hallo-hrau-fr-haelg-group_2400x2400-1024x1024.jpg","type":"image\/jpeg"}],"twitter_card":"summary_large_image","twitter_misc":{"Dur\u00e9e de lecture estim\u00e9e":"3 minutes"},"schema":{"@context":"https:\/\/schema.org","@graph":[{"@type":"WebPage","@id":"https:\/\/haelg.ch\/fr\/travailler-chez-nous\/notre-promesse\/","url":"https:\/\/haelg.ch\/fr\/travailler-chez-nous\/notre-promesse\/","name":"Notre promesse | H\u00e4lg\u00a0Group","isPartOf":{"@id":"https:\/\/haelg.ch\/fr\/#website"},"primaryImageOfPage":{"@id":"https:\/\/haelg.ch\/fr\/travailler-chez-nous\/notre-promesse\/#primaryimage"},"image":{"@id":"https:\/\/haelg.ch\/fr\/travailler-chez-nous\/notre-promesse\/#primaryimage"},"thumbnailUrl":"https:\/\/haelg.ch\/app\/uploads\/2025\/04\/haelg-hallo-hrau-fr-haelg-group_2400x2400-1024x1024.jpg","datePublished":"2024-09-24T09:03:10+00:00","dateModified":"2025-06-16T07:36:33+00:00","description":"Notre promesse en tant qu'employeur s'appuie sur les valeurs qui nous d\u00e9finissent comme entreprise et comme \u00e9quipe. En savoir plus sur notre promesse.","breadcrumb":{"@id":"https:\/\/haelg.ch\/fr\/travailler-chez-nous\/notre-promesse\/#breadcrumb"},"inLanguage":"fr-FR","potentialAction":[{"@type":"ReadAction","target":["https:\/\/haelg.ch\/fr\/travailler-chez-nous\/notre-promesse\/"]}]},{"@type":"ImageObject","inLanguage":"fr-FR","@id":"https:\/\/haelg.ch\/fr\/travailler-chez-nous\/notre-promesse\/#primaryimage","url":"https:\/\/haelg.ch\/app\/uploads\/2025\/04\/haelg-hallo-hrau-fr-haelg-group_2400x2400-1024x1024.jpg","contentUrl":"https:\/\/haelg.ch\/app\/uploads\/2025\/04\/haelg-hallo-hrau-fr-haelg-group_2400x2400-1024x1024.jpg"},{"@type":"BreadcrumbList","@id":"https:\/\/haelg.ch\/fr\/travailler-chez-nous\/notre-promesse\/#breadcrumb","itemListElement":[{"@type":"ListItem","position":1,"name":"Accueil","item":"https:\/\/haelg.ch\/fr\/"},{"@type":"ListItem","position":2,"name":"Travailler chez nous","item":"https:\/\/haelg.ch\/fr\/travailler-chez-nous\/"},{"@type":"ListItem","position":3,"name":"Notre promesse"}]},{"@type":"WebSite","@id":"https:\/\/haelg.ch\/fr\/#website","url":"https:\/\/haelg.ch\/fr\/","name":"H\u00e4lg Group","description":"","publisher":{"@id":"https:\/\/haelg.ch\/fr\/#organization"},"potentialAction":[{"@type":"SearchAction","target":{"@type":"EntryPoint","urlTemplate":"https:\/\/haelg.ch\/fr\/?s={search_term_string}"},"query-input":{"@type":"PropertyValueSpecification","valueRequired":true,"valueName":"search_term_string"}}],"inLanguage":"fr-FR"},{"@type":"Organization","@id":"https:\/\/haelg.ch\/fr\/#organization","name":"H\u00e4lg Group","url":"https:\/\/haelg.ch\/fr\/","logo":{"@type":"ImageObject","inLanguage":"fr-FR","@id":"https:\/\/haelg.ch\/fr\/#\/schema\/logo\/image\/","url":"https:\/\/haelg.ch\/app\/uploads\/2025\/01\/haelg-group-logo_1800x1200.jpg","contentUrl":"https:\/\/haelg.ch\/app\/uploads\/2025\/01\/haelg-group-logo_1800x1200.jpg","width":1620,"height":1080,"caption":"H\u00e4lg Group"},"image":{"@id":"https:\/\/haelg.ch\/fr\/#\/schema\/logo\/image\/"},"sameAs":["https:\/\/www.facebook.com\/haelg.ch","https:\/\/www.linkedin.com\/company\/haelggroup\/","https:\/\/www.instagram.com\/haelg.group\/","https:\/\/www.youtube.com\/channel\/UCCP6yzfvj3o6gA9J5L0QJCg\/videos","https:\/\/www.kununu.com\/ch\/haelg-group"]}]}},"_links":{"self":[{"href":"https:\/\/haelg.ch\/fr\/wp-json\/wp\/v2\/pages\/51064","targetHints":{"allow":["GET"]}}],"collection":[{"href":"https:\/\/haelg.ch\/fr\/wp-json\/wp\/v2\/pages"}],"about":[{"href":"https:\/\/haelg.ch\/fr\/wp-json\/wp\/v2\/types\/page"}],"author":[{"embeddable":true,"href":"https:\/\/haelg.ch\/fr\/wp-json\/wp\/v2\/users\/1"}],"replies":[{"embeddable":true,"href":"https:\/\/haelg.ch\/fr\/wp-json\/wp\/v2\/comments?post=51064"}],"version-history":[{"count":17,"href":"https:\/\/haelg.ch\/fr\/wp-json\/wp\/v2\/pages\/51064\/revisions"}],"predecessor-version":[{"id":105343,"href":"https:\/\/haelg.ch\/fr\/wp-json\/wp\/v2\/pages\/51064\/revisions\/105343"}],"up":[{"embeddable":true,"href":"https:\/\/haelg.ch\/fr\/wp-json\/wp\/v2\/pages\/51059"}],"wp:attachment":[{"href":"https:\/\/haelg.ch\/fr\/wp-json\/wp\/v2\/media?parent=51064"}],"wp:term":[{"taxonomy":"kategorie","embeddable":true,"href":"https:\/\/haelg.ch\/fr\/wp-json\/wp\/v2\/kategorie?post=51064"},{"taxonomy":"angebot","embeddable":true,"href":"https:\/\/haelg.ch\/fr\/wp-json\/wp\/v2\/angebot?post=51064"}],"curies":[{"name":"wp","href":"https:\/\/api.w.org\/{rel}","templated":true}]}}