{"id":51072,"date":"2024-09-24T11:08:38","date_gmt":"2024-09-24T09:08:38","guid":{"rendered":"https:\/\/dev-relaunch.haelg.ch\/?page_id=51072"},"modified":"2026-01-29T16:22:15","modified_gmt":"2026-01-29T15:22:15","slug":"nous-vivons-la-responsabilite","status":"publish","type":"page","link":"https:\/\/haelg.ch\/fr\/entreprise\/nous-vivons-la-responsabilite\/","title":{"rendered":"Nous vivons la responsabilit\u00e9"},"content":{"rendered":"\n<div class=\"wp-block-media-text alignwide is-stacked-on-mobile autoplay has-background-color has-secondary-background-color has-text-color has-background has-link-color wp-elements-cf715c62134719185d79f95e2f638e5b\" style=\"grid-template-columns:60% auto\"><figure class=\"wp-block-media-text__media\"><img decoding=\"async\" width=\"1024\" height=\"1024\" loading=\"lazy\" src=\"https:\/\/haelg.ch\/app\/uploads\/2024\/11\/100-jahr-jubilaeum-haelg-group-gruppenfoto_2400x2400-1024x1024.jpg\" alt=\"La f\u00eate comm\u00e9morative des 100\u00a0ans de H\u00e4lg\u00a0Group avec l'ensemble du personnel.\" class=\"wp-image-47672 size-full\" srcset=\"https:\/\/haelg.ch\/app\/uploads\/2024\/11\/100-jahr-jubilaeum-haelg-group-gruppenfoto_2400x2400-1024x1024.jpg 1024w, https:\/\/haelg.ch\/app\/uploads\/2024\/11\/100-jahr-jubilaeum-haelg-group-gruppenfoto_2400x2400-300x300.jpg 300w, https:\/\/haelg.ch\/app\/uploads\/2024\/11\/100-jahr-jubilaeum-haelg-group-gruppenfoto_2400x2400-150x150.jpg 150w, https:\/\/haelg.ch\/app\/uploads\/2024\/11\/100-jahr-jubilaeum-haelg-group-gruppenfoto_2400x2400-768x768.jpg 768w, https:\/\/haelg.ch\/app\/uploads\/2024\/11\/100-jahr-jubilaeum-haelg-group-gruppenfoto_2400x2400-1536x1536.jpg 1536w, https:\/\/haelg.ch\/app\/uploads\/2024\/11\/100-jahr-jubilaeum-haelg-group-gruppenfoto_2400x2400-2048x2048.jpg 2048w\" sizes=\"auto, (max-width: 1024px) 100vw, 1024px\" \/><\/figure><div class=\"wp-block-media-text__content\"><div class=\"yoast-breadcrumbs\"><span><span><a href=\"https:\/\/haelg.ch\/fr\/\">Accueil<\/a><\/span> <span class=\"separator\"><\/span> <span><a href=\"https:\/\/haelg.ch\/fr\/entreprise\/\">H\u00e4lg\u00a0Group<\/a><\/span> <span class=\"separator\"><\/span> <span class=\"breadcrumb_last\" aria-current=\"page\">Nous vivons la responsabilit\u00e9<\/span><\/span><\/div>\n\n\n<h1 class=\"wp-block-heading\">Action responsable depuis 1922<\/h1>\n\n\n\n<p>Notre longue p\u00e9riode d&rsquo;activit\u00e9 t\u00e9moigne de nos solides bases et de notre d\u00e9veloppement durable. L&rsquo;action responsable et la gestion durable sont des valeurs inscrites dans les g\u00e8nes de notre entreprise familiale.<\/p>\n\n\n\n<div class=\"wp-block-buttons is-layout-flex wp-block-buttons-is-layout-flex\">\n<div class=\"wp-block-button is-style-outline is-style-outline--1\"><a class=\"wp-block-button__link wp-element-button\" href=\"https:\/\/haelg.ch\/fr\/entreprise\/\">En savoir plus sur H\u00e4lg&nbsp;Group<\/a><\/div>\n\n\n\n<div class=\"wp-block-button is-style-outline is-style-outline--2\"><a class=\"wp-block-button__link wp-element-button\" href=\"https:\/\/haelg.ch\/app\/uploads\/2025\/01\/Nachhaltigkeitsbericht_2023_FR.pdf\" target=\"_blank\" rel=\"noreferrer noopener\">Rapport sur la durabilit\u00e9<\/a><\/div>\n<\/div>\n<\/div><\/div>\n\n\n\n<div class=\"wp-block-group alignfull has-lightgray-background-color has-background is-layout-constrained wp-block-group-is-layout-constrained\">\n<div class=\"wp-block-group is-style-narrow-10-12 is-layout-constrained wp-block-group-is-layout-constrained\">\n<h2 class=\"wp-block-heading has-text-align-center\">Nous vivons la responsabilit\u00e9<\/h2>\n\n\n\n<p class=\"has-text-align-center\">L&rsquo;entreprise Ferdinand H\u00e4lg Zentralheizungsfabrik a \u00e9t\u00e9 fond\u00e9e \u00e0 St-Gall en 1922. Cette soci\u00e9t\u00e9 individuelle est devenue H\u00e4lg&nbsp;Group, qui emploie aujourd&rsquo;hui plus de 1000&nbsp;personnes. Rest\u00e9e familiale, l&rsquo;entreprise est actuellement dirig\u00e9e par la quatri\u00e8me g\u00e9n\u00e9ration.<\/p>\n\n\n\n<figure class=\"wp-block-embed is-type-video is-provider-youtube wp-block-embed-youtube wp-embed-aspect-16-9 wp-has-aspect-ratio\"><div class=\"wp-block-embed__wrapper\">\n<iframe loading=\"lazy\" title=\"Roger &amp; Marcel \/\/ Propri\u00e9taires du H\u00e4lg Group\" width=\"500\" height=\"281\" src=\"https:\/\/www.youtube.com\/embed\/PY63QN2Hf0o?start=2&#038;feature=oembed\" frameborder=\"0\" allow=\"accelerometer; autoplay; clipboard-write; encrypted-media; gyroscope; picture-in-picture; web-share\" referrerpolicy=\"strict-origin-when-cross-origin\" allowfullscreen><\/iframe>\n<\/div><\/figure>\n\n\n\n<p class=\"has-text-align-center\">Marcel &amp; Roger Baumer donnent un aper\u00e7u personnel des valeurs qui animent H\u00e4lg&nbsp;Group depuis quatre g\u00e9n\u00e9rations.<\/p>\n<\/div>\n<\/div>\n\n\n\n<div class=\"wp-block-media-text has-media-on-the-right is-stacked-on-mobile is-image-fill-element has-lightgray-background-color has-background\"><div class=\"wp-block-media-text__content\">\n<h2 class=\"wp-block-heading\">Chez nous, la durabilit\u00e9 signifie<\/h2>\n\n\n\n<ul class=\"wp-block-list\">\n<li class=\"is-style-check\">Diriger l&rsquo;entreprise de fa\u00e7on \u00e0 assurer un avenir agr\u00e9able \u00e0 nos petits-enfants.<\/li>\n\n\n\n<li class=\"is-style-check\">Jeter les bases d&rsquo;un d\u00e9veloppement durable gr\u00e2ce \u00e0 notre ind\u00e9pendance \u00e9conomique.<\/li>\n\n\n\n<li class=\"is-style-check\">Investir en continu dans nos ressources humaines, qui constituent la cl\u00e9 de notre succ\u00e8s.<\/li>\n\n\n\n<li class=\"is-style-check\">Assumer la responsabilit\u00e9 de b\u00e2timents et d&rsquo;aires \u00e9nerg\u00e9tiquement efficaces avec des solutions porteuses.<\/li>\n\n\n\n<li class=\"is-style-check\">M\u00e9nager les ressources naturelles et investir dans des v\u00e9hicules \u00e0 faibles \u00e9missions.<\/li>\n<\/ul>\n<\/div><figure class=\"wp-block-media-text__media\"><img decoding=\"async\" width=\"1024\" height=\"768\" loading=\"lazy\" src=\"https:\/\/haelg.ch\/app\/uploads\/2024\/11\/haelg-day-bei-der-haelg-group_1600x1200-1024x768.jpg\" alt=\"Expos\u00e9 du responsable de la s\u00e9curit\u00e9 chez H\u00e4lg\u00a0Group au Welcome Day.\" class=\"wp-image-46534 size-full\" style=\"object-position:50% 50%\" srcset=\"https:\/\/haelg.ch\/app\/uploads\/2024\/11\/haelg-day-bei-der-haelg-group_1600x1200-1024x768.jpg 1024w, https:\/\/haelg.ch\/app\/uploads\/2024\/11\/haelg-day-bei-der-haelg-group_1600x1200-300x225.jpg 300w, https:\/\/haelg.ch\/app\/uploads\/2024\/11\/haelg-day-bei-der-haelg-group_1600x1200-768x576.jpg 768w, https:\/\/haelg.ch\/app\/uploads\/2024\/11\/haelg-day-bei-der-haelg-group_1600x1200-1536x1152.jpg 1536w, https:\/\/haelg.ch\/app\/uploads\/2024\/11\/haelg-day-bei-der-haelg-group_1600x1200.jpg 1600w\" sizes=\"auto, (max-width: 1024px) 100vw, 1024px\" \/><\/figure><\/div>\n\n\n\n<div class=\"wp-block-group is-layout-constrained wp-block-group-is-layout-constrained\">\n<div class=\"wp-block-group is-style-col-3 is-nowrap is-layout-flex wp-container-core-group-is-layout-bd3f9bef wp-block-group-is-layout-flex\">\n<div class=\"wp-block-media-text is-stacked-on-mobile is-style-stacked button-force-down has-lightgray-background-color has-background\"><figure class=\"wp-block-media-text__media\"><a href=\"https:\/\/haelg.ch\/fr\/entreprise\/nous-vivons-la-responsabilite\/responsabilite-sociale\/\"><img decoding=\"async\" width=\"1024\" height=\"683\" loading=\"lazy\" loading=\"lazy\" loading=\"lazy\" loading=\"lazy\" loading=\"lazy\" src=\"https:\/\/haelg.ch\/app\/uploads\/2024\/11\/soziale-verantwortung_1620x1080-1024x683.jpg\" alt=\"Ein Teil des Teams der H\u00e4lg &amp; Co. AG Chur.\" class=\"wp-image-46524 size-full\" srcset=\"https:\/\/haelg.ch\/app\/uploads\/2024\/11\/soziale-verantwortung_1620x1080-1024x683.jpg 1024w, https:\/\/haelg.ch\/app\/uploads\/2024\/11\/soziale-verantwortung_1620x1080-300x200.jpg 300w, https:\/\/haelg.ch\/app\/uploads\/2024\/11\/soziale-verantwortung_1620x1080-768x512.jpg 768w, https:\/\/haelg.ch\/app\/uploads\/2024\/11\/soziale-verantwortung_1620x1080-1536x1024.jpg 1536w, https:\/\/haelg.ch\/app\/uploads\/2024\/11\/soziale-verantwortung_1620x1080.jpg 1620w\" sizes=\"auto, (max-width: 1024px) 100vw, 1024px\" \/><\/a><\/figure><div class=\"wp-block-media-text__content\">\n<h3 class=\"wp-block-heading\">Responsabilit\u00e9 sociale<\/h3>\n\n\n\n<p>Les collaboratrices et collaborateurs comp\u00e9tents et fortement motiv\u00e9s sont la cl\u00e9 de notre succ\u00e8s p\u00e9renne. Ils jouent un r\u00f4le crucial dans le renforcement de notre r\u00e9putation et nous distinguent de nos concurrents.<\/p>\n\n\n\n<div class=\"wp-block-buttons is-layout-flex wp-block-buttons-is-layout-flex\">\n<div class=\"wp-block-button is-style-outline is-style-outline--3\"><a class=\"wp-block-button__link wp-element-button\" href=\"https:\/\/haelg.ch\/fr\/entreprise\/nous-vivons-la-responsabilite\/responsabilite-sociale\/\">En savoir plus<\/a><\/div>\n<\/div>\n<\/div><\/div>\n\n\n\n<div class=\"wp-block-media-text is-stacked-on-mobile is-style-stacked button-force-down has-lightgray-background-color has-background\"><figure class=\"wp-block-media-text__media\"><a href=\"https:\/\/haelg.ch\/fr\/entreprise\/nous-vivons-la-responsabilite\/responsabilite-economique\/\"><img decoding=\"async\" width=\"1024\" height=\"683\" loading=\"lazy\" loading=\"lazy\" loading=\"lazy\" loading=\"lazy\" loading=\"lazy\" src=\"https:\/\/haelg.ch\/app\/uploads\/2024\/11\/wirschaftliche-verantwortung-haelg-group_1800x1200-1024x683.jpg\" alt=\"Roger und Marcel Baumer, Inhaber der H\u00e4lg Group im Gespr\u00e4ch.\" class=\"wp-image-46522 size-full\" srcset=\"https:\/\/haelg.ch\/app\/uploads\/2024\/11\/wirschaftliche-verantwortung-haelg-group_1800x1200-1024x683.jpg 1024w, https:\/\/haelg.ch\/app\/uploads\/2024\/11\/wirschaftliche-verantwortung-haelg-group_1800x1200-300x200.jpg 300w, https:\/\/haelg.ch\/app\/uploads\/2024\/11\/wirschaftliche-verantwortung-haelg-group_1800x1200-768x512.jpg 768w, https:\/\/haelg.ch\/app\/uploads\/2024\/11\/wirschaftliche-verantwortung-haelg-group_1800x1200-1536x1024.jpg 1536w, https:\/\/haelg.ch\/app\/uploads\/2024\/11\/wirschaftliche-verantwortung-haelg-group_1800x1200.jpg 1620w\" sizes=\"auto, (max-width: 1024px) 100vw, 1024px\" \/><\/a><\/figure><div class=\"wp-block-media-text__content\">\n<h3 class=\"wp-block-heading\">Responsabilit\u00e9 \u00e9conomique<\/h3>\n\n\n\n<p>En tant qu&rsquo;entreprise, nous aspirons \u00e0 un succ\u00e8s p\u00e9renne et \u00e0 l&rsquo;ind\u00e9pendance \u00e9conomique. Cela nous permet de maintenir nos emplois, de rester un partenaire fiable pour notre client\u00e8le et de respecter nos engagements \u00e0 tout moment.<\/p>\n\n\n\n<div class=\"wp-block-buttons is-layout-flex wp-block-buttons-is-layout-flex\">\n<div class=\"wp-block-button is-style-outline is-style-outline--4\"><a class=\"wp-block-button__link wp-element-button\" href=\"https:\/\/haelg.ch\/fr\/entreprise\/nous-vivons-la-responsabilite\/responsabilite-economique\/\">En savoir plus<\/a><\/div>\n<\/div>\n<\/div><\/div>\n\n\n\n<div class=\"wp-block-media-text is-stacked-on-mobile is-style-stacked button-force-down has-lightgray-background-color has-background\"><figure class=\"wp-block-media-text__media\"><a href=\"https:\/\/haelg.ch\/fr\/entreprise\/nous-vivons-la-responsabilite\/responsabilite-ecologique\/\"><img decoding=\"async\" width=\"1024\" height=\"683\" loading=\"lazy\" loading=\"lazy\" loading=\"lazy\" loading=\"lazy\" loading=\"lazy\" src=\"https:\/\/haelg.ch\/app\/uploads\/2024\/11\/suurstoffi-haelg-group_1800x1200-1024x683.jpg\" alt=\"\u00d6kologische Verantwortung im Suurstoffi Areal\" class=\"wp-image-46503 size-full\" srcset=\"https:\/\/haelg.ch\/app\/uploads\/2024\/11\/suurstoffi-haelg-group_1800x1200-1024x683.jpg 1024w, https:\/\/haelg.ch\/app\/uploads\/2024\/11\/suurstoffi-haelg-group_1800x1200-300x200.jpg 300w, https:\/\/haelg.ch\/app\/uploads\/2024\/11\/suurstoffi-haelg-group_1800x1200-768x512.jpg 768w, https:\/\/haelg.ch\/app\/uploads\/2024\/11\/suurstoffi-haelg-group_1800x1200-1536x1024.jpg 1536w, https:\/\/haelg.ch\/app\/uploads\/2024\/11\/suurstoffi-haelg-group_1800x1200.jpg 1620w\" sizes=\"auto, (max-width: 1024px) 100vw, 1024px\" \/><\/a><\/figure><div class=\"wp-block-media-text__content\">\n<h3 class=\"wp-block-heading\">Responsabilit\u00e9 \u00e9cologique<\/h3>\n\n\n\n<p>Le parc immobilier est responsable d&rsquo;environ un quart des \u00e9missions de CO\u2082 en Suisse. En tant que prestataire, nous apportons une contribution importante \u00e0 l&rsquo;efficacit\u00e9 \u00e9nerg\u00e9tique des b\u00e2timents et des aires. En m\u00eame temps, nous r\u00e9duisons notre propre empreinte CO\u2082.<\/p>\n\n\n\n<div class=\"wp-block-buttons is-layout-flex wp-block-buttons-is-layout-flex\">\n<div class=\"wp-block-button is-style-outline is-style-outline--5\"><a class=\"wp-block-button__link wp-element-button\" href=\"https:\/\/haelg.ch\/fr\/entreprise\/nous-vivons-la-responsabilite\/responsabilite-ecologique\/\">En savoir plus<\/a><\/div>\n<\/div>\n<\/div><\/div>\n<\/div>\n<\/div>\n\n\n\n<div class=\"wp-block-group alignwide has-background-color has-secondary-background-color has-text-color has-background has-link-color wp-elements-f8c4ddee910637a1c3a686bdf0d64bd6 is-layout-constrained wp-block-group-is-layout-constrained\">\n<div class=\"wp-block-group is-style-default is-layout-constrained wp-block-group-is-layout-constrained\">\n<h2 class=\"wp-block-heading has-text-align-center\">Ce qui nous distingue<\/h2>\n\n\n\n<div class=\"wp-block-group is-style-col-3 is-style-slider is-layout-flex wp-container-core-group-is-layout-d0921e6e wp-block-group-is-layout-flex\">\n<div class=\"wp-block-group is-layout-constrained wp-block-group-is-layout-constrained\">\n<h3 class=\"wp-block-heading has-text-align-center\">Plus de 100&nbsp;ans d&rsquo;exp\u00e9rience<\/h3>\n\n\n\n<p class=\"has-text-align-center\">Nous disposons d&rsquo;une exp\u00e9rience de plus de 100&nbsp;ans et mettons nos vastes connaissances au service de vos projets.<\/p>\n<\/div>\n\n\n\n<div class=\"wp-block-group is-layout-constrained wp-block-group-is-layout-constrained\">\n<h3 class=\"wp-block-heading has-text-align-center\">Entreprise familiale<\/h3>\n\n\n\n<p class=\"has-text-align-center\">Nous sommes une entreprise familiale dirig\u00e9e par les propri\u00e9taires et pr\u00e9sents sur le march\u00e9 depuis 1922.<\/p>\n<\/div>\n\n\n\n<div class=\"wp-block-group is-layout-constrained wp-block-group-is-layout-constrained\">\n<h3 class=\"wp-block-heading has-text-align-center\">Haute satisfaction de la client\u00e8le<\/h3>\n\n\n\n<p class=\"has-text-align-center\">Nous attachons une grande importance \u00e0 la qualit\u00e9 et mettons la satisfaction de la client\u00e8le au premier plan. Gr\u00e2ce \u00e0 cette priorit\u00e9, 97\u00a0% de nos clients nous recommanderaient.<\/p>\n<\/div>\n\n\n\n<div class=\"wp-block-group is-layout-constrained wp-block-group-is-layout-constrained\">\n<h3 class=\"wp-block-heading has-text-align-center\">Une alliance parfaite<\/h3>\n\n\n\n<p class=\"has-text-align-center\">En tant que groupe, nous disposons \u00e0 la fois d&rsquo;une organisation \u00e0 l&rsquo;\u00e9chelle nationale et d&rsquo;un ancrage local \u00e0 travers nos succursales.<\/p>\n<\/div>\n\n\n\n<div class=\"wp-block-group is-layout-constrained wp-block-group-is-layout-constrained\">\n<h3 class=\"wp-block-heading has-text-align-center\">Personnel de longue date et satisfait<\/h3>\n\n\n\n<p class=\"has-text-align-center\">94&nbsp;% de nos collaboratrices et collaborateurs seraient pr\u00eats \u00e0 recommander H\u00e4lg&nbsp;Group comme employeur.<\/p>\n<\/div>\n<\/div>\n<\/div>\n<\/div>\n","protected":false},"excerpt":{"rendered":"<p>Nous vivons la responsabilit\u00e9 L&rsquo;entreprise Ferdinand H\u00e4lg Zentralheizungsfabrik a \u00e9t\u00e9 fond\u00e9e \u00e0 St-Gall en 1922. Cette soci\u00e9t\u00e9 individuelle est devenue H\u00e4lg&nbsp;Group, qui emploie aujourd&rsquo;hui plus de 1000&nbsp;personnes. Rest\u00e9e familiale, l&rsquo;entreprise est actuellement dirig\u00e9e par la quatri\u00e8me g\u00e9n\u00e9ration. Marcel &amp; Roger Baumer donnent un aper\u00e7u personnel des valeurs qui animent H\u00e4lg&nbsp;Group depuis quatre g\u00e9n\u00e9rations.<\/p>\n","protected":false},"author":1,"featured_media":0,"parent":51068,"menu_order":283,"comment_status":"closed","ping_status":"closed","template":"","meta":{"_acf_changed":false,"inline_featured_image":false,"footnotes":""},"kategorie":[],"angebot":[],"class_list":["post-51072","page","type-page","status-publish","hentry"],"acf":[],"yoast_head":"<!-- This site is optimized with the Yoast SEO plugin v27.3 - https:\/\/yoast.com\/product\/yoast-seo-wordpress\/ -->\n<title>Action responsable | H\u00e4lg\u00a0Group<\/title>\n<meta name=\"description\" content=\"Depuis\u00a01922, H\u00e4lg\u00a0Group est une entreprise familiale, dirig\u00e9e aujourd&#039;hui par la quatri\u00e8me g\u00e9n\u00e9ration. En savoir plus.\" \/>\n<meta name=\"robots\" content=\"index, follow, max-snippet:-1, max-image-preview:large, max-video-preview:-1\" \/>\n<link rel=\"canonical\" href=\"https:\/\/haelg.ch\/fr\/entreprise\/nous-vivons-la-responsabilite\/\" \/>\n<meta property=\"og:locale\" content=\"fr_FR\" \/>\n<meta property=\"og:type\" content=\"article\" \/>\n<meta property=\"og:title\" content=\"Action responsable | H\u00e4lg\u00a0Group\" \/>\n<meta property=\"og:description\" content=\"Depuis\u00a01922, H\u00e4lg\u00a0Group est une entreprise familiale, dirig\u00e9e aujourd&#039;hui par la quatri\u00e8me g\u00e9n\u00e9ration. En savoir plus.\" \/>\n<meta property=\"og:url\" content=\"https:\/\/haelg.ch\/fr\/entreprise\/nous-vivons-la-responsabilite\/\" \/>\n<meta property=\"og:site_name\" content=\"H\u00e4lg Group\" \/>\n<meta property=\"article:publisher\" content=\"https:\/\/www.facebook.com\/haelg.ch\" \/>\n<meta property=\"article:modified_time\" content=\"2026-01-29T15:22:15+00:00\" \/>\n<meta property=\"og:image\" content=\"https:\/\/haelg.ch\/app\/uploads\/2024\/11\/100-jahr-jubilaeum-haelg-group-gruppenfoto_2400x2400-1024x1024.jpg\" \/>\n\t<meta property=\"og:image:width\" content=\"1024\" \/>\n\t<meta property=\"og:image:height\" content=\"1024\" \/>\n\t<meta property=\"og:image:type\" content=\"image\/jpeg\" \/>\n<meta name=\"twitter:card\" content=\"summary_large_image\" \/>\n<meta name=\"twitter:label1\" content=\"Dur\u00e9e de lecture estim\u00e9e\" \/>\n\t<meta name=\"twitter:data1\" content=\"7 minutes\" \/>\n<script type=\"application\/ld+json\" class=\"yoast-schema-graph\">{\"@context\":\"https:\\\/\\\/schema.org\",\"@graph\":[{\"@type\":\"WebPage\",\"@id\":\"https:\\\/\\\/haelg.ch\\\/fr\\\/entreprise\\\/nous-vivons-la-responsabilite\\\/\",\"url\":\"https:\\\/\\\/haelg.ch\\\/fr\\\/entreprise\\\/nous-vivons-la-responsabilite\\\/\",\"name\":\"Action responsable | H\u00e4lg\u00a0Group\",\"isPartOf\":{\"@id\":\"https:\\\/\\\/haelg.ch\\\/fr\\\/#website\"},\"primaryImageOfPage\":{\"@id\":\"https:\\\/\\\/haelg.ch\\\/fr\\\/entreprise\\\/nous-vivons-la-responsabilite\\\/#primaryimage\"},\"image\":{\"@id\":\"https:\\\/\\\/haelg.ch\\\/fr\\\/entreprise\\\/nous-vivons-la-responsabilite\\\/#primaryimage\"},\"thumbnailUrl\":\"https:\\\/\\\/haelg.ch\\\/app\\\/uploads\\\/2024\\\/11\\\/100-jahr-jubilaeum-haelg-group-gruppenfoto_2400x2400-1024x1024.jpg\",\"datePublished\":\"2024-09-24T09:08:38+00:00\",\"dateModified\":\"2026-01-29T15:22:15+00:00\",\"description\":\"Depuis\u00a01922, H\u00e4lg\u00a0Group est une entreprise familiale, dirig\u00e9e aujourd'hui par la quatri\u00e8me g\u00e9n\u00e9ration. En savoir plus.\",\"breadcrumb\":{\"@id\":\"https:\\\/\\\/haelg.ch\\\/fr\\\/entreprise\\\/nous-vivons-la-responsabilite\\\/#breadcrumb\"},\"inLanguage\":\"fr-FR\",\"potentialAction\":[{\"@type\":\"ReadAction\",\"target\":[\"https:\\\/\\\/haelg.ch\\\/fr\\\/entreprise\\\/nous-vivons-la-responsabilite\\\/\"]}]},{\"@type\":\"ImageObject\",\"inLanguage\":\"fr-FR\",\"@id\":\"https:\\\/\\\/haelg.ch\\\/fr\\\/entreprise\\\/nous-vivons-la-responsabilite\\\/#primaryimage\",\"url\":\"https:\\\/\\\/haelg.ch\\\/app\\\/uploads\\\/2024\\\/11\\\/100-jahr-jubilaeum-haelg-group-gruppenfoto_2400x2400-1024x1024.jpg\",\"contentUrl\":\"https:\\\/\\\/haelg.ch\\\/app\\\/uploads\\\/2024\\\/11\\\/100-jahr-jubilaeum-haelg-group-gruppenfoto_2400x2400-1024x1024.jpg\"},{\"@type\":\"BreadcrumbList\",\"@id\":\"https:\\\/\\\/haelg.ch\\\/fr\\\/entreprise\\\/nous-vivons-la-responsabilite\\\/#breadcrumb\",\"itemListElement\":[{\"@type\":\"ListItem\",\"position\":1,\"name\":\"Accueil\",\"item\":\"https:\\\/\\\/haelg.ch\\\/fr\\\/\"},{\"@type\":\"ListItem\",\"position\":2,\"name\":\"H\u00e4lg\u00a0Group\",\"item\":\"https:\\\/\\\/haelg.ch\\\/fr\\\/entreprise\\\/\"},{\"@type\":\"ListItem\",\"position\":3,\"name\":\"Nous vivons la responsabilit\u00e9\"}]},{\"@type\":\"WebSite\",\"@id\":\"https:\\\/\\\/haelg.ch\\\/fr\\\/#website\",\"url\":\"https:\\\/\\\/haelg.ch\\\/fr\\\/\",\"name\":\"H\u00e4lg Group\",\"description\":\"\",\"publisher\":{\"@id\":\"https:\\\/\\\/haelg.ch\\\/fr\\\/#organization\"},\"potentialAction\":[{\"@type\":\"SearchAction\",\"target\":{\"@type\":\"EntryPoint\",\"urlTemplate\":\"https:\\\/\\\/haelg.ch\\\/fr\\\/?s={search_term_string}\"},\"query-input\":{\"@type\":\"PropertyValueSpecification\",\"valueRequired\":true,\"valueName\":\"search_term_string\"}}],\"inLanguage\":\"fr-FR\"},{\"@type\":\"Organization\",\"@id\":\"https:\\\/\\\/haelg.ch\\\/fr\\\/#organization\",\"name\":\"H\u00e4lg Group\",\"url\":\"https:\\\/\\\/haelg.ch\\\/fr\\\/\",\"logo\":{\"@type\":\"ImageObject\",\"inLanguage\":\"fr-FR\",\"@id\":\"https:\\\/\\\/haelg.ch\\\/fr\\\/#\\\/schema\\\/logo\\\/image\\\/\",\"url\":\"https:\\\/\\\/haelg.ch\\\/app\\\/uploads\\\/2025\\\/01\\\/haelg-group-logo_1800x1200.jpg\",\"contentUrl\":\"https:\\\/\\\/haelg.ch\\\/app\\\/uploads\\\/2025\\\/01\\\/haelg-group-logo_1800x1200.jpg\",\"width\":1620,\"height\":1080,\"caption\":\"H\u00e4lg Group\"},\"image\":{\"@id\":\"https:\\\/\\\/haelg.ch\\\/fr\\\/#\\\/schema\\\/logo\\\/image\\\/\"},\"sameAs\":[\"https:\\\/\\\/www.facebook.com\\\/haelg.ch\",\"https:\\\/\\\/www.linkedin.com\\\/company\\\/haelggroup\\\/\",\"https:\\\/\\\/www.instagram.com\\\/haelg.group\\\/\",\"https:\\\/\\\/www.youtube.com\\\/channel\\\/UCCP6yzfvj3o6gA9J5L0QJCg\\\/videos\",\"https:\\\/\\\/www.kununu.com\\\/ch\\\/haelg-group\"]}]}<\/script>\n<!-- \/ Yoast SEO plugin. -->","yoast_head_json":{"title":"Action responsable | H\u00e4lg\u00a0Group","description":"Depuis\u00a01922, H\u00e4lg\u00a0Group est une entreprise familiale, dirig\u00e9e aujourd'hui par la quatri\u00e8me g\u00e9n\u00e9ration. En savoir plus.","robots":{"index":"index","follow":"follow","max-snippet":"max-snippet:-1","max-image-preview":"max-image-preview:large","max-video-preview":"max-video-preview:-1"},"canonical":"https:\/\/haelg.ch\/fr\/entreprise\/nous-vivons-la-responsabilite\/","og_locale":"fr_FR","og_type":"article","og_title":"Action responsable | H\u00e4lg\u00a0Group","og_description":"Depuis\u00a01922, H\u00e4lg\u00a0Group est une entreprise familiale, dirig\u00e9e aujourd'hui par la quatri\u00e8me g\u00e9n\u00e9ration. En savoir plus.","og_url":"https:\/\/haelg.ch\/fr\/entreprise\/nous-vivons-la-responsabilite\/","og_site_name":"H\u00e4lg Group","article_publisher":"https:\/\/www.facebook.com\/haelg.ch","article_modified_time":"2026-01-29T15:22:15+00:00","og_image":[{"width":1024,"height":1024,"url":"https:\/\/haelg.ch\/app\/uploads\/2024\/11\/100-jahr-jubilaeum-haelg-group-gruppenfoto_2400x2400-1024x1024.jpg","type":"image\/jpeg"}],"twitter_card":"summary_large_image","twitter_misc":{"Dur\u00e9e de lecture estim\u00e9e":"7 minutes"},"schema":{"@context":"https:\/\/schema.org","@graph":[{"@type":"WebPage","@id":"https:\/\/haelg.ch\/fr\/entreprise\/nous-vivons-la-responsabilite\/","url":"https:\/\/haelg.ch\/fr\/entreprise\/nous-vivons-la-responsabilite\/","name":"Action responsable | H\u00e4lg\u00a0Group","isPartOf":{"@id":"https:\/\/haelg.ch\/fr\/#website"},"primaryImageOfPage":{"@id":"https:\/\/haelg.ch\/fr\/entreprise\/nous-vivons-la-responsabilite\/#primaryimage"},"image":{"@id":"https:\/\/haelg.ch\/fr\/entreprise\/nous-vivons-la-responsabilite\/#primaryimage"},"thumbnailUrl":"https:\/\/haelg.ch\/app\/uploads\/2024\/11\/100-jahr-jubilaeum-haelg-group-gruppenfoto_2400x2400-1024x1024.jpg","datePublished":"2024-09-24T09:08:38+00:00","dateModified":"2026-01-29T15:22:15+00:00","description":"Depuis\u00a01922, H\u00e4lg\u00a0Group est une entreprise familiale, dirig\u00e9e aujourd'hui par la quatri\u00e8me g\u00e9n\u00e9ration. En savoir plus.","breadcrumb":{"@id":"https:\/\/haelg.ch\/fr\/entreprise\/nous-vivons-la-responsabilite\/#breadcrumb"},"inLanguage":"fr-FR","potentialAction":[{"@type":"ReadAction","target":["https:\/\/haelg.ch\/fr\/entreprise\/nous-vivons-la-responsabilite\/"]}]},{"@type":"ImageObject","inLanguage":"fr-FR","@id":"https:\/\/haelg.ch\/fr\/entreprise\/nous-vivons-la-responsabilite\/#primaryimage","url":"https:\/\/haelg.ch\/app\/uploads\/2024\/11\/100-jahr-jubilaeum-haelg-group-gruppenfoto_2400x2400-1024x1024.jpg","contentUrl":"https:\/\/haelg.ch\/app\/uploads\/2024\/11\/100-jahr-jubilaeum-haelg-group-gruppenfoto_2400x2400-1024x1024.jpg"},{"@type":"BreadcrumbList","@id":"https:\/\/haelg.ch\/fr\/entreprise\/nous-vivons-la-responsabilite\/#breadcrumb","itemListElement":[{"@type":"ListItem","position":1,"name":"Accueil","item":"https:\/\/haelg.ch\/fr\/"},{"@type":"ListItem","position":2,"name":"H\u00e4lg\u00a0Group","item":"https:\/\/haelg.ch\/fr\/entreprise\/"},{"@type":"ListItem","position":3,"name":"Nous vivons la responsabilit\u00e9"}]},{"@type":"WebSite","@id":"https:\/\/haelg.ch\/fr\/#website","url":"https:\/\/haelg.ch\/fr\/","name":"H\u00e4lg Group","description":"","publisher":{"@id":"https:\/\/haelg.ch\/fr\/#organization"},"potentialAction":[{"@type":"SearchAction","target":{"@type":"EntryPoint","urlTemplate":"https:\/\/haelg.ch\/fr\/?s={search_term_string}"},"query-input":{"@type":"PropertyValueSpecification","valueRequired":true,"valueName":"search_term_string"}}],"inLanguage":"fr-FR"},{"@type":"Organization","@id":"https:\/\/haelg.ch\/fr\/#organization","name":"H\u00e4lg Group","url":"https:\/\/haelg.ch\/fr\/","logo":{"@type":"ImageObject","inLanguage":"fr-FR","@id":"https:\/\/haelg.ch\/fr\/#\/schema\/logo\/image\/","url":"https:\/\/haelg.ch\/app\/uploads\/2025\/01\/haelg-group-logo_1800x1200.jpg","contentUrl":"https:\/\/haelg.ch\/app\/uploads\/2025\/01\/haelg-group-logo_1800x1200.jpg","width":1620,"height":1080,"caption":"H\u00e4lg Group"},"image":{"@id":"https:\/\/haelg.ch\/fr\/#\/schema\/logo\/image\/"},"sameAs":["https:\/\/www.facebook.com\/haelg.ch","https:\/\/www.linkedin.com\/company\/haelggroup\/","https:\/\/www.instagram.com\/haelg.group\/","https:\/\/www.youtube.com\/channel\/UCCP6yzfvj3o6gA9J5L0QJCg\/videos","https:\/\/www.kununu.com\/ch\/haelg-group"]}]}},"_links":{"self":[{"href":"https:\/\/haelg.ch\/fr\/wp-json\/wp\/v2\/pages\/51072","targetHints":{"allow":["GET"]}}],"collection":[{"href":"https:\/\/haelg.ch\/fr\/wp-json\/wp\/v2\/pages"}],"about":[{"href":"https:\/\/haelg.ch\/fr\/wp-json\/wp\/v2\/types\/page"}],"author":[{"embeddable":true,"href":"https:\/\/haelg.ch\/fr\/wp-json\/wp\/v2\/users\/1"}],"replies":[{"embeddable":true,"href":"https:\/\/haelg.ch\/fr\/wp-json\/wp\/v2\/comments?post=51072"}],"version-history":[{"count":5,"href":"https:\/\/haelg.ch\/fr\/wp-json\/wp\/v2\/pages\/51072\/revisions"}],"predecessor-version":[{"id":55628,"href":"https:\/\/haelg.ch\/fr\/wp-json\/wp\/v2\/pages\/51072\/revisions\/55628"}],"up":[{"embeddable":true,"href":"https:\/\/haelg.ch\/fr\/wp-json\/wp\/v2\/pages\/51068"}],"wp:attachment":[{"href":"https:\/\/haelg.ch\/fr\/wp-json\/wp\/v2\/media?parent=51072"}],"wp:term":[{"taxonomy":"kategorie","embeddable":true,"href":"https:\/\/haelg.ch\/fr\/wp-json\/wp\/v2\/kategorie?post=51072"},{"taxonomy":"angebot","embeddable":true,"href":"https:\/\/haelg.ch\/fr\/wp-json\/wp\/v2\/angebot?post=51072"}],"curies":[{"name":"wp","href":"https:\/\/api.w.org\/{rel}","templated":true}]}}