{"id":51077,"date":"2024-09-24T11:09:48","date_gmt":"2024-09-24T09:09:48","guid":{"rendered":"https:\/\/dev-relaunch.haelg.ch\/?page_id=51077"},"modified":"2026-04-08T09:37:44","modified_gmt":"2026-04-08T07:37:44","slug":"certification-et-affiliations","status":"publish","type":"page","link":"https:\/\/haelg.ch\/fr\/entreprise\/certification-et-affiliations\/","title":{"rendered":"Certifications et Affiliations"},"content":{"rendered":"\n<div class=\"wp-block-media-text alignwide is-stacked-on-mobile has-background-color has-secondary-background-color has-text-color has-background has-link-color wp-elements-7f7da00bb8db27270286d5f1d09351e2\" style=\"grid-template-columns:60% auto\"><figure class=\"wp-block-media-text__media\"><img decoding=\"async\" width=\"1024\" height=\"1024\" loading=\"lazy\" src=\"https:\/\/haelg.ch\/app\/uploads\/2024\/11\/helm-schwedenmeter-plan-haelg-group_2400x2400-1024x1024.jpg\" alt=\"Un casque, un m\u00e8tre pliant et un crayon sont pos\u00e9s sur un plan de construction.\" class=\"wp-image-46514 size-full\" srcset=\"https:\/\/haelg.ch\/app\/uploads\/2024\/11\/helm-schwedenmeter-plan-haelg-group_2400x2400-1024x1024.jpg 1024w, https:\/\/haelg.ch\/app\/uploads\/2024\/11\/helm-schwedenmeter-plan-haelg-group_2400x2400-300x300.jpg 300w, https:\/\/haelg.ch\/app\/uploads\/2024\/11\/helm-schwedenmeter-plan-haelg-group_2400x2400-150x150.jpg 150w, https:\/\/haelg.ch\/app\/uploads\/2024\/11\/helm-schwedenmeter-plan-haelg-group_2400x2400-768x768.jpg 768w, https:\/\/haelg.ch\/app\/uploads\/2024\/11\/helm-schwedenmeter-plan-haelg-group_2400x2400-1536x1536.jpg 1536w, https:\/\/haelg.ch\/app\/uploads\/2024\/11\/helm-schwedenmeter-plan-haelg-group_2400x2400-2048x2048.jpg 2048w\" sizes=\"auto, (max-width: 1024px) 100vw, 1024px\" \/><\/figure><div class=\"wp-block-media-text__content\"><div class=\"yoast-breadcrumbs\"><span><span><a href=\"https:\/\/haelg.ch\/fr\/\">Accueil<\/a><\/span> <span class=\"separator\"><\/span> <span><a href=\"https:\/\/haelg.ch\/fr\/entreprise\/\">H\u00e4lg\u00a0Group<\/a><\/span> <span class=\"separator\"><\/span> <span class=\"breadcrumb_last\" aria-current=\"page\">Certifications et Affiliations<\/span><\/span><\/div>\n\n\n<h1 class=\"wp-block-heading\">Certifications et Affiliations<\/h1>\n\n\n\n<p>En tant que membre d&rsquo;associations sectorielles leaders, nous nous engageons en faveur du progr\u00e8s dans notre branche. Nos certificats t\u00e9moignent de notre souci aigu de la qualit\u00e9 et de la fiabilit\u00e9.<\/p>\n<\/div><\/div>\n\n\n\n<div class=\"wp-block-group is-layout-constrained wp-block-group-is-layout-constrained\">\n<h2 class=\"wp-block-heading has-text-align-center\">Nos certifications<\/h2>\n\n\n\n<div class=\"wp-block-group is-style-col-3 is-nowrap is-layout-flex wp-container-core-group-is-layout-bd3f9bef wp-block-group-is-layout-flex\">\n<div class=\"wp-block-media-text is-stacked-on-mobile is-style-stacked button-force-down has-lightgray-background-color has-background\"><figure class=\"wp-block-media-text__media\"><a href=\"https:\/\/haelg.ch\/app\/uploads\/2024\/11\/2024_ISO_9001_Zertifikat_plus_HFM_DE.pdf\"><img decoding=\"async\" width=\"1024\" height=\"683\" loading=\"lazy\" loading=\"lazy\" loading=\"lazy\" src=\"https:\/\/haelg.ch\/app\/uploads\/2026\/04\/attesta-iso-9001-FR-1024x683.jpg\" alt=\"Attesta ISO 9001 Zertifizierung H\u00e4lg Group\" class=\"wp-image-227133 size-full\" srcset=\"https:\/\/haelg.ch\/app\/uploads\/2026\/04\/attesta-iso-9001-FR-1024x683.jpg 1024w, https:\/\/haelg.ch\/app\/uploads\/2026\/04\/attesta-iso-9001-FR-300x200.jpg 300w, https:\/\/haelg.ch\/app\/uploads\/2026\/04\/attesta-iso-9001-FR-768x512.jpg 768w, https:\/\/haelg.ch\/app\/uploads\/2026\/04\/attesta-iso-9001-FR-1536x1024.jpg 1536w, https:\/\/haelg.ch\/app\/uploads\/2026\/04\/attesta-iso-9001-FR.jpg 1800w\" sizes=\"auto, (max-width: 1024px) 100vw, 1024px\" \/><\/a><\/figure><div class=\"wp-block-media-text__content\">\n<h3 class=\"wp-block-heading\">Gestion de la qualit\u00e9<\/h3>\n\n\n\n<p>Nos prestations offrent une haute qualit\u00e9 et de grands avantages aux clients. Nous appliquons un syst\u00e8me de gestion pour les divisions Technique du b\u00e2timent et Facility Management est conforme \u00e0 la norme internationale ISO 9001 : 2015 relative \u00e0 la gestion de la qualit\u00e9.<br><br><\/p>\n\n\n\n<p><\/p>\n\n\n\n<p><br><br><\/p>\n\n\n\n<p><\/p>\n\n\n\n<p><\/p>\n\n\n\n<p><\/p>\n\n\n\n<p><\/p>\n\n\n\n<div class=\"wp-block-buttons is-layout-flex wp-block-buttons-is-layout-flex\">\n<div class=\"wp-block-button is-style-outline is-style-outline--1\"><a class=\"wp-block-button__link wp-element-button\" href=\"https:\/\/haelg.ch\/app\/uploads\/2026\/04\/Haelg-Group_Iso-Zertifizierung-2026.pdf\" target=\"_blank\" rel=\"noreferrer noopener\">Certificat Technique du b\u00e2timent<\/a><\/div>\n\n\n\n<div class=\"wp-block-button is-style-outline is-style-outline--2\"><a class=\"wp-block-button__link wp-element-button\" href=\"https:\/\/haelg.ch\/app\/uploads\/2026\/04\/Haelg-Facility-Management-AG_Iso-Zertifizierung-2026.pdf\">Certificat Facility Management<\/a><\/div>\n<\/div>\n<\/div><\/div>\n\n\n\n<div class=\"wp-block-media-text is-stacked-on-mobile is-style-stacked button-force-down has-lightgray-background-color has-background\"><figure class=\"wp-block-media-text__media\"><a href=\"https:\/\/haelg.ch\/app\/uploads\/2024\/11\/2024_ISO_Kombi_Zertifikat_DE.pdf\"><img decoding=\"async\" width=\"1024\" height=\"683\" loading=\"lazy\" loading=\"lazy\" loading=\"lazy\" src=\"https:\/\/haelg.ch\/app\/uploads\/2026\/04\/attesta-iso-14001-FR-1024x683.jpg\" alt=\"Attesta ISO 14001 Zertifizierung H\u00e4lg Facility Management\" class=\"wp-image-227127 size-full\" srcset=\"https:\/\/haelg.ch\/app\/uploads\/2026\/04\/attesta-iso-14001-FR-1024x683.jpg 1024w, https:\/\/haelg.ch\/app\/uploads\/2026\/04\/attesta-iso-14001-FR-300x200.jpg 300w, https:\/\/haelg.ch\/app\/uploads\/2026\/04\/attesta-iso-14001-FR-768x512.jpg 768w, https:\/\/haelg.ch\/app\/uploads\/2026\/04\/attesta-iso-14001-FR-1536x1024.jpg 1536w, https:\/\/haelg.ch\/app\/uploads\/2026\/04\/attesta-iso-14001-FR.jpg 1800w\" sizes=\"auto, (max-width: 1024px) 100vw, 1024px\" \/><\/a><\/figure><div class=\"wp-block-media-text__content\">\n<h3 class=\"wp-block-heading\">Gestion environnementale<\/h3>\n\n\n\n<p>Nous attachons une grande importance \u00e0 une exploitation responsable des ressources. Nous appliquons un syst\u00e8me de gestion pour les divisions Technique du b\u00e2timent et Facility Management est conforme \u00e0 la norme internationale\u00a0ISO\u00a014001:2015 relative \u00e0 la gestion environnementale.<\/p>\n\n\n\n<p><br><br><\/p>\n\n\n\n<p><br><\/p>\n\n\n\n<p><\/p>\n\n\n\n<div class=\"wp-block-buttons is-layout-flex wp-container-core-buttons-is-layout-168ce233 wp-block-buttons-is-layout-flex\">\n<div class=\"wp-block-button is-style-outline is-style-outline--3\"><a class=\"wp-block-button__link wp-element-button\" href=\"https:\/\/haelg.ch\/app\/uploads\/2026\/04\/Haelg-Group_Iso-Zertifizierung-2026.pdf\">Certificat<br>Technique du b\u00e2timent<\/a><\/div>\n\n\n\n<div class=\"wp-block-button is-style-outline is-style-outline--4\"><a class=\"wp-block-button__link wp-element-button\" href=\"https:\/\/haelg.ch\/app\/uploads\/2026\/04\/Haelg-Facility-Management-AG_Iso-Zertifizierung-2026.pdf\">Certificat Facility Management<\/a><\/div>\n<\/div>\n<\/div><\/div>\n\n\n\n<div class=\"wp-block-media-text is-stacked-on-mobile is-style-stacked button-force-down has-lightgray-background-color has-background\"><figure class=\"wp-block-media-text__media\"><a href=\"https:\/\/haelg.ch\/app\/uploads\/2024\/11\/2024_ISO_Kombi_Zertifikat_DE.pdf\"><img decoding=\"async\" width=\"1024\" height=\"683\" loading=\"lazy\" loading=\"lazy\" loading=\"lazy\" src=\"https:\/\/haelg.ch\/app\/uploads\/2026\/04\/attesta-iso-45001-FR-1024x683.jpg\" alt=\"Attesta ISO-45001 Zertifizierung H\u00e4lg Group\" class=\"wp-image-227121 size-full\" srcset=\"https:\/\/haelg.ch\/app\/uploads\/2026\/04\/attesta-iso-45001-FR-1024x683.jpg 1024w, https:\/\/haelg.ch\/app\/uploads\/2026\/04\/attesta-iso-45001-FR-300x200.jpg 300w, https:\/\/haelg.ch\/app\/uploads\/2026\/04\/attesta-iso-45001-FR-768x512.jpg 768w, https:\/\/haelg.ch\/app\/uploads\/2026\/04\/attesta-iso-45001-FR-1536x1024.jpg 1536w, https:\/\/haelg.ch\/app\/uploads\/2026\/04\/attesta-iso-45001-FR.jpg 1800w\" sizes=\"auto, (max-width: 1024px) 100vw, 1024px\" \/><\/a><\/figure><div class=\"wp-block-media-text__content\">\n<h3 class=\"wp-block-heading\">S\u00e9curit\u00e9 au travail<\/h3>\n\n\n\n<p>Nous appliquons un syst\u00e8me de Facility Management est conforme \u00e0 la norme internationale ISO 45001:2018 en termes de s\u00e9curit\u00e9 au travail et de protection de la sant\u00e9.<\/p>\n\n\n\n<p><br><\/p>\n\n\n\n<div class=\"wp-block-buttons is-layout-flex wp-block-buttons-is-layout-flex\">\n<div class=\"wp-block-button is-style-outline is-style-outline--5\"><a class=\"wp-block-button__link wp-element-button\" href=\"https:\/\/haelg.ch\/app\/uploads\/2026\/04\/Haelg-Facility-Management-AG_Iso-Zertifizierung-2026.pdf\">Certificat Facility Management<\/a><\/div>\n<\/div>\n<\/div><\/div>\n\n\n\n<div class=\"wp-block-media-text is-stacked-on-mobile is-style-stacked button-force-down has-lightgray-background-color has-background\"><figure class=\"wp-block-media-text__media\"><a href=\"https:\/\/haelg.ch\/fr\/entreprise\/nous-vivons-la-responsabilite\/\"><img decoding=\"async\" width=\"1024\" height=\"683\" loading=\"lazy\" loading=\"lazy\" loading=\"lazy\" src=\"https:\/\/haelg.ch\/app\/uploads\/2024\/11\/valbella-resort-haelg-group_1800x1200-1024x683.jpg\" alt=\"Vue sur le Valbella Resort.\" class=\"wp-image-46530 size-full\" srcset=\"https:\/\/haelg.ch\/app\/uploads\/2024\/11\/valbella-resort-haelg-group_1800x1200-1024x683.jpg 1024w, https:\/\/haelg.ch\/app\/uploads\/2024\/11\/valbella-resort-haelg-group_1800x1200-300x200.jpg 300w, https:\/\/haelg.ch\/app\/uploads\/2024\/11\/valbella-resort-haelg-group_1800x1200-768x512.jpg 768w, https:\/\/haelg.ch\/app\/uploads\/2024\/11\/valbella-resort-haelg-group_1800x1200-1536x1024.jpg 1536w, https:\/\/haelg.ch\/app\/uploads\/2024\/11\/valbella-resort-haelg-group_1800x1200.jpg 1620w\" sizes=\"auto, (max-width: 1024px) 100vw, 1024px\" \/><\/a><\/figure><div class=\"wp-block-media-text__content\">\n<h3 class=\"wp-block-heading\">Evaluation de la durabilit\u00e9 EcoVadis<\/h3>\n\n\n\n<p>Verantwortungsvolles Handeln und Nachhaltigkeit sind Werte, die seit jeher fester Bestandteil unserer DNA als sind. In Erg\u00e4nzung zu unserem Nachhaltigkeitsbericht lassen wir unser Engagement seit 2018 durch EcoVadis&nbsp;pr\u00fcfen.<br><\/p>\n\n\n\n<div class=\"wp-block-buttons is-layout-flex wp-container-core-buttons-is-layout-168ce233 wp-block-buttons-is-layout-flex\">\n<div class=\"wp-block-button is-style-outline is-style-outline--6\"><a class=\"wp-block-button__link wp-element-button\" href=\"https:\/\/haelg.ch\/fr\/entreprise\/nous-vivons-la-responsabilite\/\">Action responsable<\/a><\/div>\n<\/div>\n<\/div><\/div>\n\n\n\n<div class=\"wp-block-media-text is-stacked-on-mobile is-style-stacked button-force-down has-lightgray-background-color has-background\"><figure class=\"wp-block-media-text__media\"><a href=\"https:\/\/haelg.ch\/app\/uploads\/2026\/01\/2026_Certificat_Topentreprise_Haelg-Group.pdf\" target=\"_blank\" rel=\" noreferrer noopener\"><img decoding=\"async\" width=\"1024\" height=\"683\" loading=\"lazy\" loading=\"lazy\" loading=\"lazy\" src=\"https:\/\/haelg.ch\/app\/uploads\/2024\/11\/zertifikat-toplehrbetrieb-haelg-group_1800x1200-1024x683.jpg\" alt=\"Capture d'\u00e9cran du certificat \u00ab Top entreprise formatrice \u00bb, d\u00e9livr\u00e9 par suissetec.\" class=\"wp-image-46505 size-full\" srcset=\"https:\/\/haelg.ch\/app\/uploads\/2024\/11\/zertifikat-toplehrbetrieb-haelg-group_1800x1200-1024x683.jpg 1024w, https:\/\/haelg.ch\/app\/uploads\/2024\/11\/zertifikat-toplehrbetrieb-haelg-group_1800x1200-300x200.jpg 300w, https:\/\/haelg.ch\/app\/uploads\/2024\/11\/zertifikat-toplehrbetrieb-haelg-group_1800x1200-768x512.jpg 768w, https:\/\/haelg.ch\/app\/uploads\/2024\/11\/zertifikat-toplehrbetrieb-haelg-group_1800x1200-1536x1024.jpg 1536w, https:\/\/haelg.ch\/app\/uploads\/2024\/11\/zertifikat-toplehrbetrieb-haelg-group_1800x1200.jpg 1620w\" sizes=\"auto, (max-width: 1024px) 100vw, 1024px\" \/><\/a><\/figure><div class=\"wp-block-media-text__content\">\n<h3 class=\"wp-block-heading\">Top entreprise formatrice Technique du b\u00e2timent<\/h3>\n\n\n\n<p>Nous formons aujourd&rsquo;hui notre personnel sp\u00e9cialis\u00e9 de demain. La certification de l&rsquo;Association suisse et liechtensteinoise des techniciens du b\u00e2timent suissetec atteste notre engagement en faveur de la rel\u00e8ve dans la branche.<\/p>\n\n\n\n<div class=\"wp-block-buttons is-layout-flex wp-container-core-buttons-is-layout-168ce233 wp-block-buttons-is-layout-flex\">\n<div class=\"wp-block-button is-style-outline is-style-outline--7\"><a class=\"wp-block-button__link wp-element-button\" href=\"https:\/\/haelg.ch\/app\/uploads\/2026\/01\/2026_Certificat_Topentreprise_Haelg-Group.pdf\" target=\"_blank\" rel=\"noreferrer noopener\">Certificat Top entreprise formatrice<\/a><\/div>\n<\/div>\n<\/div><\/div>\n\n\n\n<div class=\"wp-block-media-text is-stacked-on-mobile is-style-stacked button-force-down has-lightgray-background-color has-background\"><figure class=\"wp-block-media-text__media\"><a href=\"https:\/\/www.kununu.com\/ch\/haelg-group\"><img decoding=\"async\" width=\"1024\" height=\"683\" loading=\"lazy\" loading=\"lazy\" loading=\"lazy\" src=\"https:\/\/haelg.ch\/app\/uploads\/2024\/11\/kununu-logo_1800x1200-1024x683.jpg\" alt=\"Logo Kununu en noir.\" class=\"wp-image-46507 size-full\" srcset=\"https:\/\/haelg.ch\/app\/uploads\/2024\/11\/kununu-logo_1800x1200-1024x683.jpg 1024w, https:\/\/haelg.ch\/app\/uploads\/2024\/11\/kununu-logo_1800x1200-300x200.jpg 300w, https:\/\/haelg.ch\/app\/uploads\/2024\/11\/kununu-logo_1800x1200-768x512.jpg 768w, https:\/\/haelg.ch\/app\/uploads\/2024\/11\/kununu-logo_1800x1200-1536x1024.jpg 1536w, https:\/\/haelg.ch\/app\/uploads\/2024\/11\/kununu-logo_1800x1200.jpg 1620w\" sizes=\"auto, (max-width: 1024px) 100vw, 1024px\" \/><\/a><\/figure><div class=\"wp-block-media-text__content\">\n<h3 class=\"wp-block-heading\">Kununu Top Company<\/h3>\n\n\n\n<p>Environ 5 % des entreprises pr\u00e9sentes sur Kununu obtiennent le label \u00abTop Company\u00bb gr\u00e2ce \u00e0 leurs \u00e9valuations. En 2026, nous avons re\u00e7u pour la cinqui\u00e8me fois cons\u00e9cutive le prix \u00abTop Company\u00bb Award.<\/p>\n\n\n\n<div class=\"wp-block-buttons is-layout-flex wp-container-core-buttons-is-layout-168ce233 wp-block-buttons-is-layout-flex\">\n<div class=\"wp-block-button is-style-outline is-style-outline--8\"><a class=\"wp-block-button__link wp-element-button\" href=\"https:\/\/www.kununu.com\/ch\/haelg-group\" target=\"_blank\" rel=\"noreferrer noopener\">Profil Kununu de H\u00e4lg&nbsp;Group<\/a><\/div>\n<\/div>\n<\/div><\/div>\n<\/div>\n<\/div>\n\n\n\n<div class=\"wp-block-group alignwide has-background-color has-secondary-background-color has-text-color has-background has-link-color wp-elements-6350fa1c91f0b1a1fb7a241ef192b618 is-layout-constrained wp-block-group-is-layout-constrained\">\n<div class=\"wp-block-group is-style-default is-layout-constrained wp-block-group-is-layout-constrained\">\n<h2 class=\"wp-block-heading has-text-align-center\">Nos affiliations<\/h2>\n\n\n\n<div class=\"wp-block-group is-style-col-3 is-style-slider is-layout-flex wp-container-core-group-is-layout-d0921e6e wp-block-group-is-layout-flex\">\n<div class=\"wp-block-group is-layout-constrained wp-block-group-is-layout-constrained\">\n<figure class=\"wp-block-image size-large\"><a href=\"https:\/\/www.thermische-netze.ch\/fr\/\" target=\"_blank\" rel=\" noreferrer noopener\"><img decoding=\"async\" width=\"1024\" height=\"537\" loading=\"lazy\" loading=\"lazy\" loading=\"lazy\" loading=\"lazy\" loading=\"lazy\" src=\"https:\/\/haelg.ch\/app\/uploads\/2025\/02\/logo-thermische-netze-1-1024x537.jpg\" alt=\"Logo Thermische Netze\" class=\"wp-image-61437\" srcset=\"https:\/\/haelg.ch\/app\/uploads\/2025\/02\/logo-thermische-netze-1-1024x537.jpg 1024w, https:\/\/haelg.ch\/app\/uploads\/2025\/02\/logo-thermische-netze-1-300x157.jpg 300w, https:\/\/haelg.ch\/app\/uploads\/2025\/02\/logo-thermische-netze-1-768x402.jpg 768w, https:\/\/haelg.ch\/app\/uploads\/2025\/02\/logo-thermische-netze-1.jpg 1080w\" sizes=\"auto, (max-width: 1024px) 100vw, 1024px\" \/><\/a><\/figure>\n<\/div>\n\n\n\n<div class=\"wp-block-group is-layout-constrained wp-block-group-is-layout-constrained\">\n<figure class=\"wp-block-image size-large\"><a href=\"https:\/\/suissetec.ch\/fr\/home.html\" target=\"_blank\" rel=\" noreferrer noopener\"><img decoding=\"async\" width=\"1024\" height=\"537\" loading=\"lazy\" loading=\"lazy\" loading=\"lazy\" loading=\"lazy\" loading=\"lazy\" src=\"https:\/\/haelg.ch\/app\/uploads\/2025\/02\/logo-suissetec-1024x537.png\" alt=\"Logo Suissetec\" class=\"wp-image-61416\" srcset=\"https:\/\/haelg.ch\/app\/uploads\/2025\/02\/logo-suissetec-1024x537.png 1024w, https:\/\/haelg.ch\/app\/uploads\/2025\/02\/logo-suissetec-300x157.png 300w, https:\/\/haelg.ch\/app\/uploads\/2025\/02\/logo-suissetec-768x402.png 768w, https:\/\/haelg.ch\/app\/uploads\/2025\/02\/logo-suissetec.png 1080w\" sizes=\"auto, (max-width: 1024px) 100vw, 1024px\" \/><\/a><\/figure>\n<\/div>\n\n\n\n<div class=\"wp-block-group is-vertical is-layout-flex wp-container-core-group-is-layout-fe9cc265 wp-block-group-is-layout-flex\">\n<figure class=\"wp-block-image size-large\"><a href=\"https:\/\/www.fws.ch\/fr\/\" target=\"_blank\" rel=\" noreferrer noopener\"><img decoding=\"async\" width=\"1024\" height=\"537\" loading=\"lazy\" loading=\"lazy\" loading=\"lazy\" loading=\"lazy\" loading=\"lazy\" src=\"https:\/\/haelg.ch\/app\/uploads\/2025\/02\/logo-gsp-1024x537.jpg\" alt=\"Logo Groupement professionnel suisse pour les pompes \u00e0 chaleur\" class=\"wp-image-61459\" srcset=\"https:\/\/haelg.ch\/app\/uploads\/2025\/02\/logo-gsp-1024x537.jpg 1024w, https:\/\/haelg.ch\/app\/uploads\/2025\/02\/logo-gsp-300x157.jpg 300w, https:\/\/haelg.ch\/app\/uploads\/2025\/02\/logo-gsp-768x402.jpg 768w, https:\/\/haelg.ch\/app\/uploads\/2025\/02\/logo-gsp.jpg 1080w\" sizes=\"auto, (max-width: 1024px) 100vw, 1024px\" \/><\/a><\/figure>\n<\/div>\n\n\n\n<div class=\"wp-block-group is-layout-constrained wp-block-group-is-layout-constrained\">\n<figure class=\"wp-block-image size-large\"><a href=\"http:\/\/www.gsgi.ch\/\" target=\"_blank\" rel=\" noreferrer noopener\"><img decoding=\"async\" width=\"1024\" height=\"537\" loading=\"lazy\" loading=\"lazy\" loading=\"lazy\" loading=\"lazy\" loading=\"lazy\" src=\"https:\/\/haelg.ch\/app\/uploads\/2025\/02\/logo-gsgi-1024x537.jpg\" alt=\"Logo GSGI\" class=\"wp-image-61410\" srcset=\"https:\/\/haelg.ch\/app\/uploads\/2025\/02\/logo-gsgi-1024x537.jpg 1024w, https:\/\/haelg.ch\/app\/uploads\/2025\/02\/logo-gsgi-300x157.jpg 300w, https:\/\/haelg.ch\/app\/uploads\/2025\/02\/logo-gsgi-768x402.jpg 768w, https:\/\/haelg.ch\/app\/uploads\/2025\/02\/logo-gsgi.jpg 1080w\" sizes=\"auto, (max-width: 1024px) 100vw, 1024px\" \/><\/a><\/figure>\n<\/div>\n\n\n\n<div class=\"wp-block-group is-vertical is-layout-flex wp-container-core-group-is-layout-fe9cc265 wp-block-group-is-layout-flex\">\n<figure class=\"wp-block-image size-large\"><a href=\"https:\/\/www.g-n-i.ch\/fr\/\" target=\"_blank\" rel=\" noreferrer noopener\"><img decoding=\"async\" width=\"1024\" height=\"537\" loading=\"lazy\" loading=\"lazy\" loading=\"lazy\" loading=\"lazy\" loading=\"lazy\" src=\"https:\/\/haelg.ch\/app\/uploads\/2025\/02\/logo-gni-fr-1024x537.jpg\" alt=\"Logo Initiative R\u00e9seau B\u00e2timent\" class=\"wp-image-61457\" srcset=\"https:\/\/haelg.ch\/app\/uploads\/2025\/02\/logo-gni-fr-1024x537.jpg 1024w, https:\/\/haelg.ch\/app\/uploads\/2025\/02\/logo-gni-fr-300x157.jpg 300w, https:\/\/haelg.ch\/app\/uploads\/2025\/02\/logo-gni-fr-768x402.jpg 768w, https:\/\/haelg.ch\/app\/uploads\/2025\/02\/logo-gni-fr.jpg 1080w\" sizes=\"auto, (max-width: 1024px) 100vw, 1024px\" \/><\/a><\/figure>\n<\/div>\n\n\n\n<div class=\"wp-block-group is-layout-constrained wp-block-group-is-layout-constrained\">\n<figure class=\"wp-block-image size-large\"><a href=\"https:\/\/www.minergie.ch\/fr\/\" target=\"_blank\" rel=\" noreferrer noopener\"><img decoding=\"async\" width=\"1024\" height=\"537\" loading=\"lazy\" loading=\"lazy\" loading=\"lazy\" loading=\"lazy\" loading=\"lazy\" src=\"https:\/\/haelg.ch\/app\/uploads\/2025\/02\/logo-minergie-1024x537.jpg\" alt=\"Logo Minergie\" class=\"wp-image-61412\" srcset=\"https:\/\/haelg.ch\/app\/uploads\/2025\/02\/logo-minergie-1024x537.jpg 1024w, https:\/\/haelg.ch\/app\/uploads\/2025\/02\/logo-minergie-300x157.jpg 300w, https:\/\/haelg.ch\/app\/uploads\/2025\/02\/logo-minergie-768x402.jpg 768w, https:\/\/haelg.ch\/app\/uploads\/2025\/02\/logo-minergie.jpg 1080w\" sizes=\"auto, (max-width: 1024px) 100vw, 1024px\" \/><\/a><\/figure>\n<\/div>\n\n\n\n<div class=\"wp-block-group is-layout-constrained wp-block-group-is-layout-constrained\">\n<figure class=\"wp-block-image size-large\"><a href=\"https:\/\/www.swisscleantech.ch\/fr\/\" target=\"_blank\" rel=\" noreferrer noopener\"><img decoding=\"async\" width=\"1024\" height=\"537\" loading=\"lazy\" loading=\"lazy\" loading=\"lazy\" loading=\"lazy\" loading=\"lazy\" src=\"https:\/\/haelg.ch\/app\/uploads\/2025\/02\/logo-sct-fr-1024x537.jpg\" alt=\"Logo Swiss Cleantech\" class=\"wp-image-61455\" srcset=\"https:\/\/haelg.ch\/app\/uploads\/2025\/02\/logo-sct-fr-1024x537.jpg 1024w, https:\/\/haelg.ch\/app\/uploads\/2025\/02\/logo-sct-fr-300x157.jpg 300w, https:\/\/haelg.ch\/app\/uploads\/2025\/02\/logo-sct-fr-768x402.jpg 768w, https:\/\/haelg.ch\/app\/uploads\/2025\/02\/logo-sct-fr.jpg 1080w\" sizes=\"auto, (max-width: 1024px) 100vw, 1024px\" \/><\/a><\/figure>\n<\/div>\n\n\n\n<div class=\"wp-block-group is-layout-constrained wp-block-group-is-layout-constrained\">\n<figure class=\"wp-block-image size-large\"><a href=\"https:\/\/www.svlw.ch\/\" target=\"_blank\" rel=\" noreferrer noopener\"><img decoding=\"async\" width=\"1024\" height=\"537\" loading=\"lazy\" loading=\"lazy\" loading=\"lazy\" loading=\"lazy\" loading=\"lazy\" src=\"https:\/\/haelg.ch\/app\/uploads\/2025\/02\/logo-svlw-1024x537.jpg\" alt=\"Logo SVLW\" class=\"wp-image-61429\" srcset=\"https:\/\/haelg.ch\/app\/uploads\/2025\/02\/logo-svlw-1024x537.jpg 1024w, https:\/\/haelg.ch\/app\/uploads\/2025\/02\/logo-svlw-300x157.jpg 300w, https:\/\/haelg.ch\/app\/uploads\/2025\/02\/logo-svlw-768x402.jpg 768w, https:\/\/haelg.ch\/app\/uploads\/2025\/02\/logo-svlw.jpg 1080w\" sizes=\"auto, (max-width: 1024px) 100vw, 1024px\" \/><\/a><\/figure>\n<\/div>\n\n\n\n<div class=\"wp-block-group is-layout-constrained wp-block-group-is-layout-constrained\">\n<figure class=\"wp-block-image size-large\"><a href=\"https:\/\/www.sgas.ch\/fr\" target=\"_blank\" rel=\" noreferrer noopener\"><img decoding=\"async\" width=\"1024\" height=\"537\" loading=\"lazy\" loading=\"lazy\" loading=\"lazy\" loading=\"lazy\" loading=\"lazy\" src=\"https:\/\/haelg.ch\/app\/uploads\/2025\/03\/ssst-logo-1024x537.jpg\" alt=\"SSST Logo\" class=\"wp-image-75309\" srcset=\"https:\/\/haelg.ch\/app\/uploads\/2025\/03\/ssst-logo-1024x537.jpg 1024w, https:\/\/haelg.ch\/app\/uploads\/2025\/03\/ssst-logo-300x157.jpg 300w, https:\/\/haelg.ch\/app\/uploads\/2025\/03\/ssst-logo-768x402.jpg 768w, https:\/\/haelg.ch\/app\/uploads\/2025\/03\/ssst-logo.jpg 1080w\" sizes=\"auto, (max-width: 1024px) 100vw, 1024px\" \/><\/a><\/figure>\n<\/div>\n\n\n\n<div class=\"wp-block-group is-layout-constrained wp-block-group-is-layout-constrained\">\n<figure class=\"wp-block-image size-large\"><a href=\"https:\/\/sgig.ch\/\" target=\"_blank\" rel=\" noreferrer noopener\"><img decoding=\"async\" width=\"1024\" height=\"537\" loading=\"lazy\" loading=\"lazy\" loading=\"lazy\" loading=\"lazy\" loading=\"lazy\" src=\"https:\/\/haelg.ch\/app\/uploads\/2025\/03\/sgig-logo-1024x537.jpg\" alt=\"Logo Studiengruppe f\u00fcr Gesundheitsschutz in Industrie, Dienstleistung und Gewerbe (SGIG)\" class=\"wp-image-75311\" srcset=\"https:\/\/haelg.ch\/app\/uploads\/2025\/03\/sgig-logo-1024x537.jpg 1024w, https:\/\/haelg.ch\/app\/uploads\/2025\/03\/sgig-logo-300x157.jpg 300w, https:\/\/haelg.ch\/app\/uploads\/2025\/03\/sgig-logo-768x402.jpg 768w, https:\/\/haelg.ch\/app\/uploads\/2025\/03\/sgig-logo.jpg 1080w\" sizes=\"auto, (max-width: 1024px) 100vw, 1024px\" \/><\/a><\/figure>\n<\/div>\n<\/div>\n<\/div>\n<\/div>\n\n\n\n<p><\/p>\n","protected":false},"excerpt":{"rendered":"<p>Nos certifications Gestion de la qualit\u00e9 Nos prestations offrent une haute qualit\u00e9 et de grands avantages aux clients. Nous appliquons un syst\u00e8me de gestion pour les divisions Technique du b\u00e2timent et Facility Management est conforme \u00e0 la norme internationale ISO 9001 : 2015 relative \u00e0 la gestion de la qualit\u00e9. Gestion environnementale Nous attachons une [&hellip;]<\/p>\n","protected":false},"author":1,"featured_media":0,"parent":51068,"menu_order":294,"comment_status":"closed","ping_status":"closed","template":"","meta":{"_acf_changed":false,"inline_featured_image":false,"footnotes":""},"kategorie":[],"angebot":[],"class_list":["post-51077","page","type-page","status-publish","hentry"],"acf":[],"yoast_head":"<!-- This site is optimized with the Yoast SEO plugin v27.3 - https:\/\/yoast.com\/product\/yoast-seo-wordpress\/ -->\n<title>Certifications et Affiliations | H\u00e4lg\u00a0Group<\/title>\n<meta name=\"description\" content=\"Obtenez un aper\u00e7u des certifications, des r\u00e9compenses, du r\u00e9seau et des affiliations de H\u00e4lg Group. En savoir plus ici.\" \/>\n<meta name=\"robots\" content=\"index, follow, max-snippet:-1, max-image-preview:large, max-video-preview:-1\" \/>\n<link rel=\"canonical\" href=\"https:\/\/haelg.ch\/fr\/entreprise\/certification-et-affiliations\/\" \/>\n<meta property=\"og:locale\" content=\"fr_FR\" \/>\n<meta property=\"og:type\" content=\"article\" \/>\n<meta property=\"og:title\" content=\"Certifications et Affiliations | H\u00e4lg\u00a0Group\" \/>\n<meta property=\"og:description\" content=\"Obtenez un aper\u00e7u des certifications, des r\u00e9compenses, du r\u00e9seau et des affiliations de H\u00e4lg Group. En savoir plus ici.\" \/>\n<meta property=\"og:url\" content=\"https:\/\/haelg.ch\/fr\/entreprise\/certification-et-affiliations\/\" \/>\n<meta property=\"og:site_name\" content=\"H\u00e4lg Group\" \/>\n<meta property=\"article:publisher\" content=\"https:\/\/www.facebook.com\/haelg.ch\" \/>\n<meta property=\"article:modified_time\" content=\"2026-04-08T07:37:44+00:00\" \/>\n<meta property=\"og:image\" content=\"https:\/\/haelg.ch\/app\/uploads\/2024\/11\/helm-schwedenmeter-plan-haelg-group_2400x2400.jpg\" \/>\n\t<meta property=\"og:image:width\" content=\"2400\" \/>\n\t<meta property=\"og:image:height\" content=\"2400\" \/>\n\t<meta property=\"og:image:type\" content=\"image\/jpeg\" \/>\n<meta name=\"twitter:card\" content=\"summary_large_image\" \/>\n<meta name=\"twitter:label1\" content=\"Dur\u00e9e de lecture estim\u00e9e\" \/>\n\t<meta name=\"twitter:data1\" content=\"6 minutes\" \/>\n<script type=\"application\/ld+json\" class=\"yoast-schema-graph\">{\"@context\":\"https:\\\/\\\/schema.org\",\"@graph\":[{\"@type\":\"WebPage\",\"@id\":\"https:\\\/\\\/haelg.ch\\\/fr\\\/entreprise\\\/certification-et-affiliations\\\/\",\"url\":\"https:\\\/\\\/haelg.ch\\\/fr\\\/entreprise\\\/certification-et-affiliations\\\/\",\"name\":\"Certifications et Affiliations | H\u00e4lg\u00a0Group\",\"isPartOf\":{\"@id\":\"https:\\\/\\\/haelg.ch\\\/fr\\\/#website\"},\"primaryImageOfPage\":{\"@id\":\"https:\\\/\\\/haelg.ch\\\/fr\\\/entreprise\\\/certification-et-affiliations\\\/#primaryimage\"},\"image\":{\"@id\":\"https:\\\/\\\/haelg.ch\\\/fr\\\/entreprise\\\/certification-et-affiliations\\\/#primaryimage\"},\"thumbnailUrl\":\"https:\\\/\\\/haelg.ch\\\/app\\\/uploads\\\/2024\\\/11\\\/helm-schwedenmeter-plan-haelg-group_2400x2400-1024x1024.jpg\",\"datePublished\":\"2024-09-24T09:09:48+00:00\",\"dateModified\":\"2026-04-08T07:37:44+00:00\",\"description\":\"Obtenez un aper\u00e7u des certifications, des r\u00e9compenses, du r\u00e9seau et des affiliations de H\u00e4lg Group. En savoir plus ici.\",\"breadcrumb\":{\"@id\":\"https:\\\/\\\/haelg.ch\\\/fr\\\/entreprise\\\/certification-et-affiliations\\\/#breadcrumb\"},\"inLanguage\":\"fr-FR\",\"potentialAction\":[{\"@type\":\"ReadAction\",\"target\":[\"https:\\\/\\\/haelg.ch\\\/fr\\\/entreprise\\\/certification-et-affiliations\\\/\"]}]},{\"@type\":\"ImageObject\",\"inLanguage\":\"fr-FR\",\"@id\":\"https:\\\/\\\/haelg.ch\\\/fr\\\/entreprise\\\/certification-et-affiliations\\\/#primaryimage\",\"url\":\"https:\\\/\\\/haelg.ch\\\/app\\\/uploads\\\/2024\\\/11\\\/helm-schwedenmeter-plan-haelg-group_2400x2400-1024x1024.jpg\",\"contentUrl\":\"https:\\\/\\\/haelg.ch\\\/app\\\/uploads\\\/2024\\\/11\\\/helm-schwedenmeter-plan-haelg-group_2400x2400-1024x1024.jpg\"},{\"@type\":\"BreadcrumbList\",\"@id\":\"https:\\\/\\\/haelg.ch\\\/fr\\\/entreprise\\\/certification-et-affiliations\\\/#breadcrumb\",\"itemListElement\":[{\"@type\":\"ListItem\",\"position\":1,\"name\":\"Accueil\",\"item\":\"https:\\\/\\\/haelg.ch\\\/fr\\\/\"},{\"@type\":\"ListItem\",\"position\":2,\"name\":\"H\u00e4lg\u00a0Group\",\"item\":\"https:\\\/\\\/haelg.ch\\\/fr\\\/entreprise\\\/\"},{\"@type\":\"ListItem\",\"position\":3,\"name\":\"Certifications et Affiliations\"}]},{\"@type\":\"WebSite\",\"@id\":\"https:\\\/\\\/haelg.ch\\\/fr\\\/#website\",\"url\":\"https:\\\/\\\/haelg.ch\\\/fr\\\/\",\"name\":\"H\u00e4lg Group\",\"description\":\"\",\"publisher\":{\"@id\":\"https:\\\/\\\/haelg.ch\\\/fr\\\/#organization\"},\"potentialAction\":[{\"@type\":\"SearchAction\",\"target\":{\"@type\":\"EntryPoint\",\"urlTemplate\":\"https:\\\/\\\/haelg.ch\\\/fr\\\/?s={search_term_string}\"},\"query-input\":{\"@type\":\"PropertyValueSpecification\",\"valueRequired\":true,\"valueName\":\"search_term_string\"}}],\"inLanguage\":\"fr-FR\"},{\"@type\":\"Organization\",\"@id\":\"https:\\\/\\\/haelg.ch\\\/fr\\\/#organization\",\"name\":\"H\u00e4lg Group\",\"url\":\"https:\\\/\\\/haelg.ch\\\/fr\\\/\",\"logo\":{\"@type\":\"ImageObject\",\"inLanguage\":\"fr-FR\",\"@id\":\"https:\\\/\\\/haelg.ch\\\/fr\\\/#\\\/schema\\\/logo\\\/image\\\/\",\"url\":\"https:\\\/\\\/haelg.ch\\\/app\\\/uploads\\\/2025\\\/01\\\/haelg-group-logo_1800x1200.jpg\",\"contentUrl\":\"https:\\\/\\\/haelg.ch\\\/app\\\/uploads\\\/2025\\\/01\\\/haelg-group-logo_1800x1200.jpg\",\"width\":1620,\"height\":1080,\"caption\":\"H\u00e4lg Group\"},\"image\":{\"@id\":\"https:\\\/\\\/haelg.ch\\\/fr\\\/#\\\/schema\\\/logo\\\/image\\\/\"},\"sameAs\":[\"https:\\\/\\\/www.facebook.com\\\/haelg.ch\",\"https:\\\/\\\/www.linkedin.com\\\/company\\\/haelggroup\\\/\",\"https:\\\/\\\/www.instagram.com\\\/haelg.group\\\/\",\"https:\\\/\\\/www.youtube.com\\\/channel\\\/UCCP6yzfvj3o6gA9J5L0QJCg\\\/videos\",\"https:\\\/\\\/www.kununu.com\\\/ch\\\/haelg-group\"]}]}<\/script>\n<!-- \/ Yoast SEO plugin. -->","yoast_head_json":{"title":"Certifications et Affiliations | H\u00e4lg\u00a0Group","description":"Obtenez un aper\u00e7u des certifications, des r\u00e9compenses, du r\u00e9seau et des affiliations de H\u00e4lg Group. En savoir plus ici.","robots":{"index":"index","follow":"follow","max-snippet":"max-snippet:-1","max-image-preview":"max-image-preview:large","max-video-preview":"max-video-preview:-1"},"canonical":"https:\/\/haelg.ch\/fr\/entreprise\/certification-et-affiliations\/","og_locale":"fr_FR","og_type":"article","og_title":"Certifications et Affiliations | H\u00e4lg\u00a0Group","og_description":"Obtenez un aper\u00e7u des certifications, des r\u00e9compenses, du r\u00e9seau et des affiliations de H\u00e4lg Group. En savoir plus ici.","og_url":"https:\/\/haelg.ch\/fr\/entreprise\/certification-et-affiliations\/","og_site_name":"H\u00e4lg Group","article_publisher":"https:\/\/www.facebook.com\/haelg.ch","article_modified_time":"2026-04-08T07:37:44+00:00","og_image":[{"width":2400,"height":2400,"url":"https:\/\/haelg.ch\/app\/uploads\/2024\/11\/helm-schwedenmeter-plan-haelg-group_2400x2400.jpg","type":"image\/jpeg"}],"twitter_card":"summary_large_image","twitter_misc":{"Dur\u00e9e de lecture estim\u00e9e":"6 minutes"},"schema":{"@context":"https:\/\/schema.org","@graph":[{"@type":"WebPage","@id":"https:\/\/haelg.ch\/fr\/entreprise\/certification-et-affiliations\/","url":"https:\/\/haelg.ch\/fr\/entreprise\/certification-et-affiliations\/","name":"Certifications et Affiliations | H\u00e4lg\u00a0Group","isPartOf":{"@id":"https:\/\/haelg.ch\/fr\/#website"},"primaryImageOfPage":{"@id":"https:\/\/haelg.ch\/fr\/entreprise\/certification-et-affiliations\/#primaryimage"},"image":{"@id":"https:\/\/haelg.ch\/fr\/entreprise\/certification-et-affiliations\/#primaryimage"},"thumbnailUrl":"https:\/\/haelg.ch\/app\/uploads\/2024\/11\/helm-schwedenmeter-plan-haelg-group_2400x2400-1024x1024.jpg","datePublished":"2024-09-24T09:09:48+00:00","dateModified":"2026-04-08T07:37:44+00:00","description":"Obtenez un aper\u00e7u des certifications, des r\u00e9compenses, du r\u00e9seau et des affiliations de H\u00e4lg Group. En savoir plus ici.","breadcrumb":{"@id":"https:\/\/haelg.ch\/fr\/entreprise\/certification-et-affiliations\/#breadcrumb"},"inLanguage":"fr-FR","potentialAction":[{"@type":"ReadAction","target":["https:\/\/haelg.ch\/fr\/entreprise\/certification-et-affiliations\/"]}]},{"@type":"ImageObject","inLanguage":"fr-FR","@id":"https:\/\/haelg.ch\/fr\/entreprise\/certification-et-affiliations\/#primaryimage","url":"https:\/\/haelg.ch\/app\/uploads\/2024\/11\/helm-schwedenmeter-plan-haelg-group_2400x2400-1024x1024.jpg","contentUrl":"https:\/\/haelg.ch\/app\/uploads\/2024\/11\/helm-schwedenmeter-plan-haelg-group_2400x2400-1024x1024.jpg"},{"@type":"BreadcrumbList","@id":"https:\/\/haelg.ch\/fr\/entreprise\/certification-et-affiliations\/#breadcrumb","itemListElement":[{"@type":"ListItem","position":1,"name":"Accueil","item":"https:\/\/haelg.ch\/fr\/"},{"@type":"ListItem","position":2,"name":"H\u00e4lg\u00a0Group","item":"https:\/\/haelg.ch\/fr\/entreprise\/"},{"@type":"ListItem","position":3,"name":"Certifications et Affiliations"}]},{"@type":"WebSite","@id":"https:\/\/haelg.ch\/fr\/#website","url":"https:\/\/haelg.ch\/fr\/","name":"H\u00e4lg Group","description":"","publisher":{"@id":"https:\/\/haelg.ch\/fr\/#organization"},"potentialAction":[{"@type":"SearchAction","target":{"@type":"EntryPoint","urlTemplate":"https:\/\/haelg.ch\/fr\/?s={search_term_string}"},"query-input":{"@type":"PropertyValueSpecification","valueRequired":true,"valueName":"search_term_string"}}],"inLanguage":"fr-FR"},{"@type":"Organization","@id":"https:\/\/haelg.ch\/fr\/#organization","name":"H\u00e4lg Group","url":"https:\/\/haelg.ch\/fr\/","logo":{"@type":"ImageObject","inLanguage":"fr-FR","@id":"https:\/\/haelg.ch\/fr\/#\/schema\/logo\/image\/","url":"https:\/\/haelg.ch\/app\/uploads\/2025\/01\/haelg-group-logo_1800x1200.jpg","contentUrl":"https:\/\/haelg.ch\/app\/uploads\/2025\/01\/haelg-group-logo_1800x1200.jpg","width":1620,"height":1080,"caption":"H\u00e4lg Group"},"image":{"@id":"https:\/\/haelg.ch\/fr\/#\/schema\/logo\/image\/"},"sameAs":["https:\/\/www.facebook.com\/haelg.ch","https:\/\/www.linkedin.com\/company\/haelggroup\/","https:\/\/www.instagram.com\/haelg.group\/","https:\/\/www.youtube.com\/channel\/UCCP6yzfvj3o6gA9J5L0QJCg\/videos","https:\/\/www.kununu.com\/ch\/haelg-group"]}]}},"_links":{"self":[{"href":"https:\/\/haelg.ch\/fr\/wp-json\/wp\/v2\/pages\/51077","targetHints":{"allow":["GET"]}}],"collection":[{"href":"https:\/\/haelg.ch\/fr\/wp-json\/wp\/v2\/pages"}],"about":[{"href":"https:\/\/haelg.ch\/fr\/wp-json\/wp\/v2\/types\/page"}],"author":[{"embeddable":true,"href":"https:\/\/haelg.ch\/fr\/wp-json\/wp\/v2\/users\/1"}],"replies":[{"embeddable":true,"href":"https:\/\/haelg.ch\/fr\/wp-json\/wp\/v2\/comments?post=51077"}],"version-history":[{"count":26,"href":"https:\/\/haelg.ch\/fr\/wp-json\/wp\/v2\/pages\/51077\/revisions"}],"predecessor-version":[{"id":227400,"href":"https:\/\/haelg.ch\/fr\/wp-json\/wp\/v2\/pages\/51077\/revisions\/227400"}],"up":[{"embeddable":true,"href":"https:\/\/haelg.ch\/fr\/wp-json\/wp\/v2\/pages\/51068"}],"wp:attachment":[{"href":"https:\/\/haelg.ch\/fr\/wp-json\/wp\/v2\/media?parent=51077"}],"wp:term":[{"taxonomy":"kategorie","embeddable":true,"href":"https:\/\/haelg.ch\/fr\/wp-json\/wp\/v2\/kategorie?post=51077"},{"taxonomy":"angebot","embeddable":true,"href":"https:\/\/haelg.ch\/fr\/wp-json\/wp\/v2\/angebot?post=51077"}],"curies":[{"name":"wp","href":"https:\/\/api.w.org\/{rel}","templated":true}]}}