{"id":51083,"date":"2024-09-30T11:27:03","date_gmt":"2024-09-30T09:27:03","guid":{"rendered":"https:\/\/dev-relaunch.haelg.ch\/?page_id=51083"},"modified":"2026-03-20T14:37:07","modified_gmt":"2026-03-20T13:37:07","slug":"blog","status":"publish","type":"page","link":"https:\/\/haelg.ch\/fr\/blog\/","title":{"rendered":"Blog"},"content":{"rendered":"\n<div class=\"wp-block-media-text alignwide is-stacked-on-mobile has-background-color has-secondary-background-color has-text-color has-background has-link-color wp-elements-25f55b743fe48313776536b644c6fe63\" style=\"grid-template-columns:60% auto\"><figure class=\"wp-block-media-text__media\"><img decoding=\"async\" width=\"1024\" height=\"1024\" loading=\"lazy\" src=\"https:\/\/haelg.ch\/app\/uploads\/2026\/03\/bwt-aesch-2025-22-haelg-group_2400x2400-1024x1024.jpg\" alt=\"Geb\u00e4udetechnik f\u00fcr BWT in Aesch durch die Klima AG Basel\" class=\"wp-image-220218 size-full\" srcset=\"https:\/\/haelg.ch\/app\/uploads\/2026\/03\/bwt-aesch-2025-22-haelg-group_2400x2400-1024x1024.jpg 1024w, https:\/\/haelg.ch\/app\/uploads\/2026\/03\/bwt-aesch-2025-22-haelg-group_2400x2400-300x300.jpg 300w, https:\/\/haelg.ch\/app\/uploads\/2026\/03\/bwt-aesch-2025-22-haelg-group_2400x2400-150x150.jpg 150w, https:\/\/haelg.ch\/app\/uploads\/2026\/03\/bwt-aesch-2025-22-haelg-group_2400x2400-768x768.jpg 768w, https:\/\/haelg.ch\/app\/uploads\/2026\/03\/bwt-aesch-2025-22-haelg-group_2400x2400-1536x1536.jpg 1536w, https:\/\/haelg.ch\/app\/uploads\/2026\/03\/bwt-aesch-2025-22-haelg-group_2400x2400-2048x2048.jpg 2048w\" sizes=\"auto, (max-width: 1024px) 100vw, 1024px\" \/><\/figure><div class=\"wp-block-media-text__content\"><div class=\"yoast-breadcrumbs\"><span><span><a href=\"https:\/\/haelg.ch\/fr\/\">Accueil<\/a><\/span> <span class=\"separator\"><\/span> <span class=\"breadcrumb_last\" aria-current=\"page\">Blog<\/span><\/span><\/div>\n\n\n<h1 class=\"wp-block-heading\">Blog de H\u00e4lg&nbsp;Group<\/h1>\n\n\n\n<p>Notre blog rend compte des projets et prestations r\u00e9alis\u00e9s avec succ\u00e8s. Il vous donne aussi la possibilit\u00e9 d&rsquo;en savoir plus sur nos collaboratrices et collaborateurs.<\/p>\n<\/div><\/div>\n\n\n\n<div class=\"wp-block-group is-layout-constrained wp-block-group-is-layout-constrained\">\n<div class=\"wp-block-query alignwide blog-query is-layout-constrained wp-block-query-is-layout-constrained\"><ul class=\"columns-3 alignwide wp-block-post-template is-layout-grid wp-container-core-post-template-is-layout-6d3fbd8f wp-block-post-template-is-layout-grid\"><li class=\"wp-block-post post-228284 post type-post status-publish format-standard has-post-thumbnail hentry category-haellg-group-en-tant-que-prestataire-de-services\">\n\n<div class=\"wp-block-media-text is-stacked-on-mobile is-style-stacked has-lightgray-background-color has-background\"><figure  class=\"wp-block-media-text__media\"><img decoding=\"async\" width=\"2400\" height=\"2400\" loading=\"lazy\" loading=\"lazy\" loading=\"lazy\" loading=\"lazy\" loading=\"lazy\" alt=\"Neubau des Kantonsspitals Aarau\" src=\"https:\/\/haelg.ch\/app\/uploads\/2026\/04\/kantonsspital-aarau-2025-24-haelg-group_2400x2400.jpg\" class=\"wp-image-228269 size-full\" srcset=\"https:\/\/haelg.ch\/app\/uploads\/2026\/04\/kantonsspital-aarau-2025-24-haelg-group_2400x2400.jpg 2400w, https:\/\/haelg.ch\/app\/uploads\/2026\/04\/kantonsspital-aarau-2025-24-haelg-group_2400x2400-300x300.jpg 300w, https:\/\/haelg.ch\/app\/uploads\/2026\/04\/kantonsspital-aarau-2025-24-haelg-group_2400x2400-1024x1024.jpg 1024w, https:\/\/haelg.ch\/app\/uploads\/2026\/04\/kantonsspital-aarau-2025-24-haelg-group_2400x2400-150x150.jpg 150w, https:\/\/haelg.ch\/app\/uploads\/2026\/04\/kantonsspital-aarau-2025-24-haelg-group_2400x2400-768x768.jpg 768w, https:\/\/haelg.ch\/app\/uploads\/2026\/04\/kantonsspital-aarau-2025-24-haelg-group_2400x2400-1536x1536.jpg 1536w, https:\/\/haelg.ch\/app\/uploads\/2026\/04\/kantonsspital-aarau-2025-24-haelg-group_2400x2400-2048x2048.jpg 2048w\" sizes=\"auto, (max-width: 2400px) 100vw, 2400px\" \/><\/figure><div class=\"wp-block-media-text__content\"><div class=\"wp-block-post-date has-small-font-size\"><time datetime=\"2026-04-13T08:16:22+02:00\">13.04.2026<\/time><\/div>\n\n<h3 class=\"wp-block-post-title has-x-large-font-size\"><a href=\"https:\/\/haelg.ch\/fr\/blog\/lexpertise-halg-pour-lhopital-du-futur-a-aarau\/\" target=\"_self\" >L\u2019expertise H\u00e4lg pour \u00abl\u2019h\u00f4pital du futur\u00bb \u00e0 Aarau<\/a><\/h3>\n\n\n<a class=\"outline-button\" href=\"https:\/\/haelg.ch\/fr\/blog\/lexpertise-halg-pour-lhopital-du-futur-a-aarau\/\" class=\"wp-block-button__link wp-element-button has-icon\">Vers l&rsquo;article<\/a>\n<\/div><\/div>\n\n<\/li><li class=\"wp-block-post post-227115 post type-post status-publish format-standard has-post-thumbnail hentry category-durabilite\">\n\n<div class=\"wp-block-media-text is-stacked-on-mobile is-style-stacked has-lightgray-background-color has-background\"><figure  class=\"wp-block-media-text__media\"><img decoding=\"async\" width=\"2400\" height=\"2400\" loading=\"lazy\" loading=\"lazy\" loading=\"lazy\" loading=\"lazy\" loading=\"lazy\" alt=\"Station\u00e4re Wasserstoff-Brennstoffzelle\" src=\"https:\/\/haelg.ch\/app\/uploads\/2024\/11\/stationaere-wasserstoff-brennstoffzelle-haelg-group.jpg\" class=\"wp-image-47370 size-full\" srcset=\"https:\/\/haelg.ch\/app\/uploads\/2024\/11\/stationaere-wasserstoff-brennstoffzelle-haelg-group.jpg 2400w, https:\/\/haelg.ch\/app\/uploads\/2024\/11\/stationaere-wasserstoff-brennstoffzelle-haelg-group-300x300.jpg 300w, https:\/\/haelg.ch\/app\/uploads\/2024\/11\/stationaere-wasserstoff-brennstoffzelle-haelg-group-1024x1024.jpg 1024w, https:\/\/haelg.ch\/app\/uploads\/2024\/11\/stationaere-wasserstoff-brennstoffzelle-haelg-group-150x150.jpg 150w, https:\/\/haelg.ch\/app\/uploads\/2024\/11\/stationaere-wasserstoff-brennstoffzelle-haelg-group-768x768.jpg 768w, https:\/\/haelg.ch\/app\/uploads\/2024\/11\/stationaere-wasserstoff-brennstoffzelle-haelg-group-1536x1536.jpg 1536w, https:\/\/haelg.ch\/app\/uploads\/2024\/11\/stationaere-wasserstoff-brennstoffzelle-haelg-group-2048x2048.jpg 2048w\" sizes=\"auto, (max-width: 2400px) 100vw, 2400px\" \/><\/figure><div class=\"wp-block-media-text__content\"><div class=\"wp-block-post-date has-small-font-size\"><time datetime=\"2026-04-10T08:00:00+02:00\">10.04.2026<\/time><\/div>\n\n<h3 class=\"wp-block-post-title has-x-large-font-size\"><a href=\"https:\/\/haelg.ch\/fr\/blog\/la-pile-a-combustible-a-hydrogene\/\" target=\"_self\" >La pile \u00e0 combustible \u00e0 hydrog\u00e8ne pour un mix \u00e9nerg\u00e9tique \u00e9cologique<\/a><\/h3>\n\n\n<a class=\"outline-button\" href=\"https:\/\/haelg.ch\/fr\/blog\/la-pile-a-combustible-a-hydrogene\/\" class=\"wp-block-button__link wp-element-button has-icon\">Vers l&rsquo;article<\/a>\n<\/div><\/div>\n\n<\/li><li class=\"wp-block-post post-214809 post type-post status-publish format-standard has-post-thumbnail hentry category-haellg-group-en-tant-que-prestataire-de-services\">\n\n<div class=\"wp-block-media-text is-stacked-on-mobile is-style-stacked has-lightgray-background-color has-background\"><figure  class=\"wp-block-media-text__media\"><img decoding=\"async\" width=\"2400\" height=\"2400\" loading=\"lazy\" loading=\"lazy\" loading=\"lazy\" loading=\"lazy\" loading=\"lazy\" alt=\"L\u00fcftungsanlage auf dem Dach von Huber Kunststoffe AG in Gossau\" src=\"https:\/\/haelg.ch\/app\/uploads\/2026\/03\/huber-kunststoffe-ag-gossau-2025-36-haelg-group_2400x2400.jpg\" class=\"wp-image-214800 size-full\" srcset=\"https:\/\/haelg.ch\/app\/uploads\/2026\/03\/huber-kunststoffe-ag-gossau-2025-36-haelg-group_2400x2400.jpg 2400w, https:\/\/haelg.ch\/app\/uploads\/2026\/03\/huber-kunststoffe-ag-gossau-2025-36-haelg-group_2400x2400-300x300.jpg 300w, https:\/\/haelg.ch\/app\/uploads\/2026\/03\/huber-kunststoffe-ag-gossau-2025-36-haelg-group_2400x2400-1024x1024.jpg 1024w, https:\/\/haelg.ch\/app\/uploads\/2026\/03\/huber-kunststoffe-ag-gossau-2025-36-haelg-group_2400x2400-150x150.jpg 150w, https:\/\/haelg.ch\/app\/uploads\/2026\/03\/huber-kunststoffe-ag-gossau-2025-36-haelg-group_2400x2400-768x768.jpg 768w, https:\/\/haelg.ch\/app\/uploads\/2026\/03\/huber-kunststoffe-ag-gossau-2025-36-haelg-group_2400x2400-1536x1536.jpg 1536w, https:\/\/haelg.ch\/app\/uploads\/2026\/03\/huber-kunststoffe-ag-gossau-2025-36-haelg-group_2400x2400-2048x2048.jpg 2048w\" sizes=\"auto, (max-width: 2400px) 100vw, 2400px\" \/><\/figure><div class=\"wp-block-media-text__content\"><div class=\"wp-block-post-date has-small-font-size\"><time datetime=\"2026-03-16T07:54:08+01:00\">16.03.2026<\/time><\/div>\n\n<h3 class=\"wp-block-post-title has-x-large-font-size\"><a href=\"https:\/\/haelg.ch\/fr\/blog\/centrale-de-ventilation-sur-le-toit-un-point-de-mire\/\" target=\"_self\" >Centrale de ventilation sur le toit, un point de mire<\/a><\/h3>\n\n\n<a class=\"outline-button\" href=\"https:\/\/haelg.ch\/fr\/blog\/centrale-de-ventilation-sur-le-toit-un-point-de-mire\/\" class=\"wp-block-button__link wp-element-button has-icon\">Vers l&rsquo;article<\/a>\n<\/div><\/div>\n\n<\/li><li class=\"wp-block-post post-210372 post type-post status-publish format-standard has-post-thumbnail hentry category-focus-sur-les-collaborateurs category-haelg-group-comme-employeur category-mitarbeitende-im-fokus\">\n\n<div class=\"wp-block-media-text is-stacked-on-mobile is-style-stacked has-lightgray-background-color has-background\"><figure  class=\"wp-block-media-text__media\"><img decoding=\"async\" width=\"1000\" height=\"1000\" loading=\"lazy\" loading=\"lazy\" loading=\"lazy\" loading=\"lazy\" loading=\"lazy\" alt=\"Ansia Ashrafi\" src=\"https:\/\/haelg.ch\/app\/uploads\/2026\/02\/ansia-ashrafi-haelg-group.png\" class=\"wp-image-210366 size-full\" srcset=\"https:\/\/haelg.ch\/app\/uploads\/2026\/02\/ansia-ashrafi-haelg-group.png 1000w, https:\/\/haelg.ch\/app\/uploads\/2026\/02\/ansia-ashrafi-haelg-group-300x300.png 300w, https:\/\/haelg.ch\/app\/uploads\/2026\/02\/ansia-ashrafi-haelg-group-150x150.png 150w, https:\/\/haelg.ch\/app\/uploads\/2026\/02\/ansia-ashrafi-haelg-group-768x768.png 768w\" sizes=\"auto, (max-width: 1000px) 100vw, 1000px\" \/><\/figure><div class=\"wp-block-media-text__content\"><div class=\"wp-block-post-date has-small-font-size\"><time datetime=\"2026-02-23T15:41:25+01:00\">23.02.2026<\/time><\/div>\n\n<h3 class=\"wp-block-post-title has-x-large-font-size\"><a href=\"https:\/\/haelg.ch\/fr\/blog\/de-lafghanistan-a-la-suisse-le-parcours-dansia\/\" target=\"_self\" >De l\u2019Afghanistan \u00e0 la Suisse, le parcours d\u2019Ansia<\/a><\/h3>\n\n\n<a class=\"outline-button\" href=\"https:\/\/haelg.ch\/fr\/blog\/de-lafghanistan-a-la-suisse-le-parcours-dansia\/\" class=\"wp-block-button__link wp-element-button has-icon\">Vers l&rsquo;article<\/a>\n<\/div><\/div>\n\n<\/li><li class=\"wp-block-post post-191031 post type-post status-publish format-standard has-post-thumbnail hentry category-non-classifiee\">\n\n<div class=\"wp-block-media-text is-stacked-on-mobile is-style-stacked has-lightgray-background-color has-background\"><figure  class=\"wp-block-media-text__media\"><img decoding=\"async\" width=\"2400\" height=\"2400\" loading=\"lazy\" loading=\"lazy\" loading=\"lazy\" loading=\"lazy\" loading=\"lazy\" alt=\"Projektleiter der Klima AG in Basel steht vor einer L\u00fcftungsanlage mit einem Plan in der Hand.\" src=\"https:\/\/haelg.ch\/app\/uploads\/2026\/01\/dsm-sisseln-20240529-34-haelg-group_2400x2400.jpg\" class=\"wp-image-190738 size-full\" srcset=\"https:\/\/haelg.ch\/app\/uploads\/2026\/01\/dsm-sisseln-20240529-34-haelg-group_2400x2400.jpg 2400w, https:\/\/haelg.ch\/app\/uploads\/2026\/01\/dsm-sisseln-20240529-34-haelg-group_2400x2400-300x300.jpg 300w, https:\/\/haelg.ch\/app\/uploads\/2026\/01\/dsm-sisseln-20240529-34-haelg-group_2400x2400-1024x1024.jpg 1024w, https:\/\/haelg.ch\/app\/uploads\/2026\/01\/dsm-sisseln-20240529-34-haelg-group_2400x2400-150x150.jpg 150w, https:\/\/haelg.ch\/app\/uploads\/2026\/01\/dsm-sisseln-20240529-34-haelg-group_2400x2400-768x768.jpg 768w, https:\/\/haelg.ch\/app\/uploads\/2026\/01\/dsm-sisseln-20240529-34-haelg-group_2400x2400-1536x1536.jpg 1536w, https:\/\/haelg.ch\/app\/uploads\/2026\/01\/dsm-sisseln-20240529-34-haelg-group_2400x2400-2048x2048.jpg 2048w\" sizes=\"auto, (max-width: 2400px) 100vw, 2400px\" \/><\/figure><div class=\"wp-block-media-text__content\"><div class=\"wp-block-post-date has-small-font-size\"><time datetime=\"2026-01-08T09:05:01+01:00\">08.01.2026<\/time><\/div>\n\n<h3 class=\"wp-block-post-title has-x-large-font-size\"><a href=\"https:\/\/haelg.ch\/fr\/blog\/une-unite-de-production-equipee-pour-le-marche-mondial\/\" target=\"_self\" >Une unit\u00e9 de production \u00e9quip\u00e9e pour le march\u00e9 mondial<\/a><\/h3>\n\n\n<a class=\"outline-button\" href=\"https:\/\/haelg.ch\/fr\/blog\/une-unite-de-production-equipee-pour-le-marche-mondial\/\" class=\"wp-block-button__link wp-element-button has-icon\">Vers l&rsquo;article<\/a>\n<\/div><\/div>\n\n<\/li><li class=\"wp-block-post post-174342 post type-post status-publish format-standard has-post-thumbnail hentry category-haelg-group-comme-employeur category-haellg-group-en-tant-que-prestataire-de-services\">\n\n<div class=\"wp-block-media-text is-stacked-on-mobile is-style-stacked has-lightgray-background-color has-background\"><figure  class=\"wp-block-media-text__media\"><img decoding=\"async\" width=\"2400\" height=\"2400\" loading=\"lazy\" loading=\"lazy\" loading=\"lazy\" loading=\"lazy\" loading=\"lazy\" alt=\"Jubil\u00e4umsfeier 25 Jahre H\u00e4lg Facility Management AG\" src=\"https:\/\/haelg.ch\/app\/uploads\/2025\/11\/25-jahre-jubilaeumsfeier-hfm-20251108-357-haelg-group_2400x2400.jpg\" class=\"wp-image-170997 size-full\" srcset=\"https:\/\/haelg.ch\/app\/uploads\/2025\/11\/25-jahre-jubilaeumsfeier-hfm-20251108-357-haelg-group_2400x2400.jpg 2400w, https:\/\/haelg.ch\/app\/uploads\/2025\/11\/25-jahre-jubilaeumsfeier-hfm-20251108-357-haelg-group_2400x2400-300x300.jpg 300w, https:\/\/haelg.ch\/app\/uploads\/2025\/11\/25-jahre-jubilaeumsfeier-hfm-20251108-357-haelg-group_2400x2400-1024x1024.jpg 1024w, https:\/\/haelg.ch\/app\/uploads\/2025\/11\/25-jahre-jubilaeumsfeier-hfm-20251108-357-haelg-group_2400x2400-150x150.jpg 150w, https:\/\/haelg.ch\/app\/uploads\/2025\/11\/25-jahre-jubilaeumsfeier-hfm-20251108-357-haelg-group_2400x2400-768x768.jpg 768w, https:\/\/haelg.ch\/app\/uploads\/2025\/11\/25-jahre-jubilaeumsfeier-hfm-20251108-357-haelg-group_2400x2400-1536x1536.jpg 1536w, https:\/\/haelg.ch\/app\/uploads\/2025\/11\/25-jahre-jubilaeumsfeier-hfm-20251108-357-haelg-group_2400x2400-2048x2048.jpg 2048w\" sizes=\"auto, (max-width: 2400px) 100vw, 2400px\" \/><\/figure><div class=\"wp-block-media-text__content\"><div class=\"wp-block-post-date has-small-font-size\"><time datetime=\"2025-12-04T07:42:36+01:00\">04.12.2025<\/time><\/div>\n\n<h3 class=\"wp-block-post-title has-x-large-font-size\"><a href=\"https:\/\/haelg.ch\/fr\/blog\/une-evolution-reussie-haelg-facility-management-ag-a-25-ans\/\" target=\"_self\" >Une \u00e9volution r\u00e9ussie: H\u00e4lg\u00a0Facility\u00a0Management\u00a0AG a 25\u00a0ans<\/a><\/h3>\n\n\n<a class=\"outline-button\" href=\"https:\/\/haelg.ch\/fr\/blog\/une-evolution-reussie-haelg-facility-management-ag-a-25-ans\/\" class=\"wp-block-button__link wp-element-button has-icon\">Vers l&rsquo;article<\/a>\n<\/div><\/div>\n\n<\/li><li class=\"wp-block-post post-78533 post type-post status-publish format-standard has-post-thumbnail hentry category-haellg-group-en-tant-que-prestataire-de-services\">\n\n<div class=\"wp-block-media-text is-stacked-on-mobile is-style-stacked has-lightgray-background-color has-background\"><figure  class=\"wp-block-media-text__media\"><img decoding=\"async\" width=\"2400\" height=\"2400\" loading=\"lazy\" loading=\"lazy\" loading=\"lazy\" loading=\"lazy\" loading=\"lazy\" alt=\"Referenzprojekt Schweizerische Botschaft in Riad, Saudi Arabien\" src=\"https:\/\/haelg.ch\/app\/uploads\/2025\/03\/referenz-schweizerische-botschaft-saudi-arabien-haelg-group_2400x2400.jpg\" class=\"wp-image-69756 size-full\" srcset=\"https:\/\/haelg.ch\/app\/uploads\/2025\/03\/referenz-schweizerische-botschaft-saudi-arabien-haelg-group_2400x2400.jpg 2400w, https:\/\/haelg.ch\/app\/uploads\/2025\/03\/referenz-schweizerische-botschaft-saudi-arabien-haelg-group_2400x2400-300x300.jpg 300w, https:\/\/haelg.ch\/app\/uploads\/2025\/03\/referenz-schweizerische-botschaft-saudi-arabien-haelg-group_2400x2400-1024x1024.jpg 1024w, https:\/\/haelg.ch\/app\/uploads\/2025\/03\/referenz-schweizerische-botschaft-saudi-arabien-haelg-group_2400x2400-150x150.jpg 150w, https:\/\/haelg.ch\/app\/uploads\/2025\/03\/referenz-schweizerische-botschaft-saudi-arabien-haelg-group_2400x2400-768x768.jpg 768w, https:\/\/haelg.ch\/app\/uploads\/2025\/03\/referenz-schweizerische-botschaft-saudi-arabien-haelg-group_2400x2400-1536x1536.jpg 1536w, https:\/\/haelg.ch\/app\/uploads\/2025\/03\/referenz-schweizerische-botschaft-saudi-arabien-haelg-group_2400x2400-2048x2048.jpg 2048w\" sizes=\"auto, (max-width: 2400px) 100vw, 2400px\" \/><\/figure><div class=\"wp-block-media-text__content\"><div class=\"wp-block-post-date has-small-font-size\"><time datetime=\"2025-11-17T06:00:00+01:00\">17.11.2025<\/time><\/div>\n\n<h3 class=\"wp-block-post-title has-x-large-font-size\"><a href=\"https:\/\/haelg.ch\/fr\/blog\/ventilation-et-climatisation-pour-l-ambassade-a-riyad\/\" target=\"_self\" >Ventilation et climatisation assainies loin de la Suisse<\/a><\/h3>\n\n\n<a class=\"outline-button\" href=\"https:\/\/haelg.ch\/fr\/blog\/ventilation-et-climatisation-pour-l-ambassade-a-riyad\/\" class=\"wp-block-button__link wp-element-button has-icon\">Vers l&rsquo;article<\/a>\n<\/div><\/div>\n\n<\/li><li class=\"wp-block-post post-158807 post type-post status-publish format-standard has-post-thumbnail hentry category-focus-sur-les-collaborateurs category-haelg-group-comme-employeur\">\n\n<div class=\"wp-block-media-text is-stacked-on-mobile is-style-stacked has-lightgray-background-color has-background\"><figure  class=\"wp-block-media-text__media\"><img decoding=\"async\" width=\"2400\" height=\"2400\" loading=\"lazy\" loading=\"lazy\" loading=\"lazy\" loading=\"lazy\" loading=\"lazy\" alt=\"Marjan Mataj, Niederlassungsleiter der Dober AG in Schlieren.\" src=\"https:\/\/haelg.ch\/app\/uploads\/2025\/10\/marjan-mataj-niederlassungsleiter-dober-ag-schlieren_2400x2400.jpg\" class=\"wp-image-157875 size-full\" srcset=\"https:\/\/haelg.ch\/app\/uploads\/2025\/10\/marjan-mataj-niederlassungsleiter-dober-ag-schlieren_2400x2400.jpg 2400w, https:\/\/haelg.ch\/app\/uploads\/2025\/10\/marjan-mataj-niederlassungsleiter-dober-ag-schlieren_2400x2400-300x300.jpg 300w, https:\/\/haelg.ch\/app\/uploads\/2025\/10\/marjan-mataj-niederlassungsleiter-dober-ag-schlieren_2400x2400-1024x1024.jpg 1024w, https:\/\/haelg.ch\/app\/uploads\/2025\/10\/marjan-mataj-niederlassungsleiter-dober-ag-schlieren_2400x2400-150x150.jpg 150w, https:\/\/haelg.ch\/app\/uploads\/2025\/10\/marjan-mataj-niederlassungsleiter-dober-ag-schlieren_2400x2400-768x768.jpg 768w, https:\/\/haelg.ch\/app\/uploads\/2025\/10\/marjan-mataj-niederlassungsleiter-dober-ag-schlieren_2400x2400-1536x1536.jpg 1536w, https:\/\/haelg.ch\/app\/uploads\/2025\/10\/marjan-mataj-niederlassungsleiter-dober-ag-schlieren_2400x2400-2048x2048.jpg 2048w\" sizes=\"auto, (max-width: 2400px) 100vw, 2400px\" \/><\/figure><div class=\"wp-block-media-text__content\"><div class=\"wp-block-post-date has-small-font-size\"><time datetime=\"2025-10-28T06:00:00+01:00\">28.10.2025<\/time><\/div>\n\n<h3 class=\"wp-block-post-title has-x-large-font-size\"><a href=\"https:\/\/haelg.ch\/fr\/blog\/dober-ag-et-halg-group-quand-une-reprise-de-societe-devient-une-source-dopportunite\/\" target=\"_self\" >Dober\u00a0AG et H\u00e4lg Group: quand une reprise de soci\u00e9t\u00e9 devient une source d\u2019opportunit\u00e9<\/a><\/h3>\n\n\n<a class=\"outline-button\" href=\"https:\/\/haelg.ch\/fr\/blog\/dober-ag-et-halg-group-quand-une-reprise-de-societe-devient-une-source-dopportunite\/\" class=\"wp-block-button__link wp-element-button has-icon\">Vers l&rsquo;article<\/a>\n<\/div><\/div>\n\n<\/li><li class=\"wp-block-post post-152332 post type-post status-publish format-standard has-post-thumbnail hentry category-durabilite\">\n\n<div class=\"wp-block-media-text is-stacked-on-mobile is-style-stacked has-lightgray-background-color has-background\"><figure  class=\"wp-block-media-text__media\"><img decoding=\"async\" width=\"2400\" height=\"2400\" loading=\"lazy\" loading=\"lazy\" loading=\"lazy\" loading=\"lazy\" loading=\"lazy\" alt=\"Telli Aarau\" src=\"https:\/\/haelg.ch\/app\/uploads\/2025\/10\/telli-aarau-20221129-32-haelg-group_2400x2400.jpg\" class=\"wp-image-152327 size-full\" srcset=\"https:\/\/haelg.ch\/app\/uploads\/2025\/10\/telli-aarau-20221129-32-haelg-group_2400x2400.jpg 2400w, https:\/\/haelg.ch\/app\/uploads\/2025\/10\/telli-aarau-20221129-32-haelg-group_2400x2400-300x300.jpg 300w, https:\/\/haelg.ch\/app\/uploads\/2025\/10\/telli-aarau-20221129-32-haelg-group_2400x2400-1024x1024.jpg 1024w, https:\/\/haelg.ch\/app\/uploads\/2025\/10\/telli-aarau-20221129-32-haelg-group_2400x2400-150x150.jpg 150w, https:\/\/haelg.ch\/app\/uploads\/2025\/10\/telli-aarau-20221129-32-haelg-group_2400x2400-768x768.jpg 768w, https:\/\/haelg.ch\/app\/uploads\/2025\/10\/telli-aarau-20221129-32-haelg-group_2400x2400-1536x1536.jpg 1536w, https:\/\/haelg.ch\/app\/uploads\/2025\/10\/telli-aarau-20221129-32-haelg-group_2400x2400-2048x2048.jpg 2048w\" sizes=\"auto, (max-width: 2400px) 100vw, 2400px\" \/><\/figure><div class=\"wp-block-media-text__content\"><div class=\"wp-block-post-date has-small-font-size\"><time datetime=\"2025-10-09T07:33:47+02:00\">09.10.2025<\/time><\/div>\n\n<h3 class=\"wp-block-post-title has-x-large-font-size\"><a href=\"https:\/\/haelg.ch\/fr\/blog\/des-objectifs-climatiques-solides-notre-trajectoire-de-reduction-des-emissions-de-co%e2%82%82\/\" target=\"_self\" >Des objectifs climatiques solides: notre trajectoire de r\u00e9duction des \u00e9missions de CO\u2082<\/a><\/h3>\n\n\n<a class=\"outline-button\" href=\"https:\/\/haelg.ch\/fr\/blog\/des-objectifs-climatiques-solides-notre-trajectoire-de-reduction-des-emissions-de-co%e2%82%82\/\" class=\"wp-block-button__link wp-element-button has-icon\">Vers l&rsquo;article<\/a>\n<\/div><\/div>\n\n<\/li><li class=\"wp-block-post post-127605 post type-post status-publish format-standard has-post-thumbnail hentry category-haellg-group-en-tant-que-prestataire-de-services\">\n\n<div class=\"wp-block-media-text is-stacked-on-mobile is-style-stacked has-lightgray-background-color has-background\"><figure  class=\"wp-block-media-text__media\"><img decoding=\"async\" width=\"2400\" height=\"2400\" loading=\"lazy\" loading=\"lazy\" loading=\"lazy\" loading=\"lazy\" loading=\"lazy\" alt=\"SAV H\u00e4lg &amp; Cie SA Fribourg\" src=\"https:\/\/haelg.ch\/app\/uploads\/2025\/09\/sav-fribourg-haelg-group.jpg\" class=\"wp-image-136547 size-full\" srcset=\"https:\/\/haelg.ch\/app\/uploads\/2025\/09\/sav-fribourg-haelg-group.jpg 2400w, https:\/\/haelg.ch\/app\/uploads\/2025\/09\/sav-fribourg-haelg-group-300x300.jpg 300w, https:\/\/haelg.ch\/app\/uploads\/2025\/09\/sav-fribourg-haelg-group-1024x1024.jpg 1024w, https:\/\/haelg.ch\/app\/uploads\/2025\/09\/sav-fribourg-haelg-group-150x150.jpg 150w, https:\/\/haelg.ch\/app\/uploads\/2025\/09\/sav-fribourg-haelg-group-768x768.jpg 768w, https:\/\/haelg.ch\/app\/uploads\/2025\/09\/sav-fribourg-haelg-group-1536x1536.jpg 1536w, https:\/\/haelg.ch\/app\/uploads\/2025\/09\/sav-fribourg-haelg-group-2048x2048.jpg 2048w\" sizes=\"auto, (max-width: 2400px) 100vw, 2400px\" \/><\/figure><div class=\"wp-block-media-text__content\"><div class=\"wp-block-post-date has-small-font-size\"><time datetime=\"2025-09-08T11:12:56+02:00\">08.09.2025<\/time><\/div>\n\n<h3 class=\"wp-block-post-title has-x-large-font-size\"><a href=\"https:\/\/haelg.ch\/fr\/blog\/plateforme-numerique-pour-le-sav-technique-du-batiment\/\" target=\"_self\" >Plateforme num\u00e9rique pour le SAV Technique du b\u00e2timent<\/a><\/h3>\n\n\n<a class=\"outline-button\" href=\"https:\/\/haelg.ch\/fr\/blog\/plateforme-numerique-pour-le-sav-technique-du-batiment\/\" class=\"wp-block-button__link wp-element-button has-icon\">Vers l&rsquo;article<\/a>\n<\/div><\/div>\n\n<\/li><li class=\"wp-block-post post-130055 post type-post status-publish format-standard has-post-thumbnail hentry category-focus-sur-les-collaborateurs category-haelg-group-comme-employeur\">\n\n<div class=\"wp-block-media-text is-stacked-on-mobile is-style-stacked has-lightgray-background-color has-background\"><figure  class=\"wp-block-media-text__media\"><img decoding=\"async\" width=\"2400\" height=\"2400\" loading=\"lazy\" loading=\"lazy\" loading=\"lazy\" loading=\"lazy\" loading=\"lazy\" alt=\"Bruno Conte am 100-Jahr-Jubil\u00e4um der H\u00e4lg Group\" src=\"https:\/\/haelg.ch\/app\/uploads\/2025\/08\/bruno-conte-100-jahr-jubilaeum-haelg-group_2400x2400.jpg\" class=\"wp-image-129348 size-full\" srcset=\"https:\/\/haelg.ch\/app\/uploads\/2025\/08\/bruno-conte-100-jahr-jubilaeum-haelg-group_2400x2400.jpg 2400w, https:\/\/haelg.ch\/app\/uploads\/2025\/08\/bruno-conte-100-jahr-jubilaeum-haelg-group_2400x2400-300x300.jpg 300w, https:\/\/haelg.ch\/app\/uploads\/2025\/08\/bruno-conte-100-jahr-jubilaeum-haelg-group_2400x2400-1024x1024.jpg 1024w, https:\/\/haelg.ch\/app\/uploads\/2025\/08\/bruno-conte-100-jahr-jubilaeum-haelg-group_2400x2400-150x150.jpg 150w, https:\/\/haelg.ch\/app\/uploads\/2025\/08\/bruno-conte-100-jahr-jubilaeum-haelg-group_2400x2400-768x768.jpg 768w, https:\/\/haelg.ch\/app\/uploads\/2025\/08\/bruno-conte-100-jahr-jubilaeum-haelg-group_2400x2400-1536x1536.jpg 1536w, https:\/\/haelg.ch\/app\/uploads\/2025\/08\/bruno-conte-100-jahr-jubilaeum-haelg-group_2400x2400-2048x2048.jpg 2048w\" sizes=\"auto, (max-width: 2400px) 100vw, 2400px\" \/><\/figure><div class=\"wp-block-media-text__content\"><div class=\"wp-block-post-date has-small-font-size\"><time datetime=\"2025-08-20T11:11:04+02:00\">20.08.2025<\/time><\/div>\n\n<h3 class=\"wp-block-post-title has-x-large-font-size\"><a href=\"https:\/\/haelg.ch\/fr\/blog\/46-annees-de-fidelite-et-de-fierte-les-liens-etroits-entre-bruno-conte-et-halg-group\/\" target=\"_self\" >46 ann\u00e9es de fid\u00e9lit\u00e9 et de fiert\u00e9: les liens \u00e9troits entre Bruno Conte et H\u00e4lg\u00a0Group<\/a><\/h3>\n\n\n<a class=\"outline-button\" href=\"https:\/\/haelg.ch\/fr\/blog\/46-annees-de-fidelite-et-de-fierte-les-liens-etroits-entre-bruno-conte-et-halg-group\/\" class=\"wp-block-button__link wp-element-button has-icon\">Vers l&rsquo;article<\/a>\n<\/div><\/div>\n\n<\/li><li class=\"wp-block-post post-52430 post type-post status-publish format-standard has-post-thumbnail hentry category-haellg-group-en-tant-que-prestataire-de-services\">\n\n<div class=\"wp-block-media-text is-stacked-on-mobile is-style-stacked has-lightgray-background-color has-background\"><figure  class=\"wp-block-media-text__media\"><img decoding=\"async\" width=\"2400\" height=\"2400\" loading=\"lazy\" loading=\"lazy\" loading=\"lazy\" loading=\"lazy\" loading=\"lazy\" alt=\"Henz Areal in Suhr\" src=\"https:\/\/haelg.ch\/app\/uploads\/2025\/01\/henz-areal-suhr-haelg-group_2400x2400.jpg\" class=\"wp-image-52412 size-full\" srcset=\"https:\/\/haelg.ch\/app\/uploads\/2025\/01\/henz-areal-suhr-haelg-group_2400x2400.jpg 2400w, https:\/\/haelg.ch\/app\/uploads\/2025\/01\/henz-areal-suhr-haelg-group_2400x2400-300x300.jpg 300w, https:\/\/haelg.ch\/app\/uploads\/2025\/01\/henz-areal-suhr-haelg-group_2400x2400-1024x1024.jpg 1024w, https:\/\/haelg.ch\/app\/uploads\/2025\/01\/henz-areal-suhr-haelg-group_2400x2400-150x150.jpg 150w, https:\/\/haelg.ch\/app\/uploads\/2025\/01\/henz-areal-suhr-haelg-group_2400x2400-768x768.jpg 768w, https:\/\/haelg.ch\/app\/uploads\/2025\/01\/henz-areal-suhr-haelg-group_2400x2400-1536x1536.jpg 1536w, https:\/\/haelg.ch\/app\/uploads\/2025\/01\/henz-areal-suhr-haelg-group_2400x2400-2048x2048.jpg 2048w\" sizes=\"auto, (max-width: 2400px) 100vw, 2400px\" \/><\/figure><div class=\"wp-block-media-text__content\"><div class=\"wp-block-post-date has-small-font-size\"><time datetime=\"2025-07-28T06:00:09+02:00\">28.07.2025<\/time><\/div>\n\n<h3 class=\"wp-block-post-title has-x-large-font-size\"><a href=\"https:\/\/haelg.ch\/fr\/blog\/le-nouveau-quartier-adaptea-la-societe-2000-watts\/\" target=\"_self\" >Le nouveau quartier adapt\u00e9\u00e0 la Soci\u00e9t\u00e9 2000 watts<\/a><\/h3>\n\n\n<a class=\"outline-button\" href=\"https:\/\/haelg.ch\/fr\/blog\/le-nouveau-quartier-adaptea-la-societe-2000-watts\/\" class=\"wp-block-button__link wp-element-button has-icon\">Vers l&rsquo;article<\/a>\n<\/div><\/div>\n\n<\/li><\/ul>\n\n<nav class=\"alignwide wp-block-query-pagination is-content-justification-space-between is-layout-flex wp-container-core-query-pagination-is-layout-b2891da8 wp-block-query-pagination-is-layout-flex\" aria-label=\"Pagination\">\n\n\n<div class=\"wp-block-query-pagination-numbers\"><span aria-current=\"page\" class=\"page-numbers current\">1<\/span>\n<a class=\"page-numbers\" href=\"?query-64-page=2\">2<\/a>\n<a class=\"page-numbers\" href=\"?query-64-page=3\">3<\/a><\/div>\n\n<a href=\"\/fr\/wp-json\/wp\/v2\/pages\/51083?query-64-page=2\" class=\"wp-block-query-pagination-next has-small-font-size\">Page suivante<span class='wp-block-query-pagination-next-arrow is-arrow-arrow' aria-hidden='true'>\u2192<\/span><\/a>\n<\/nav><\/div>\n<\/div>\n","protected":false},"excerpt":{"rendered":"","protected":false},"author":1,"featured_media":0,"parent":0,"menu_order":296,"comment_status":"closed","ping_status":"closed","template":"","meta":{"_acf_changed":false,"inline_featured_image":false,"footnotes":""},"kategorie":[],"angebot":[],"class_list":["post-51083","page","type-page","status-publish","hentry"],"acf":[],"yoast_head":"<!-- This site is optimized with the Yoast SEO plugin v27.3 - https:\/\/yoast.com\/product\/yoast-seo-wordpress\/ -->\n<title>Blog: histoires et projets ax\u00e9s sur la technique du b\u00e2timent<\/title>\n<meta name=\"description\" content=\"Notre blog fournit des informations sur le personnel, les projets et les d\u00e9fis rencontr\u00e9s au quotidien chez H\u00e4lg\u00a0Group.\" \/>\n<meta name=\"robots\" content=\"index, follow, max-snippet:-1, max-image-preview:large, max-video-preview:-1\" \/>\n<link rel=\"canonical\" href=\"https:\/\/haelg.ch\/fr\/blog\/\" \/>\n<link rel=\"next\" href=\"https:\/\/haelg.ch\/fr\/blog\/51083\/?query-64-page=2\" \/>\n<meta property=\"og:locale\" content=\"fr_FR\" \/>\n<meta property=\"og:type\" content=\"article\" \/>\n<meta property=\"og:title\" content=\"Blog: histoires et projets ax\u00e9s sur la technique du b\u00e2timent\" \/>\n<meta property=\"og:description\" content=\"Notre blog fournit des informations sur le personnel, les projets et les d\u00e9fis rencontr\u00e9s au quotidien chez H\u00e4lg\u00a0Group.\" \/>\n<meta property=\"og:url\" content=\"https:\/\/haelg.ch\/fr\/blog\/\" \/>\n<meta property=\"og:site_name\" content=\"H\u00e4lg Group\" \/>\n<meta property=\"article:publisher\" content=\"https:\/\/www.facebook.com\/haelg.ch\" \/>\n<meta property=\"article:modified_time\" content=\"2026-03-20T13:37:07+00:00\" \/>\n<meta property=\"og:image\" content=\"https:\/\/haelg.ch\/app\/uploads\/2026\/03\/bwt-aesch-2025-22-haelg-group_2400x2400-1024x1024.jpg\" \/>\n\t<meta property=\"og:image:width\" content=\"1024\" \/>\n\t<meta property=\"og:image:height\" content=\"1024\" \/>\n\t<meta property=\"og:image:type\" content=\"image\/jpeg\" \/>\n<meta name=\"twitter:card\" content=\"summary_large_image\" \/>\n<meta name=\"twitter:label1\" content=\"Dur\u00e9e de lecture estim\u00e9e\" \/>\n\t<meta name=\"twitter:data1\" content=\"1 minute\" \/>\n<script type=\"application\/ld+json\" class=\"yoast-schema-graph\">{\"@context\":\"https:\\\/\\\/schema.org\",\"@graph\":[{\"@type\":\"WebPage\",\"@id\":\"https:\\\/\\\/haelg.ch\\\/fr\\\/blog\\\/\",\"url\":\"https:\\\/\\\/haelg.ch\\\/fr\\\/blog\\\/\",\"name\":\"Blog: histoires et projets ax\u00e9s sur la technique du b\u00e2timent\",\"isPartOf\":{\"@id\":\"https:\\\/\\\/haelg.ch\\\/fr\\\/#website\"},\"primaryImageOfPage\":{\"@id\":\"https:\\\/\\\/haelg.ch\\\/fr\\\/blog\\\/#primaryimage\"},\"image\":{\"@id\":\"https:\\\/\\\/haelg.ch\\\/fr\\\/blog\\\/#primaryimage\"},\"thumbnailUrl\":\"https:\\\/\\\/haelg.ch\\\/app\\\/uploads\\\/2026\\\/03\\\/bwt-aesch-2025-22-haelg-group_2400x2400-1024x1024.jpg\",\"datePublished\":\"2024-09-30T09:27:03+00:00\",\"dateModified\":\"2026-03-20T13:37:07+00:00\",\"description\":\"Notre blog fournit des informations sur le personnel, les projets et les d\u00e9fis rencontr\u00e9s au quotidien chez H\u00e4lg\u00a0Group.\",\"breadcrumb\":{\"@id\":\"https:\\\/\\\/haelg.ch\\\/fr\\\/blog\\\/#breadcrumb\"},\"inLanguage\":\"fr-FR\",\"potentialAction\":[{\"@type\":\"ReadAction\",\"target\":[\"https:\\\/\\\/haelg.ch\\\/fr\\\/blog\\\/\"]}]},{\"@type\":\"ImageObject\",\"inLanguage\":\"fr-FR\",\"@id\":\"https:\\\/\\\/haelg.ch\\\/fr\\\/blog\\\/#primaryimage\",\"url\":\"https:\\\/\\\/haelg.ch\\\/app\\\/uploads\\\/2026\\\/03\\\/bwt-aesch-2025-22-haelg-group_2400x2400-1024x1024.jpg\",\"contentUrl\":\"https:\\\/\\\/haelg.ch\\\/app\\\/uploads\\\/2026\\\/03\\\/bwt-aesch-2025-22-haelg-group_2400x2400-1024x1024.jpg\"},{\"@type\":\"BreadcrumbList\",\"@id\":\"https:\\\/\\\/haelg.ch\\\/fr\\\/blog\\\/#breadcrumb\",\"itemListElement\":[{\"@type\":\"ListItem\",\"position\":1,\"name\":\"Accueil\",\"item\":\"https:\\\/\\\/haelg.ch\\\/fr\\\/\"},{\"@type\":\"ListItem\",\"position\":2,\"name\":\"Blog\"}]},{\"@type\":\"WebSite\",\"@id\":\"https:\\\/\\\/haelg.ch\\\/fr\\\/#website\",\"url\":\"https:\\\/\\\/haelg.ch\\\/fr\\\/\",\"name\":\"H\u00e4lg Group\",\"description\":\"\",\"publisher\":{\"@id\":\"https:\\\/\\\/haelg.ch\\\/fr\\\/#organization\"},\"potentialAction\":[{\"@type\":\"SearchAction\",\"target\":{\"@type\":\"EntryPoint\",\"urlTemplate\":\"https:\\\/\\\/haelg.ch\\\/fr\\\/?s={search_term_string}\"},\"query-input\":{\"@type\":\"PropertyValueSpecification\",\"valueRequired\":true,\"valueName\":\"search_term_string\"}}],\"inLanguage\":\"fr-FR\"},{\"@type\":\"Organization\",\"@id\":\"https:\\\/\\\/haelg.ch\\\/fr\\\/#organization\",\"name\":\"H\u00e4lg Group\",\"url\":\"https:\\\/\\\/haelg.ch\\\/fr\\\/\",\"logo\":{\"@type\":\"ImageObject\",\"inLanguage\":\"fr-FR\",\"@id\":\"https:\\\/\\\/haelg.ch\\\/fr\\\/#\\\/schema\\\/logo\\\/image\\\/\",\"url\":\"https:\\\/\\\/haelg.ch\\\/app\\\/uploads\\\/2025\\\/01\\\/haelg-group-logo_1800x1200.jpg\",\"contentUrl\":\"https:\\\/\\\/haelg.ch\\\/app\\\/uploads\\\/2025\\\/01\\\/haelg-group-logo_1800x1200.jpg\",\"width\":1620,\"height\":1080,\"caption\":\"H\u00e4lg Group\"},\"image\":{\"@id\":\"https:\\\/\\\/haelg.ch\\\/fr\\\/#\\\/schema\\\/logo\\\/image\\\/\"},\"sameAs\":[\"https:\\\/\\\/www.facebook.com\\\/haelg.ch\",\"https:\\\/\\\/www.linkedin.com\\\/company\\\/haelggroup\\\/\",\"https:\\\/\\\/www.instagram.com\\\/haelg.group\\\/\",\"https:\\\/\\\/www.youtube.com\\\/channel\\\/UCCP6yzfvj3o6gA9J5L0QJCg\\\/videos\",\"https:\\\/\\\/www.kununu.com\\\/ch\\\/haelg-group\"]}]}<\/script>\n<!-- \/ Yoast SEO plugin. -->","yoast_head_json":{"title":"Blog: histoires et projets ax\u00e9s sur la technique du b\u00e2timent","description":"Notre blog fournit des informations sur le personnel, les projets et les d\u00e9fis rencontr\u00e9s au quotidien chez H\u00e4lg\u00a0Group.","robots":{"index":"index","follow":"follow","max-snippet":"max-snippet:-1","max-image-preview":"max-image-preview:large","max-video-preview":"max-video-preview:-1"},"canonical":"https:\/\/haelg.ch\/fr\/blog\/","next":"https:\/\/haelg.ch\/fr\/blog\/51083?query-64-page=2","og_locale":"fr_FR","og_type":"article","og_title":"Blog: histoires et projets ax\u00e9s sur la technique du b\u00e2timent","og_description":"Notre blog fournit des informations sur le personnel, les projets et les d\u00e9fis rencontr\u00e9s au quotidien chez H\u00e4lg\u00a0Group.","og_url":"https:\/\/haelg.ch\/fr\/blog\/","og_site_name":"H\u00e4lg Group","article_publisher":"https:\/\/www.facebook.com\/haelg.ch","article_modified_time":"2026-03-20T13:37:07+00:00","og_image":[{"width":1024,"height":1024,"url":"https:\/\/haelg.ch\/app\/uploads\/2026\/03\/bwt-aesch-2025-22-haelg-group_2400x2400-1024x1024.jpg","type":"image\/jpeg"}],"twitter_card":"summary_large_image","twitter_misc":{"Dur\u00e9e de lecture estim\u00e9e":"1 minute"},"schema":{"@context":"https:\/\/schema.org","@graph":[{"@type":"WebPage","@id":"https:\/\/haelg.ch\/fr\/blog\/","url":"https:\/\/haelg.ch\/fr\/blog\/","name":"Blog: histoires et projets ax\u00e9s sur la technique du b\u00e2timent","isPartOf":{"@id":"https:\/\/haelg.ch\/fr\/#website"},"primaryImageOfPage":{"@id":"https:\/\/haelg.ch\/fr\/blog\/#primaryimage"},"image":{"@id":"https:\/\/haelg.ch\/fr\/blog\/#primaryimage"},"thumbnailUrl":"https:\/\/haelg.ch\/app\/uploads\/2026\/03\/bwt-aesch-2025-22-haelg-group_2400x2400-1024x1024.jpg","datePublished":"2024-09-30T09:27:03+00:00","dateModified":"2026-03-20T13:37:07+00:00","description":"Notre blog fournit des informations sur le personnel, les projets et les d\u00e9fis rencontr\u00e9s au quotidien chez H\u00e4lg\u00a0Group.","breadcrumb":{"@id":"https:\/\/haelg.ch\/fr\/blog\/#breadcrumb"},"inLanguage":"fr-FR","potentialAction":[{"@type":"ReadAction","target":["https:\/\/haelg.ch\/fr\/blog\/"]}]},{"@type":"ImageObject","inLanguage":"fr-FR","@id":"https:\/\/haelg.ch\/fr\/blog\/#primaryimage","url":"https:\/\/haelg.ch\/app\/uploads\/2026\/03\/bwt-aesch-2025-22-haelg-group_2400x2400-1024x1024.jpg","contentUrl":"https:\/\/haelg.ch\/app\/uploads\/2026\/03\/bwt-aesch-2025-22-haelg-group_2400x2400-1024x1024.jpg"},{"@type":"BreadcrumbList","@id":"https:\/\/haelg.ch\/fr\/blog\/#breadcrumb","itemListElement":[{"@type":"ListItem","position":1,"name":"Accueil","item":"https:\/\/haelg.ch\/fr\/"},{"@type":"ListItem","position":2,"name":"Blog"}]},{"@type":"WebSite","@id":"https:\/\/haelg.ch\/fr\/#website","url":"https:\/\/haelg.ch\/fr\/","name":"H\u00e4lg Group","description":"","publisher":{"@id":"https:\/\/haelg.ch\/fr\/#organization"},"potentialAction":[{"@type":"SearchAction","target":{"@type":"EntryPoint","urlTemplate":"https:\/\/haelg.ch\/fr\/?s={search_term_string}"},"query-input":{"@type":"PropertyValueSpecification","valueRequired":true,"valueName":"search_term_string"}}],"inLanguage":"fr-FR"},{"@type":"Organization","@id":"https:\/\/haelg.ch\/fr\/#organization","name":"H\u00e4lg Group","url":"https:\/\/haelg.ch\/fr\/","logo":{"@type":"ImageObject","inLanguage":"fr-FR","@id":"https:\/\/haelg.ch\/fr\/#\/schema\/logo\/image\/","url":"https:\/\/haelg.ch\/app\/uploads\/2025\/01\/haelg-group-logo_1800x1200.jpg","contentUrl":"https:\/\/haelg.ch\/app\/uploads\/2025\/01\/haelg-group-logo_1800x1200.jpg","width":1620,"height":1080,"caption":"H\u00e4lg Group"},"image":{"@id":"https:\/\/haelg.ch\/fr\/#\/schema\/logo\/image\/"},"sameAs":["https:\/\/www.facebook.com\/haelg.ch","https:\/\/www.linkedin.com\/company\/haelggroup\/","https:\/\/www.instagram.com\/haelg.group\/","https:\/\/www.youtube.com\/channel\/UCCP6yzfvj3o6gA9J5L0QJCg\/videos","https:\/\/www.kununu.com\/ch\/haelg-group"]}]}},"_links":{"self":[{"href":"https:\/\/haelg.ch\/fr\/wp-json\/wp\/v2\/pages\/51083","targetHints":{"allow":["GET"]}}],"collection":[{"href":"https:\/\/haelg.ch\/fr\/wp-json\/wp\/v2\/pages"}],"about":[{"href":"https:\/\/haelg.ch\/fr\/wp-json\/wp\/v2\/types\/page"}],"author":[{"embeddable":true,"href":"https:\/\/haelg.ch\/fr\/wp-json\/wp\/v2\/users\/1"}],"replies":[{"embeddable":true,"href":"https:\/\/haelg.ch\/fr\/wp-json\/wp\/v2\/comments?post=51083"}],"version-history":[{"count":4,"href":"https:\/\/haelg.ch\/fr\/wp-json\/wp\/v2\/pages\/51083\/revisions"}],"predecessor-version":[{"id":220220,"href":"https:\/\/haelg.ch\/fr\/wp-json\/wp\/v2\/pages\/51083\/revisions\/220220"}],"wp:attachment":[{"href":"https:\/\/haelg.ch\/fr\/wp-json\/wp\/v2\/media?parent=51083"}],"wp:term":[{"taxonomy":"kategorie","embeddable":true,"href":"https:\/\/haelg.ch\/fr\/wp-json\/wp\/v2\/kategorie?post=51083"},{"taxonomy":"angebot","embeddable":true,"href":"https:\/\/haelg.ch\/fr\/wp-json\/wp\/v2\/angebot?post=51083"}],"curies":[{"name":"wp","href":"https:\/\/api.w.org\/{rel}","templated":true}]}}