{"id":52048,"date":"2024-12-23T09:03:27","date_gmt":"2024-12-23T08:03:27","guid":{"rendered":"https:\/\/dev-relaunch.haelg.ch\/?page_id=52048"},"modified":"2026-04-01T13:05:29","modified_gmt":"2026-04-01T11:05:29","slug":"piscines","status":"publish","type":"page","link":"https:\/\/haelg.ch\/fr\/offre\/installation\/piscines\/","title":{"rendered":"Piscines"},"content":{"rendered":"\n<div class=\"wp-block-media-text alignwide is-stacked-on-mobile has-background-color has-secondary-background-color has-text-color has-background has-link-color wp-elements-64043e4e3104b503f4fb470c4e1f2258\" style=\"grid-template-columns:60% auto\"><figure class=\"wp-block-media-text__media\"><img decoding=\"async\" width=\"1024\" height=\"1024\" loading=\"lazy\" src=\"https:\/\/haelg.ch\/app\/uploads\/2024\/12\/schwimmbad-oberhaensli-ag-gebaeudetechnik-haelg-group_2400x2400-1024x1024.jpg\" alt=\"Piscine \u00e9tablie par H\u00e4lg &amp; Cie SA B\u00fctschwil\" class=\"wp-image-50914 size-full\" srcset=\"https:\/\/haelg.ch\/app\/uploads\/2024\/12\/schwimmbad-oberhaensli-ag-gebaeudetechnik-haelg-group_2400x2400-1024x1024.jpg 1024w, https:\/\/haelg.ch\/app\/uploads\/2024\/12\/schwimmbad-oberhaensli-ag-gebaeudetechnik-haelg-group_2400x2400-300x300.jpg 300w, https:\/\/haelg.ch\/app\/uploads\/2024\/12\/schwimmbad-oberhaensli-ag-gebaeudetechnik-haelg-group_2400x2400-150x150.jpg 150w, https:\/\/haelg.ch\/app\/uploads\/2024\/12\/schwimmbad-oberhaensli-ag-gebaeudetechnik-haelg-group_2400x2400-768x768.jpg 768w, https:\/\/haelg.ch\/app\/uploads\/2024\/12\/schwimmbad-oberhaensli-ag-gebaeudetechnik-haelg-group_2400x2400-1536x1536.jpg 1536w, https:\/\/haelg.ch\/app\/uploads\/2024\/12\/schwimmbad-oberhaensli-ag-gebaeudetechnik-haelg-group_2400x2400-2048x2048.jpg 2048w\" sizes=\"auto, (max-width: 1024px) 100vw, 1024px\" \/><\/figure><div class=\"wp-block-media-text__content\"><div class=\"yoast-breadcrumbs\"><span><span><a href=\"https:\/\/haelg.ch\/fr\/\">Accueil<\/a><\/span> <span class=\"separator\"><\/span> <span><a href=\"https:\/\/haelg.ch\/fr\/offre\/\">Offre<\/a><\/span> <span class=\"separator\"><\/span> <span><a href=\"https:\/\/haelg.ch\/fr\/offre\/installation\/\">Installation<\/a><\/span> <span class=\"separator\"><\/span> <span class=\"breadcrumb_last\" aria-current=\"page\">Piscines<\/span><\/span><\/div>\n\n\n<h1 class=\"wp-block-heading\">Piscines<\/h1>\n\n\n\n<p>Qu&rsquo;il s&rsquo;agisse d&rsquo;un bassin en b\u00e9ton, en mati\u00e8re synth\u00e9tique, en acier ou d&rsquo;un \u00e9tang de baignade, d&rsquo;une installation ext\u00e9rieure ou int\u00e9rieure: nous veillons ce que vous passiez de nombreux moments agr\u00e9ables dans votre jardin ou votre maison gr\u00e2ce \u00e0 votre bassin.<\/p>\n\n\n\n<div class=\"wp-block-buttons is-layout-flex wp-block-buttons-is-layout-flex\">\n<div class=\"wp-block-button is-style-outline is-style-outline--1\"><a class=\"wp-block-button__link wp-element-button\" href=\"#contact\">Contacter nous<\/a><\/div>\n<\/div>\n<\/div><\/div>\n\n\n\n<div class=\"wp-block-group is-layout-constrained wp-block-group-is-layout-constrained\">\n<h2 class=\"wp-block-heading has-text-align-center\">Notre offre pour les piscines<\/h2>\n\n\n\n<div class=\"wp-block-group is-style-narrow-6-12 is-layout-constrained wp-block-group-is-layout-constrained\">\n<p class=\"has-text-align-center\">Nous \u00e9tudions minutieusement vos souhaits et les lieux, faisons si n\u00e9cessaire appel \u00e0 un paysagiste et restons \u00e0 votre service apr\u00e8s la construction, pour assurer la maintenance, l&rsquo;entretien et le nettoyage.<\/p>\n\n\n\n<p class=\"has-text-align-center\">Plongez dans votre oasis de bien-\u00eatre personnelle!<\/p>\n<\/div>\n<\/div>\n\n\n\n<div class=\"wp-block-group is-style-col-3 is-nowrap is-layout-flex wp-container-core-group-is-layout-bd3f9bef wp-block-group-is-layout-flex\">\n<div class=\"wp-block-media-text is-stacked-on-mobile is-style-stacked button-force-down has-lightgray-background-color has-background\"><figure class=\"wp-block-media-text__media\"><img decoding=\"async\" width=\"1024\" height=\"683\" loading=\"lazy\" loading=\"lazy\" src=\"https:\/\/haelg.ch\/app\/uploads\/2024\/12\/schwimmbad-haelg-group_1800x1200-1024x683.jpg\" alt=\"La piscine dispose d'un bassin b\u00e9tonn\u00e9 qui offre une flexibilit\u00e9 maximale en termes de taille et de profondeur.\" class=\"wp-image-50009 size-full\" srcset=\"https:\/\/haelg.ch\/app\/uploads\/2024\/12\/schwimmbad-haelg-group_1800x1200-1024x683.jpg 1024w, https:\/\/haelg.ch\/app\/uploads\/2024\/12\/schwimmbad-haelg-group_1800x1200-300x200.jpg 300w, https:\/\/haelg.ch\/app\/uploads\/2024\/12\/schwimmbad-haelg-group_1800x1200-768x512.jpg 768w, https:\/\/haelg.ch\/app\/uploads\/2024\/12\/schwimmbad-haelg-group_1800x1200-1536x1024.jpg 1536w, https:\/\/haelg.ch\/app\/uploads\/2024\/12\/schwimmbad-haelg-group_1800x1200.jpg 1620w\" sizes=\"auto, (max-width: 1024px) 100vw, 1024px\" \/><\/figure><div class=\"wp-block-media-text__content\">\n<h3 class=\"wp-block-heading\">Bassin b\u00e9tonn\u00e9<\/h3>\n\n\n\n<p>Pour une flexibilit\u00e9 maximale en termes de taille et de profondeur.<\/p>\n<\/div><\/div>\n\n\n\n<div class=\"wp-block-media-text is-stacked-on-mobile is-style-stacked button-force-down has-lightgray-background-color has-background\"><figure class=\"wp-block-media-text__media\"><img decoding=\"async\" width=\"1024\" height=\"683\" loading=\"lazy\" loading=\"lazy\" src=\"https:\/\/haelg.ch\/app\/uploads\/2024\/12\/betoniertes-becken-oberhaensli-ag-gebaeudetechnik-haelg-group_1800x1200-1024x683.jpg\" alt=\"Bassin en acier, variante \u00e9conomique \u00e0 mise en \u0153uvre rapide par H\u00e4lg &amp; Cie SA B\u00fctschwil\" class=\"wp-image-50925 size-full\" srcset=\"https:\/\/haelg.ch\/app\/uploads\/2024\/12\/betoniertes-becken-oberhaensli-ag-gebaeudetechnik-haelg-group_1800x1200-1024x683.jpg 1024w, https:\/\/haelg.ch\/app\/uploads\/2024\/12\/betoniertes-becken-oberhaensli-ag-gebaeudetechnik-haelg-group_1800x1200-300x200.jpg 300w, https:\/\/haelg.ch\/app\/uploads\/2024\/12\/betoniertes-becken-oberhaensli-ag-gebaeudetechnik-haelg-group_1800x1200-768x512.jpg 768w, https:\/\/haelg.ch\/app\/uploads\/2024\/12\/betoniertes-becken-oberhaensli-ag-gebaeudetechnik-haelg-group_1800x1200-1536x1024.jpg 1536w, https:\/\/haelg.ch\/app\/uploads\/2024\/12\/betoniertes-becken-oberhaensli-ag-gebaeudetechnik-haelg-group_1800x1200.jpg 1620w\" sizes=\"auto, (max-width: 1024px) 100vw, 1024px\" \/><\/figure><div class=\"wp-block-media-text__content\">\n<h3 class=\"wp-block-heading\">Bassin en acier<\/h3>\n\n\n\n<p>La variante \u00e9conomique mise en \u0153uvre rapidement.<\/p>\n<\/div><\/div>\n\n\n\n<div class=\"wp-block-media-text is-stacked-on-mobile is-style-stacked button-force-down has-lightgray-background-color has-background\"><figure class=\"wp-block-media-text__media\"><img decoding=\"async\" width=\"1024\" height=\"683\" loading=\"lazy\" loading=\"lazy\" src=\"https:\/\/haelg.ch\/app\/uploads\/2024\/12\/kunststoffbecken-oberhaensli-ag-gebaeudetechnik-haelg-group_1800x1200-1024x683.jpg\" alt=\"Bassin en mati\u00e8re synth\u00e9tique \u00e0 montage rapide par H\u00e4lg &amp; Cie SA B\u00fctschwil\" class=\"wp-image-50927 size-full\" srcset=\"https:\/\/haelg.ch\/app\/uploads\/2024\/12\/kunststoffbecken-oberhaensli-ag-gebaeudetechnik-haelg-group_1800x1200-1024x683.jpg 1024w, https:\/\/haelg.ch\/app\/uploads\/2024\/12\/kunststoffbecken-oberhaensli-ag-gebaeudetechnik-haelg-group_1800x1200-300x200.jpg 300w, https:\/\/haelg.ch\/app\/uploads\/2024\/12\/kunststoffbecken-oberhaensli-ag-gebaeudetechnik-haelg-group_1800x1200-768x512.jpg 768w, https:\/\/haelg.ch\/app\/uploads\/2024\/12\/kunststoffbecken-oberhaensli-ag-gebaeudetechnik-haelg-group_1800x1200-1536x1024.jpg 1536w, https:\/\/haelg.ch\/app\/uploads\/2024\/12\/kunststoffbecken-oberhaensli-ag-gebaeudetechnik-haelg-group_1800x1200.jpg 1620w\" sizes=\"auto, (max-width: 1024px) 100vw, 1024px\" \/><\/figure><div class=\"wp-block-media-text__content\">\n<h3 class=\"wp-block-heading\">Bassin en mati\u00e8re synth\u00e9tique<\/h3>\n\n\n\n<p>Vous avez h\u00e2te de plonger dans votre bassin? Une structure en mati\u00e8re synth\u00e9tique se monte rapidement!<\/p>\n<\/div><\/div>\n\n\n\n<div class=\"wp-block-media-text is-stacked-on-mobile is-style-stacked button-force-down has-lightgray-background-color has-background\"><figure class=\"wp-block-media-text__media\"><img decoding=\"async\" width=\"1024\" height=\"683\" loading=\"lazy\" loading=\"lazy\" src=\"https:\/\/haelg.ch\/app\/uploads\/2024\/12\/schwimmteich-oberhaensli-ag-gebaeudetechnik-haelg-group_1800x1200-1024x683.jpg\" alt=\"\u00c9tang de baignade r\u00e9alis\u00e9 par H\u00e4lg &amp; Cie SA B\u00fctschwil\" class=\"wp-image-50931 size-full\" srcset=\"https:\/\/haelg.ch\/app\/uploads\/2024\/12\/schwimmteich-oberhaensli-ag-gebaeudetechnik-haelg-group_1800x1200-1024x683.jpg 1024w, https:\/\/haelg.ch\/app\/uploads\/2024\/12\/schwimmteich-oberhaensli-ag-gebaeudetechnik-haelg-group_1800x1200-300x200.jpg 300w, https:\/\/haelg.ch\/app\/uploads\/2024\/12\/schwimmteich-oberhaensli-ag-gebaeudetechnik-haelg-group_1800x1200-768x512.jpg 768w, https:\/\/haelg.ch\/app\/uploads\/2024\/12\/schwimmteich-oberhaensli-ag-gebaeudetechnik-haelg-group_1800x1200-1536x1024.jpg 1536w, https:\/\/haelg.ch\/app\/uploads\/2024\/12\/schwimmteich-oberhaensli-ag-gebaeudetechnik-haelg-group_1800x1200.jpg 1620w\" sizes=\"auto, (max-width: 1024px) 100vw, 1024px\" \/><\/figure><div class=\"wp-block-media-text__content\">\n<h3 class=\"wp-block-heading\">Etang de baignade<\/h3>\n\n\n\n<p>Toutes les formes et profondeurs sont possibles.<\/p>\n<\/div><\/div>\n\n\n\n<div class=\"wp-block-media-text is-stacked-on-mobile is-style-stacked button-force-down has-lightgray-background-color has-background\"><figure class=\"wp-block-media-text__media\"><img decoding=\"async\" width=\"1024\" height=\"683\" loading=\"lazy\" loading=\"lazy\" src=\"https:\/\/haelg.ch\/app\/uploads\/2024\/12\/pool-mit-haube-oberhaensli-ag-gebaeudetechnik-haelg-group_1800x1200-1024x683.jpg\" alt=\"Piscine Sous cloche pour prolonger la saison de baignade, con\u00e7ue et r\u00e9alis\u00e9e par H\u00e4lg &amp; Cie SA B\u00fctschwil\" class=\"wp-image-50929 size-full\" srcset=\"https:\/\/haelg.ch\/app\/uploads\/2024\/12\/pool-mit-haube-oberhaensli-ag-gebaeudetechnik-haelg-group_1800x1200-1024x683.jpg 1024w, https:\/\/haelg.ch\/app\/uploads\/2024\/12\/pool-mit-haube-oberhaensli-ag-gebaeudetechnik-haelg-group_1800x1200-300x200.jpg 300w, https:\/\/haelg.ch\/app\/uploads\/2024\/12\/pool-mit-haube-oberhaensli-ag-gebaeudetechnik-haelg-group_1800x1200-768x512.jpg 768w, https:\/\/haelg.ch\/app\/uploads\/2024\/12\/pool-mit-haube-oberhaensli-ag-gebaeudetechnik-haelg-group_1800x1200-1536x1024.jpg 1536w, https:\/\/haelg.ch\/app\/uploads\/2024\/12\/pool-mit-haube-oberhaensli-ag-gebaeudetechnik-haelg-group_1800x1200.jpg 1620w\" sizes=\"auto, (max-width: 1024px) 100vw, 1024px\" \/><\/figure><div class=\"wp-block-media-text__content\">\n<h3 class=\"wp-block-heading\">Bassin sous cloche<\/h3>\n\n\n\n<p>Pour allonger la p\u00e9riode de baignade de deux \u00e0 trois mois, nous recommandons de monter une cloche autour de votre bassin.<\/p>\n<\/div><\/div>\n\n\n\n<div class=\"wp-block-media-text is-stacked-on-mobile is-style-stacked button-force-down has-lightgray-background-color has-background\"><figure class=\"wp-block-media-text__media\"><img decoding=\"async\" width=\"1024\" height=\"683\" loading=\"lazy\" loading=\"lazy\" src=\"https:\/\/haelg.ch\/app\/uploads\/2024\/12\/pool-check-oberhaensli-ag-gebaeudetechnik-haelg-group_1800x1200-1024x683.jpg\" alt=\"Contr\u00f4le de la piscine par H\u00e4lg &amp; Cie SA B\u00fctschwil\" class=\"wp-image-50933 size-full\" srcset=\"https:\/\/haelg.ch\/app\/uploads\/2024\/12\/pool-check-oberhaensli-ag-gebaeudetechnik-haelg-group_1800x1200-1024x683.jpg 1024w, https:\/\/haelg.ch\/app\/uploads\/2024\/12\/pool-check-oberhaensli-ag-gebaeudetechnik-haelg-group_1800x1200-300x200.jpg 300w, https:\/\/haelg.ch\/app\/uploads\/2024\/12\/pool-check-oberhaensli-ag-gebaeudetechnik-haelg-group_1800x1200-768x512.jpg 768w, https:\/\/haelg.ch\/app\/uploads\/2024\/12\/pool-check-oberhaensli-ag-gebaeudetechnik-haelg-group_1800x1200-1536x1024.jpg 1536w, https:\/\/haelg.ch\/app\/uploads\/2024\/12\/pool-check-oberhaensli-ag-gebaeudetechnik-haelg-group_1800x1200.jpg 1620w\" sizes=\"auto, (max-width: 1024px) 100vw, 1024px\" \/><\/figure><div class=\"wp-block-media-text__content\">\n<h3 class=\"wp-block-heading\">Contr\u00f4le de bassin<\/h3>\n\n\n\n<p>Vous avez besoin d&rsquo;une aide rapide et directe lors de la maintenance \u2013 m\u00eame pendant vos vacances \u2013 ou pour le nettoyage?<\/p>\n<\/div><\/div>\n<\/div>\n\n\n<div class=\"wp-block-media-text has-media-on-the-right is-stacked-on-mobile has-background-color has-secondary-background-color has-text-color has-background has-link-color is-employee-highlighted\"><div class=\"wp-block-media-text__content\" id=\"contact\" >\n\n        <h2 class=\"wp-block-heading\">Votre personne de contact pour les piscines<\/h2>\n\n        <h3>Fabian Stadler<\/h3>\n        <p class=\"employee-role\">Responsable de sanitaire\n            <br \/>H\u00e4lg &#038; Cie SA B\u00fctschwil<\/p>\n        <p class=\"employee-contact\"><a href=\"tel:+41 71 982 84 94\">+41 71 982 84 94<\/a><br \/><a href=\"mailto:fabian.stadler@haelg.ch\">fabian.stadler@haelg.ch<\/a><\/p>\n<\/div>\n<figure class=\"wp-block-media-text__media\" style=\"background-image:url(https:\/\/haelg.ch\/app\/uploads\/2026\/01\/stadler-fabian-haelg-group_1200x1200-1.jpg);background-position:50% 50%\"><img decoding=\"async\" loading=\"lazy\" src=\"https:\/\/haelg.ch\/app\/uploads\/2026\/01\/stadler-fabian-haelg-group_1200x1200-1.jpg\" alt=\"Fabian Stadler, H\u00e4lg Group\" class=\"size-full\"\/><\/figure><\/div>\n<!-- \/wp:media-text -->\n        \n\n\n<div class=\"wp-block-group alignwide shadow has-background-background-color has-background is-layout-constrained wp-block-group-is-layout-constrained\" id=\"standorte\">\n<div class=\"wp-block-group is-style-narrow-10-12 is-layout-constrained wp-block-group-is-layout-constrained\">\n<div class=\"wp-block-columns is-layout-flex wp-container-core-columns-is-layout-28f84493 wp-block-columns-is-layout-flex\">\n<div class=\"wp-block-column is-layout-flow wp-block-column-is-layout-flow\">\n<h2 class=\"wp-block-heading\" id=\"sites\">Sites<\/h2>\n\n\n\n<p>H\u00e4lg&nbsp;Group est repr\u00e9sent\u00e9 dans toute la Suisse.<br>Trouvez ici le site pr\u00e8s de chez vous.<\/p>\n\n\n\n\n<div class=\"map-filters\">\n\t<input id=\"pac-input\" type=\"text\" placeholder=\" Saisissez une ville ou un code postal\" \/>\n\n\t<div class=\"dropdown\"><div class=\"dropdown-label\" data-fallback=\"Choisissez votre offre :\"><span>Choisissez votre offre :<\/span><span class=\"arrow\"><svg xmlns=\"http:\/\/www.w3.org\/2000\/svg\" width=\"28.61\" height=\"19.994\" viewBox=\"0 0 28.61 19.994\"><path d=\"M1360.519-349.127a2.494,2.494,0,0,1-1.888-.86,2.5,2.5,0,0,1,.247-3.527l11.134-9.675-10.776-9.868a2.5,2.5,0,0,1-.155-3.532,2.5,2.5,0,0,1,3.532-.155l14.909,13.653-15.364,13.352A2.49,2.49,0,0,1,1360.519-349.127Z\" transform=\"translate(401.385 1371.219) rotate(-91)\" fill=\"#fff\"\/><\/svg><\/span><\/div><div class=\"dropdown-items\"><div class=\"query-filter \" data-slug=\"automatisation-de-batiment\">Automatisation de b\u00e2timent<\/div><div class=\"query-filter \" data-slug=\"facility-management-integral\">Facility Management int\u00e9gral<\/div><div class=\"query-filter \" data-slug=\"installation-service-apres-vente\">Installation \/ Service apr\u00e8s-vente<\/div><div class=\"query-filter \" data-slug=\"nettoyage-de-systemes-de-ventilation\">Nettoyage de syst\u00e8mes de ventilation<\/div><\/div><\/div><\/div>\n\n\n\n<div class=\"wp-block-buttons is-layout-flex wp-block-buttons-is-layout-flex\">\n<div class=\"wp-block-button is-style-outline is-style-outline--2\"><a class=\"wp-block-button__link wp-element-button\" href=\"https:\/\/haelg.ch\/fr\/hotline\/\">Hotline<\/a><\/div>\n<\/div>\n\n\n\n<div class=\"wp-block-query locations-query is-layout-flow wp-block-query-is-layout-flow\"><ul class=\"map-item wp-block-post-template is-layout-flow wp-block-post-template-is-layout-flow\"><li class=\"wp-block-post post-51461 page type-page status-publish has-post-thumbnail hentry kategorie-standort-fr angebot-installation-service-apres-vente\">\n<h3 class=\"wp-block-post-title is-in-viewport\">\n\t<a href=\"https:\/\/haelg.ch\/fr\/offre\/installation\/aarau\/\" target=\"_self\">H\u00e4lg &#038; Cie SA, Aarau<\/a>\n<\/h3>\n\n\n<div class=\"wp-block-columns is-layout-flex wp-container-core-columns-is-layout-4 wp-block-columns-is-layout-flex\">\n\t<div class=\"wp-block-column is-layout-flow wp-block-column-is-layout-flow\">\n\t\t<p>\n\t\t\t<strong>Installation \/ Service apr\u00e8s-vente<\/strong><br \/>\n\t\t\tNeumattstrasse 24<br \/>\n\t\t\t Aarau\t\t<\/p>\n\t<\/div>\n\n\t<div class=\"wp-block-column is-layout-flow wp-block-column-is-layout-flow\">\n\t\t<p>&nbsp;<br \/>\n\t\t\t<a href=\"mailto:aarau@haelg.ch\">aarau@haelg.ch<\/a><br \/>\n\t\t\t<a href=\"tel:+41628369999\">+41 62 836 99 99<\/a>\n\t\t<\/p>\n\t<\/div>\n<\/div>\n\n\n\t<div class=\"hidden-marker\" data-lat=\"47.4009823\" data-lng=\"8.0658292\" data-id=\"51461\"><\/div>\n\t\n<\/li><li class=\"wp-block-post post-51426 page type-page status-publish has-post-thumbnail hentry kategorie-standort-fr angebot-installation-service-apres-vente\">\n<h3 class=\"wp-block-post-title is-in-viewport\">\n\t<a href=\"https:\/\/haelg.ch\/fr\/offre\/installation\/arosa\/\" target=\"_self\">H\u00e4lg &#038; Cie SA, Arosa<\/a>\n<\/h3>\n\n\n<div class=\"wp-block-columns is-layout-flex wp-container-core-columns-is-layout-4 wp-block-columns-is-layout-flex\">\n\t<div class=\"wp-block-column is-layout-flow wp-block-column-is-layout-flow\">\n\t\t<p>\n\t\t\t<strong>Installation \/ Service apr\u00e8s-vente<\/strong><br \/>\n\t\t\tSchulhausstrasse 17 Haus Talheim<br \/>\n\t\t\t7050 Arosa\t\t<\/p>\n\t<\/div>\n\n\t<div class=\"wp-block-column is-layout-flow wp-block-column-is-layout-flow\">\n\t\t<p>&nbsp;<br \/>\n\t\t\t<a href=\"mailto:chur@haelg.ch\">chur@haelg.ch<\/a><br \/>\n\t\t\t<a href=\"tel:+41813771876\">+41 81 377 18 76<\/a>\n\t\t<\/p>\n\t<\/div>\n<\/div>\n\n\n\t<div class=\"hidden-marker\" data-lat=\"46.7757998\" data-lng=\"9.6709152\" data-id=\"51426\"><\/div>\n\t\n<\/li><li class=\"wp-block-post post-51433 page type-page status-publish has-post-thumbnail hentry kategorie-standort-fr angebot-installation-service-apres-vente\">\n<h3 class=\"wp-block-post-title is-in-viewport\">\n\t<a href=\"https:\/\/haelg.ch\/fr\/offre\/installation\/bale\/\" target=\"_self\">Klima SA, B\u00e2le<\/a>\n<\/h3>\n\n\n<div class=\"wp-block-columns is-layout-flex wp-container-core-columns-is-layout-4 wp-block-columns-is-layout-flex\">\n\t<div class=\"wp-block-column is-layout-flow wp-block-column-is-layout-flow\">\n\t\t<p>\n\t\t\t<strong>Installation \/ Service apr\u00e8s-vente<\/strong><br \/>\n\t\t\tHochbergerstrasse 60c<br \/>\n\t\t\t4057 B\u00e2le\t\t<\/p>\n\t<\/div>\n\n\t<div class=\"wp-block-column is-layout-flow wp-block-column-is-layout-flow\">\n\t\t<p>&nbsp;<br \/>\n\t\t\t<a href=\"mailto:basel@klima-ag.ch\">basel@klima-ag.ch<\/a><br \/>\n\t\t\t<a href=\"tel:+41612259030\">+41 61 225 90 30<\/a>\n\t\t<\/p>\n\t<\/div>\n<\/div>\n\n\n\t<div class=\"hidden-marker\" data-lat=\"47.578391\" data-lng=\"7.5972655\" data-id=\"51433\"><\/div>\n\t\n<\/li><li class=\"wp-block-post post-51509 page type-page status-publish has-post-thumbnail hentry kategorie-standort-fr angebot-automatisation-de-batiment\">\n<h3 class=\"wp-block-post-title is-in-viewport\">\n\t<a href=\"https:\/\/haelg.ch\/fr\/offre\/automatisation-de-batiment\/bale\/\" target=\"_self\">H\u00e4lg &#038; Cie SA, B\u00e2le<\/a>\n<\/h3>\n\n\n<div class=\"wp-block-columns is-layout-flex wp-container-core-columns-is-layout-4 wp-block-columns-is-layout-flex\">\n\t<div class=\"wp-block-column is-layout-flow wp-block-column-is-layout-flow\">\n\t\t<p>\n\t\t\t<strong>Automatisation de b\u00e2timent<\/strong><br \/>\n\t\t\tHochbergerstrasse 60c<br \/>\n\t\t\t4057 B\u00e2le\t\t<\/p>\n\t<\/div>\n\n\t<div class=\"wp-block-column is-layout-flow wp-block-column-is-layout-flow\">\n\t\t<p>&nbsp;<br \/>\n\t\t\t<a href=\"mailto:ga@haelg.ch\">ga@haelg.ch<\/a><br \/>\n\t\t\t<a href=\"tel:+41613879410\">+41 61 387 94 10<\/a>\n\t\t<\/p>\n\t<\/div>\n<\/div>\n\n\n\t<div class=\"hidden-marker\" data-lat=\"47.578391\" data-lng=\"7.5972655\" data-id=\"51509\"><\/div>\n\t\n<\/li><li class=\"wp-block-post post-51459 page type-page status-publish hentry kategorie-standort-fr angebot-installation-service-apres-vente\">\n<h3 class=\"wp-block-post-title is-in-viewport\">\n\t<a href=\"https:\/\/haelg.ch\/fr\/offre\/installation\/berne\/\" target=\"_self\">H\u00e4lg &#038; Cie SA, Berne 22<\/a>\n<\/h3>\n\n\n<div class=\"wp-block-columns is-layout-flex wp-container-core-columns-is-layout-4 wp-block-columns-is-layout-flex\">\n\t<div class=\"wp-block-column is-layout-flow wp-block-column-is-layout-flow\">\n\t\t<p>\n\t\t\t<strong>Installation \/ Service apr\u00e8s-vente<\/strong><br \/>\n\t\t\tStauffacherstrasse 62<br \/>\n\t\t\t3000 Berne 22\t\t<\/p>\n\t<\/div>\n\n\t<div class=\"wp-block-column is-layout-flow wp-block-column-is-layout-flow\">\n\t\t<p>&nbsp;<br \/>\n\t\t\t<a href=\"mailto:bern@haelg.ch\">bern@haelg.ch<\/a><br \/>\n\t\t\t<a href=\"tel:+41313309030\">+41 31 330 90 30<\/a>\n\t\t<\/p>\n\t<\/div>\n<\/div>\n\n\n\t<div class=\"hidden-marker\" data-lat=\"46.9659316\" data-lng=\"7.4559376\" data-id=\"51459\"><\/div>\n\t\n<\/li><li class=\"wp-block-post post-51499 page type-page status-publish hentry kategorie-standort-fr angebot-nettoyage-de-systemes-de-ventilation\">\n<h3 class=\"wp-block-post-title is-in-viewport\">\n\t<a href=\"https:\/\/haelg.ch\/fr\/offre\/nettoyage-des-systemes-de-ventilation\/berne\/\" target=\"_self\">H\u00e4lg &#038; Cie SA, Bern 22<\/a>\n<\/h3>\n\n\n<div class=\"wp-block-columns is-layout-flex wp-container-core-columns-is-layout-4 wp-block-columns-is-layout-flex\">\n\t<div class=\"wp-block-column is-layout-flow wp-block-column-is-layout-flow\">\n\t\t<p>\n\t\t\t<strong>Nettoyage de syst\u00e8mes de ventilation<\/strong><br \/>\n\t\t\tStauffacherstrasse 62<br \/>\n\t\t\t3000 Bern 22\t\t<\/p>\n\t<\/div>\n\n\t<div class=\"wp-block-column is-layout-flow wp-block-column-is-layout-flow\">\n\t\t<p>&nbsp;<br \/>\n\t\t\t<a href=\"mailto:lueftungsreinigung@haelg.ch\">lueftungsreinigung@haelg.ch<\/a><br \/>\n\t\t\t<a href=\"tel:0800853855\">0800 853 855<\/a>\n\t\t<\/p>\n\t<\/div>\n<\/div>\n\n\n\t<div class=\"hidden-marker\" data-lat=\"46.9659316\" data-lng=\"7.4559376\" data-id=\"51499\"><\/div>\n\t\n<\/li><li class=\"wp-block-post post-51504 page type-page status-publish hentry kategorie-standort-fr angebot-automatisation-de-batiment\">\n<h3 class=\"wp-block-post-title is-in-viewport\">\n\t<a href=\"https:\/\/haelg.ch\/fr\/offre\/automatisation-de-batiment\/berne\/\" target=\"_self\">H\u00e4lg &#038; Cie SA, Berne 22<\/a>\n<\/h3>\n\n\n<div class=\"wp-block-columns is-layout-flex wp-container-core-columns-is-layout-4 wp-block-columns-is-layout-flex\">\n\t<div class=\"wp-block-column is-layout-flow wp-block-column-is-layout-flow\">\n\t\t<p>\n\t\t\t<strong>Automatisation de b\u00e2timent<\/strong><br \/>\n\t\t\tStauffacherstrasse 62<br \/>\n\t\t\t3000 Berne 22\t\t<\/p>\n\t<\/div>\n\n\t<div class=\"wp-block-column is-layout-flow wp-block-column-is-layout-flow\">\n\t\t<p>&nbsp;<br \/>\n\t\t\t<a href=\"mailto:ga@haelg.ch\">ga@haelg.ch<\/a><br \/>\n\t\t\t<a href=\"tel:+41313309710\">+41 31 330 97 10<\/a>\n\t\t<\/p>\n\t<\/div>\n<\/div>\n\n\n\t<div class=\"hidden-marker\" data-lat=\"46.9659316\" data-lng=\"7.4559376\" data-id=\"51504\"><\/div>\n\t\n<\/li><li class=\"wp-block-post post-51532 page type-page status-publish hentry kategorie-standort-fr angebot-facility-management-integral\">\n<h3 class=\"wp-block-post-title is-in-viewport\">\n\t<a href=\"https:\/\/haelg.ch\/fr\/offre\/facility-management-integral\/berne\/\" target=\"_self\">H\u00e4lg Facility Management AG, Berne<\/a>\n<\/h3>\n\n\n<div class=\"wp-block-columns is-layout-flex wp-container-core-columns-is-layout-4 wp-block-columns-is-layout-flex\">\n\t<div class=\"wp-block-column is-layout-flow wp-block-column-is-layout-flow\">\n\t\t<p>\n\t\t\t<strong>Facility Management int\u00e9gral<\/strong><br \/>\n\t\t\tStauffacherstrasse 62<br \/>\n\t\t\t3014 Berne\t\t<\/p>\n\t<\/div>\n\n\t<div class=\"wp-block-column is-layout-flow wp-block-column-is-layout-flow\">\n\t\t<p>&nbsp;<br \/>\n\t\t\t<a href=\"mailto:bern@hfm.ch\">bern@hfm.ch<\/a><br \/>\n\t\t\t<a href=\"tel:+41313304620\">+41 31 330 46 20<\/a>\n\t\t<\/p>\n\t<\/div>\n<\/div>\n\n\n\t<div class=\"hidden-marker\" data-lat=\"46.9659316\" data-lng=\"7.4559376\" data-id=\"51532\"><\/div>\n\t\n<\/li><li class=\"wp-block-post post-51481 page type-page status-publish has-post-thumbnail hentry kategorie-standort-fr angebot-installation-service-apres-vente\">\n<h3 class=\"wp-block-post-title is-in-viewport\">\n\t<a href=\"https:\/\/haelg.ch\/fr\/offre\/installation\/buetschwil\/\" target=\"_self\">H\u00e4lg &#038; Cie SA, B\u00fctschwil<\/a>\n<\/h3>\n\n\n<div class=\"wp-block-columns is-layout-flex wp-container-core-columns-is-layout-4 wp-block-columns-is-layout-flex\">\n\t<div class=\"wp-block-column is-layout-flow wp-block-column-is-layout-flow\">\n\t\t<p>\n\t\t\t<strong>Installation \/ Service apr\u00e8s-vente<\/strong><br \/>\n\t\t\tBergstrasse 2<br \/>\n\t\t\t9606 B\u00fctschwil\t\t<\/p>\n\t<\/div>\n\n\t<div class=\"wp-block-column is-layout-flow wp-block-column-is-layout-flow\">\n\t\t<p>&nbsp;<br \/>\n\t\t\t<a href=\"mailto:buetschwil@haelg.ch\">buetschwil@haelg.ch<\/a><br \/>\n\t\t\t<a href=\"tel:+41719828484\">+41 71 982 84 84<\/a>\n\t\t<\/p>\n\t<\/div>\n<\/div>\n\n\n\t<div class=\"hidden-marker\" data-lat=\"47.3573739\" data-lng=\"9.0730191\" data-id=\"51481\"><\/div>\n\t\n<\/li><li class=\"wp-block-post post-45883 page type-page status-publish has-post-thumbnail hentry kategorie-standort-fr angebot-installation-service-apres-vente\">\n<h3 class=\"wp-block-post-title is-in-viewport\">\n\t<a href=\"https:\/\/haelg.ch\/fr\/offre\/installation\/coire\/\" target=\"_self\">H\u00e4lg &#038; Cie SA, Coire<\/a>\n<\/h3>\n\n\n<div class=\"wp-block-columns is-layout-flex wp-container-core-columns-is-layout-4 wp-block-columns-is-layout-flex\">\n\t<div class=\"wp-block-column is-layout-flow wp-block-column-is-layout-flow\">\n\t\t<p>\n\t\t\t<strong>Installation \/ Service apr\u00e8s-vente<\/strong><br \/>\n\t\t\tRingstrasse 37<br \/>\n\t\t\t7004 Coire\t\t<\/p>\n\t<\/div>\n\n\t<div class=\"wp-block-column is-layout-flow wp-block-column-is-layout-flow\">\n\t\t<p>&nbsp;<br \/>\n\t\t\t<a href=\"mailto:chur@haelg.ch\">chur@haelg.ch<\/a><br \/>\n\t\t\t<a href=\"tel:+41812867020\">+41 81 286 70 20<\/a>\n\t\t<\/p>\n\t<\/div>\n<\/div>\n\n\n\t<div class=\"hidden-marker\" data-lat=\"46.8549575\" data-lng=\"9.5153977\" data-id=\"45883\"><\/div>\n\t\n<\/li><li class=\"wp-block-post post-51506 page type-page status-publish has-post-thumbnail hentry kategorie-standort-fr angebot-automatisation-de-batiment\">\n<h3 class=\"wp-block-post-title is-in-viewport\">\n\t<a href=\"https:\/\/haelg.ch\/fr\/offre\/automatisation-de-batiment\/coire\/\" target=\"_self\">H\u00e4lg &#038; Cie SA, Coire<\/a>\n<\/h3>\n\n\n<div class=\"wp-block-columns is-layout-flex wp-container-core-columns-is-layout-4 wp-block-columns-is-layout-flex\">\n\t<div class=\"wp-block-column is-layout-flow wp-block-column-is-layout-flow\">\n\t\t<p>\n\t\t\t<strong>Automatisation de b\u00e2timent<\/strong><br \/>\n\t\t\tRingstrasse 37<br \/>\n\t\t\t7004 Coire\t\t<\/p>\n\t<\/div>\n\n\t<div class=\"wp-block-column is-layout-flow wp-block-column-is-layout-flow\">\n\t\t<p>&nbsp;<br \/>\n\t\t\t<a href=\"mailto:ga@haelg.ch\">ga@haelg.ch<\/a><br \/>\n\t\t\t<a href=\"tel:+41812867110\">+41 81 286 71 10<\/a>\n\t\t<\/p>\n\t<\/div>\n<\/div>\n\n\n\t<div class=\"hidden-marker\" data-lat=\"46.8549575\" data-lng=\"9.5153977\" data-id=\"51506\"><\/div>\n\t\n<\/li><li class=\"wp-block-post post-51455 page type-page status-publish hentry kategorie-standort-fr angebot-installation-service-apres-vente\">\n<h3 class=\"wp-block-post-title is-in-viewport\">\n\t<a href=\"https:\/\/haelg.ch\/fr\/offre\/installation\/fribourg-givisiez\/\" target=\"_self\">H\u00e4lg &#038; Cie SA, Givisiez<\/a>\n<\/h3>\n\n\n<div class=\"wp-block-columns is-layout-flex wp-container-core-columns-is-layout-4 wp-block-columns-is-layout-flex\">\n\t<div class=\"wp-block-column is-layout-flow wp-block-column-is-layout-flow\">\n\t\t<p>\n\t\t\t<strong>Installation \/ Service apr\u00e8s-vente<\/strong><br \/>\n\t\t\tRue Pierre Yerly 4 \u2013 8<br \/>\n\t\t\t1762 Givisiez\t\t<\/p>\n\t<\/div>\n\n\t<div class=\"wp-block-column is-layout-flow wp-block-column-is-layout-flow\">\n\t\t<p>&nbsp;<br \/>\n\t\t\t<a href=\"mailto:fribourg@haelg.ch\">fribourg@haelg.ch<\/a><br \/>\n\t\t\t<a href=\"tel:+41264228040\">+41 26 422 80 40<\/a>\n\t\t<\/p>\n\t<\/div>\n<\/div>\n\n\n\t<div class=\"hidden-marker\" data-lat=\"46.8155857\" data-lng=\"7.1356241\" data-id=\"51455\"><\/div>\n\t\n<\/li><li class=\"wp-block-post post-51510 page type-page status-publish hentry kategorie-standort-fr angebot-automatisation-de-batiment\">\n<h3 class=\"wp-block-post-title is-in-viewport\">\n\t<a href=\"https:\/\/haelg.ch\/fr\/offre\/automatisation-de-batiment\/fribourg-givisiez\/\" target=\"_self\">H\u00e4lg &#038; Cie SA, Fribourg \u2013 Givisiez<\/a>\n<\/h3>\n\n\n<div class=\"wp-block-columns is-layout-flex wp-container-core-columns-is-layout-4 wp-block-columns-is-layout-flex\">\n\t<div class=\"wp-block-column is-layout-flow wp-block-column-is-layout-flow\">\n\t\t<p>\n\t\t\t<strong>Automatisation de b\u00e2timent<\/strong><br \/>\n\t\t\tRue Pierre Yerly 4 \u2013 8<br \/>\n\t\t\t1762 Fribourg \u2013 Givisiez\t\t<\/p>\n\t<\/div>\n\n\t<div class=\"wp-block-column is-layout-flow wp-block-column-is-layout-flow\">\n\t\t<p>&nbsp;<br \/>\n\t\t\t<a href=\"mailto:ga@haelg.ch\">ga@haelg.ch<\/a><br \/>\n\t\t\t<a href=\"tel:+41264228040\">+41 26 422 80 40<\/a>\n\t\t<\/p>\n\t<\/div>\n<\/div>\n\n\n\t<div class=\"hidden-marker\" data-lat=\"46.8155857\" data-lng=\"7.1356241\" data-id=\"51510\"><\/div>\n\t\n<\/li><li class=\"wp-block-post post-51419 page type-page status-publish has-post-thumbnail hentry kategorie-standort-fr angebot-installation-service-apres-vente\">\n<h3 class=\"wp-block-post-title is-in-viewport\">\n\t<a href=\"https:\/\/haelg.ch\/fr\/offre\/installation\/geneve-plan-les-ouates\/\" target=\"_self\">H\u00e4lg &#038; Cie SA, Plan-les-Ouates<\/a>\n<\/h3>\n\n\n<div class=\"wp-block-columns is-layout-flex wp-container-core-columns-is-layout-4 wp-block-columns-is-layout-flex\">\n\t<div class=\"wp-block-column is-layout-flow wp-block-column-is-layout-flow\">\n\t\t<p>\n\t\t\t<strong>Installation \/ Service apr\u00e8s-vente<\/strong><br \/>\n\t\t\tChemin du Pont-du-Centenaire 110<br \/>\n\t\t\t1228 Plan-les-Ouates\t\t<\/p>\n\t<\/div>\n\n\t<div class=\"wp-block-column is-layout-flow wp-block-column-is-layout-flow\">\n\t\t<p>&nbsp;<br \/>\n\t\t\t<a href=\"mailto:geneve@haelg.ch\">geneve@haelg.ch<\/a><br \/>\n\t\t\t<a href=\"tel:+41223426400\">+41 22 342 64 00<\/a>\n\t\t<\/p>\n\t<\/div>\n<\/div>\n\n\n\t<div class=\"hidden-marker\" data-lat=\"46.169609\" data-lng=\"6.1082572\" data-id=\"51419\"><\/div>\n\t\n<\/li><li class=\"wp-block-post post-51511 page type-page status-publish has-post-thumbnail hentry kategorie-standort-fr angebot-automatisation-de-batiment\">\n<h3 class=\"wp-block-post-title is-in-viewport\">\n\t<a href=\"https:\/\/haelg.ch\/fr\/offre\/automatisation-de-batiment\/geneve-plan-les-ouates\/\" target=\"_self\">H\u00e4lg &#038; Cie SA, Plan-les-Ouates<\/a>\n<\/h3>\n\n\n<div class=\"wp-block-columns is-layout-flex wp-container-core-columns-is-layout-4 wp-block-columns-is-layout-flex\">\n\t<div class=\"wp-block-column is-layout-flow wp-block-column-is-layout-flow\">\n\t\t<p>\n\t\t\t<strong>Automatisation de b\u00e2timent<\/strong><br \/>\n\t\t\tChemin du Pont-du-Centenaire 110<br \/>\n\t\t\t1228 Plan-les-Ouates\t\t<\/p>\n\t<\/div>\n\n\t<div class=\"wp-block-column is-layout-flow wp-block-column-is-layout-flow\">\n\t\t<p>&nbsp;<br \/>\n\t\t\t<a href=\"mailto:ga@haelg.ch\">ga@haelg.ch<\/a><br \/>\n\t\t\t<a href=\"tel:+41223426400\">+41 22 342 64 00<\/a>\n\t\t<\/p>\n\t<\/div>\n<\/div>\n\n\n\t<div class=\"hidden-marker\" data-lat=\"46.169609\" data-lng=\"6.1082572\" data-id=\"51511\"><\/div>\n\t\n<\/li><li class=\"wp-block-post post-113269 page type-page status-publish hentry kategorie-standort-fr angebot-installation-service-apres-vente\">\n<h3 class=\"wp-block-post-title is-in-viewport\">\n\t<a href=\"https:\/\/haelg.ch\/fr\/offre\/installation\/herzogenbuchsee\/\" target=\"_self\">H\u00e4lg &#038; Cie SA, Herzogenbuchsee<\/a>\n<\/h3>\n\n\n<div class=\"wp-block-columns is-layout-flex wp-container-core-columns-is-layout-4 wp-block-columns-is-layout-flex\">\n\t<div class=\"wp-block-column is-layout-flow wp-block-column-is-layout-flow\">\n\t\t<p>\n\t\t\t<strong>Installation \/ Service apr\u00e8s-vente<\/strong><br \/>\n\t\t\tSternenstrasse 25<br \/>\n\t\t\t3360 Herzogenbuchsee\t\t<\/p>\n\t<\/div>\n\n\t<div class=\"wp-block-column is-layout-flow wp-block-column-is-layout-flow\">\n\t\t<p>&nbsp;<br \/>\n\t\t\t<a href=\"mailto:herzogenbuchsee@haelg.ch\">herzogenbuchsee@haelg.ch<\/a><br \/>\n\t\t\t<a href=\"tel:+41629566633\">+41 62 956 66 33<\/a>\n\t\t<\/p>\n\t<\/div>\n<\/div>\n\n\n\t<div class=\"hidden-marker\" data-lat=\"47.1920601\" data-lng=\"7.7078991\" data-id=\"113269\"><\/div>\n\t\n<\/li><li class=\"wp-block-post post-51432 page type-page status-publish has-post-thumbnail hentry kategorie-standort-fr angebot-installation-service-apres-vente\">\n<h3 class=\"wp-block-post-title is-in-viewport\">\n\t<a href=\"https:\/\/haelg.ch\/fr\/offre\/installation\/kreuzlingen\/\" target=\"_self\">Zahn + Co. AG, Kreuzlingen<\/a>\n<\/h3>\n\n\n<div class=\"wp-block-columns is-layout-flex wp-container-core-columns-is-layout-4 wp-block-columns-is-layout-flex\">\n\t<div class=\"wp-block-column is-layout-flow wp-block-column-is-layout-flow\">\n\t\t<p>\n\t\t\t<strong>Installation \/ Service apr\u00e8s-vente<\/strong><br \/>\n\t\t\tZelgstrasse 5<br \/>\n\t\t\t8280 Kreuzlingen\t\t<\/p>\n\t<\/div>\n\n\t<div class=\"wp-block-column is-layout-flow wp-block-column-is-layout-flow\">\n\t\t<p>&nbsp;<br \/>\n\t\t\t<a href=\"mailto:info@zahn.ch\">info@zahn.ch<\/a><br \/>\n\t\t\t<a href=\"tel:+41716868060\">+41 71 686 80 60<\/a>\n\t\t<\/p>\n\t<\/div>\n<\/div>\n\n\n\t<div class=\"hidden-marker\" data-lat=\"47.6423568\" data-lng=\"9.201339\" data-id=\"51432\"><\/div>\n\t\n<\/li><li class=\"wp-block-post post-51438 page type-page status-publish hentry kategorie-standort-fr angebot-installation-service-apres-vente\">\n<h3 class=\"wp-block-post-title is-in-viewport\">\n\t<a href=\"https:\/\/haelg.ch\/fr\/offre\/installation\/la-chaux-de-fonds\/\" target=\"_self\">Meneo Energie SA, La Chaux-de-Fonds<\/a>\n<\/h3>\n\n\n<div class=\"wp-block-columns is-layout-flex wp-container-core-columns-is-layout-4 wp-block-columns-is-layout-flex\">\n\t<div class=\"wp-block-column is-layout-flow wp-block-column-is-layout-flow\">\n\t\t<p>\n\t\t\t<strong>Installation \/ Service apr\u00e8s-vente<\/strong><br \/>\n\t\t\tRue de la Serre 91<br \/>\n\t\t\t2300 La Chaux-de-Fonds\t\t<\/p>\n\t<\/div>\n\n\t<div class=\"wp-block-column is-layout-flow wp-block-column-is-layout-flow\">\n\t\t<p>&nbsp;<br \/>\n\t\t\t<a href=\"mailto:info@meneo-sa.ch\">info@meneo-sa.ch<\/a><br \/>\n\t\t\t<a href=\"tel:+41329447070\">+41 32 944 70 70<\/a>\n\t\t<\/p>\n\t<\/div>\n<\/div>\n\n\n\t<div class=\"hidden-marker\" data-lat=\"47.0991233\" data-lng=\"6.8227447\" data-id=\"51438\"><\/div>\n\t\n<\/li><li class=\"wp-block-post post-51429 page type-page status-publish has-post-thumbnail hentry kategorie-standort-fr angebot-installation-service-apres-vente\">\n<h3 class=\"wp-block-post-title is-in-viewport\">\n\t<a href=\"https:\/\/haelg.ch\/fr\/offre\/installation\/lantsch-lenz\/\" target=\"_self\">H\u00e4lg &#038; Cie SA, Lantsch \/ Lenz<\/a>\n<\/h3>\n\n\n<div class=\"wp-block-columns is-layout-flex wp-container-core-columns-is-layout-4 wp-block-columns-is-layout-flex\">\n\t<div class=\"wp-block-column is-layout-flow wp-block-column-is-layout-flow\">\n\t\t<p>\n\t\t\t<strong>Installation \/ Service apr\u00e8s-vente<\/strong><br \/>\n\t\t\tBarbatschauns-Sot 3<br \/>\n\t\t\t7083 Lantsch \/ Lenz\t\t<\/p>\n\t<\/div>\n\n\t<div class=\"wp-block-column is-layout-flow wp-block-column-is-layout-flow\">\n\t\t<p>&nbsp;<br \/>\n\t\t\t<a href=\"mailto:chur@haelg.ch\">chur@haelg.ch<\/a><br \/>\n\t\t\t<a href=\"tel:+41812867100\">+41 81 286 71 00<\/a>\n\t\t<\/p>\n\t<\/div>\n<\/div>\n\n\n\t<div class=\"hidden-marker\" data-lat=\"46.688566\" data-lng=\"9.5635625\" data-id=\"51429\"><\/div>\n\t\n<\/li><li class=\"wp-block-post post-59725 page type-page status-publish hentry kategorie-standort-fr angebot-facility-management-integral\">\n<h3 class=\"wp-block-post-title is-in-viewport\">\n\t<a href=\"https:\/\/haelg.ch\/fr\/offre\/facility-management-integral\/lucerne\/\" target=\"_self\">H\u00e4lg Facility Management AG, Lucerne<\/a>\n<\/h3>\n\n\n<div class=\"wp-block-columns is-layout-flex wp-container-core-columns-is-layout-4 wp-block-columns-is-layout-flex\">\n\t<div class=\"wp-block-column is-layout-flow wp-block-column-is-layout-flow\">\n\t\t<p>\n\t\t\t<strong>Facility Management int\u00e9gral<\/strong><br \/>\n\t\t\tZ\u00fcrichstrasse 5<br \/>\n\t\t\t6004 Lucerne\t\t<\/p>\n\t<\/div>\n\n\t<div class=\"wp-block-column is-layout-flow wp-block-column-is-layout-flow\">\n\t\t<p>&nbsp;<br \/>\n\t\t\t<a href=\"mailto:luzern@hfm.ch\">luzern@hfm.ch<\/a><br \/>\n\t\t\t<a href=\"tel:+41412031050\">+41 41 203 10 50<\/a>\n\t\t<\/p>\n\t<\/div>\n<\/div>\n\n\n\t<div class=\"hidden-marker\" data-lat=\"47.0565568\" data-lng=\"8.31002\" data-id=\"59725\"><\/div>\n\t\n<\/li><li class=\"wp-block-post post-51453 page type-page status-publish has-post-thumbnail hentry kategorie-standort-fr angebot-installation-service-apres-vente\">\n<h3 class=\"wp-block-post-title is-in-viewport\">\n\t<a href=\"https:\/\/haelg.ch\/fr\/offre\/installation\/lucerne-ebikon\/\" target=\"_self\">H\u00e4lg &#038; Cie SA, Ebikon<\/a>\n<\/h3>\n\n\n<div class=\"wp-block-columns is-layout-flex wp-container-core-columns-is-layout-4 wp-block-columns-is-layout-flex\">\n\t<div class=\"wp-block-column is-layout-flow wp-block-column-is-layout-flow\">\n\t\t<p>\n\t\t\t<strong>Installation \/ Service apr\u00e8s-vente<\/strong><br \/>\n\t\t\tRonstrasse 7<br \/>\n\t\t\t6030 Ebikon\t\t<\/p>\n\t<\/div>\n\n\t<div class=\"wp-block-column is-layout-flow wp-block-column-is-layout-flow\">\n\t\t<p>&nbsp;<br \/>\n\t\t\t<a href=\"mailto:luzern@haelg.ch\">luzern@haelg.ch<\/a><br \/>\n\t\t\t<a href=\"tel:+41413696060\">+41 41 369 60 60<\/a>\n\t\t<\/p>\n\t<\/div>\n<\/div>\n\n\n\t<div class=\"hidden-marker\" data-lat=\"47.0876458\" data-lng=\"8.3452672\" data-id=\"51453\"><\/div>\n\t\n<\/li><li class=\"wp-block-post post-51505 page type-page status-publish hentry kategorie-standort-fr angebot-automatisation-de-batiment\">\n<h3 class=\"wp-block-post-title is-in-viewport\">\n\t<a href=\"https:\/\/haelg.ch\/fr\/offre\/automatisation-de-batiment\/lucerne-ebikon\/\" target=\"_self\">H\u00e4lg &#038; Cie SA, Ebikon<\/a>\n<\/h3>\n\n\n<div class=\"wp-block-columns is-layout-flex wp-container-core-columns-is-layout-4 wp-block-columns-is-layout-flex\">\n\t<div class=\"wp-block-column is-layout-flow wp-block-column-is-layout-flow\">\n\t\t<p>\n\t\t\t<strong>Automatisation de b\u00e2timent<\/strong><br \/>\n\t\t\tRonstrasse 7<br \/>\n\t\t\t6030 Ebikon\t\t<\/p>\n\t<\/div>\n\n\t<div class=\"wp-block-column is-layout-flow wp-block-column-is-layout-flow\">\n\t\t<p>&nbsp;<br \/>\n\t\t\t<a href=\"mailto:ga@haelg.ch\">ga@haelg.ch<\/a><br \/>\n\t\t\t<a href=\"tel:+41413696310\">+41 41 369 63 10<\/a>\n\t\t<\/p>\n\t<\/div>\n<\/div>\n\n\n\t<div class=\"hidden-marker\" data-lat=\"47.0876458\" data-lng=\"8.3452672\" data-id=\"51505\"><\/div>\n\t\n<\/li><li class=\"wp-block-post post-51535 page type-page status-publish hentry kategorie-standort-fr angebot-facility-management-integral\">\n<h3 class=\"wp-block-post-title is-in-viewport\">\n\t<a href=\"https:\/\/haelg.ch\/fr\/offre\/facility-management-integral\/munchenstein\/\" target=\"_self\">H\u00e4lg Facility Management AG, M\u00fcnchenstein<\/a>\n<\/h3>\n\n\n<div class=\"wp-block-columns is-layout-flex wp-container-core-columns-is-layout-4 wp-block-columns-is-layout-flex\">\n\t<div class=\"wp-block-column is-layout-flow wp-block-column-is-layout-flow\">\n\t\t<p>\n\t\t\t<strong>Facility Management int\u00e9gral<\/strong><br \/>\n\t\t\tGrabenackerstrasse 11<br \/>\n\t\t\t4142 M\u00fcnchenstein\t\t<\/p>\n\t<\/div>\n\n\t<div class=\"wp-block-column is-layout-flow wp-block-column-is-layout-flow\">\n\t\t<p>&nbsp;<br \/>\n\t\t\t<a href=\"mailto:basel@hfm.ch\">basel@hfm.ch<\/a><br \/>\n\t\t\t<a href=\"tel:+41612259350\">+41 61 225 93 50<\/a>\n\t\t<\/p>\n\t<\/div>\n<\/div>\n\n\n\t<div class=\"hidden-marker\" data-lat=\"47.5220528\" data-lng=\"7.6046067\" data-id=\"51535\"><\/div>\n\t\n<\/li><li class=\"wp-block-post post-51437 page type-page status-publish hentry kategorie-standort-fr angebot-installation-service-apres-vente\">\n<h3 class=\"wp-block-post-title is-in-viewport\">\n\t<a href=\"https:\/\/haelg.ch\/fr\/offre\/installation\/neuchatel-marin-epagnier\/\" target=\"_self\">Meneo Energie SA, Marin-Epagnier<\/a>\n<\/h3>\n\n\n<div class=\"wp-block-columns is-layout-flex wp-container-core-columns-is-layout-4 wp-block-columns-is-layout-flex\">\n\t<div class=\"wp-block-column is-layout-flow wp-block-column-is-layout-flow\">\n\t\t<p>\n\t\t\t<strong>Installation \/ Service apr\u00e8s-vente<\/strong><br \/>\n\t\t\tAv. des Champs-Montants 14b<br \/>\n\t\t\t2074 Marin-Epagnier\t\t<\/p>\n\t<\/div>\n\n\t<div class=\"wp-block-column is-layout-flow wp-block-column-is-layout-flow\">\n\t\t<p>&nbsp;<br \/>\n\t\t\t<a href=\"mailto:info@meneo-sa.ch\">info@meneo-sa.ch<\/a><br \/>\n\t\t\t<a href=\"tel:+41327557070\">+41 32 755 70 70<\/a>\n\t\t<\/p>\n\t<\/div>\n<\/div>\n\n\n\t<div class=\"hidden-marker\" data-lat=\"47.0121541\" data-lng=\"7.0002115\" data-id=\"51437\"><\/div>\n\t\n<\/li><li class=\"wp-block-post post-51498 page type-page status-publish hentry kategorie-standort-fr angebot-nettoyage-de-systemes-de-ventilation\">\n<h3 class=\"wp-block-post-title is-in-viewport\">\n\t<a href=\"https:\/\/haelg.ch\/fr\/offre\/nettoyage-des-systemes-de-ventilation\/otelfingen\/\" target=\"_self\">H\u00e4lg &#038; Cie SA, Otelfingen<\/a>\n<\/h3>\n\n\n<div class=\"wp-block-columns is-layout-flex wp-container-core-columns-is-layout-4 wp-block-columns-is-layout-flex\">\n\t<div class=\"wp-block-column is-layout-flow wp-block-column-is-layout-flow\">\n\t\t<p>\n\t\t\t<strong>Nettoyage de syst\u00e8mes de ventilation<\/strong><br \/>\n\t\t\tIndustriestrasse 56<br \/>\n\t\t\t8112 Otelfingen\t\t<\/p>\n\t<\/div>\n\n\t<div class=\"wp-block-column is-layout-flow wp-block-column-is-layout-flow\">\n\t\t<p>&nbsp;<br \/>\n\t\t\t<a href=\"mailto:lueftungsreinigung@haelg.ch\">lueftungsreinigung@haelg.ch<\/a><br \/>\n\t\t\t<a href=\"tel:0800853855\">0800 853 855<\/a>\n\t\t<\/p>\n\t<\/div>\n<\/div>\n\n\n\t<div class=\"hidden-marker\" data-lat=\"47.4575874\" data-lng=\"8.3965823\" data-id=\"51498\"><\/div>\n\t\n<\/li><li class=\"wp-block-post post-51430 page type-page status-publish has-post-thumbnail hentry kategorie-standort-fr angebot-installation-service-apres-vente\">\n<h3 class=\"wp-block-post-title is-in-viewport\">\n\t<a href=\"https:\/\/haelg.ch\/fr\/offre\/installation\/rapperswil-jona\/\" target=\"_self\">H\u00e4lg &#038; Cie SA, Rapperswil-Jona<\/a>\n<\/h3>\n\n\n<div class=\"wp-block-columns is-layout-flex wp-container-core-columns-is-layout-4 wp-block-columns-is-layout-flex\">\n\t<div class=\"wp-block-column is-layout-flow wp-block-column-is-layout-flow\">\n\t\t<p>\n\t\t\t<strong>Installation \/ Service apr\u00e8s-vente<\/strong><br \/>\n\t\t\tStampfstrasse 74<br \/>\n\t\t\t8645 Rapperswil-Jona\t\t<\/p>\n\t<\/div>\n\n\t<div class=\"wp-block-column is-layout-flow wp-block-column-is-layout-flow\">\n\t\t<p>&nbsp;<br \/>\n\t\t\t<a href=\"mailto:rapperswil@haelg.ch\">rapperswil@haelg.ch<\/a><br \/>\n\t\t\t<a href=\"tel:+41552801325\">+41 55 280 13 25<\/a>\n\t\t<\/p>\n\t<\/div>\n<\/div>\n\n\n\t<div class=\"hidden-marker\" data-lat=\"47.2246008\" data-lng=\"8.8520978\" data-id=\"51430\"><\/div>\n\t\n<\/li><li class=\"wp-block-post post-51533 page type-page status-publish hentry kategorie-standort-fr angebot-facility-management-integral\">\n<h3 class=\"wp-block-post-title is-in-viewport\">\n\t<a href=\"https:\/\/haelg.ch\/fr\/offre\/facility-management-integral\/rotkreuz\/\" target=\"_self\">H\u00e4lg Facility Management AG, Rotkreuz<\/a>\n<\/h3>\n\n\n<div class=\"wp-block-columns is-layout-flex wp-container-core-columns-is-layout-4 wp-block-columns-is-layout-flex\">\n\t<div class=\"wp-block-column is-layout-flow wp-block-column-is-layout-flow\">\n\t\t<p>\n\t\t\t<strong>Facility Management int\u00e9gral<\/strong><br \/>\n\t\t\tSuurstoffi 41A<br \/>\n\t\t\t6343 Rotkreuz\t\t<\/p>\n\t<\/div>\n\n\t<div class=\"wp-block-column is-layout-flow wp-block-column-is-layout-flow\">\n\t\t<p>&nbsp;<br \/>\n\t\t\t<a href=\"mailto:rotkreuz@hfm.ch\">rotkreuz@hfm.ch<\/a><br \/>\n\t\t\t<a href=\"tel:+41417927180\">+41 41 792 71 80<\/a>\n\t\t<\/p>\n\t<\/div>\n<\/div>\n\n\n\t<div class=\"hidden-marker\" data-lat=\"47.1447607\" data-lng=\"8.434968\" data-id=\"51533\"><\/div>\n\t\n<\/li><li class=\"wp-block-post post-51428 page type-page status-publish has-post-thumbnail hentry kategorie-standort-fr angebot-installation-service-apres-vente\">\n<h3 class=\"wp-block-post-title is-in-viewport\">\n\t<a href=\"https:\/\/haelg.ch\/fr\/offre\/installation\/samedan\/\" target=\"_self\">H\u00e4lg &#038; Cie SA, Samedan<\/a>\n<\/h3>\n\n\n<div class=\"wp-block-columns is-layout-flex wp-container-core-columns-is-layout-4 wp-block-columns-is-layout-flex\">\n\t<div class=\"wp-block-column is-layout-flow wp-block-column-is-layout-flow\">\n\t\t<p>\n\t\t\t<strong>Installation \/ Service apr\u00e8s-vente<\/strong><br \/>\n\t\t\tSan Bastiaun 21<br \/>\n\t\t\t7503 Samedan\t\t<\/p>\n\t<\/div>\n\n\t<div class=\"wp-block-column is-layout-flow wp-block-column-is-layout-flow\">\n\t\t<p>&nbsp;<br \/>\n\t\t\t<a href=\"mailto:samedan@haelg.ch\">samedan@haelg.ch<\/a><br \/>\n\t\t\t<a href=\"tel:+41818511400\">+41 81 851 14 00<\/a>\n\t\t<\/p>\n\t<\/div>\n<\/div>\n\n\n\t<div class=\"hidden-marker\" data-lat=\"46.5325725\" data-lng=\"9.8695658\" data-id=\"51428\"><\/div>\n\t\n<\/li><li class=\"wp-block-post post-51436 page type-page status-publish has-post-thumbnail hentry kategorie-standort-fr angebot-installation-service-apres-vente\">\n<h3 class=\"wp-block-post-title is-in-viewport\">\n\t<a href=\"https:\/\/haelg.ch\/fr\/offre\/installation\/schlieren\/\" target=\"_self\">Dober AG, Schlieren<\/a>\n<\/h3>\n\n\n<div class=\"wp-block-columns is-layout-flex wp-container-core-columns-is-layout-4 wp-block-columns-is-layout-flex\">\n\t<div class=\"wp-block-column is-layout-flow wp-block-column-is-layout-flow\">\n\t\t<p>\n\t\t\t<strong>Installation \/ Service apr\u00e8s-vente<\/strong><br \/>\n\t\t\tFriedaustrasse 6<br \/>\n\t\t\t8952 Schlieren\t\t<\/p>\n\t<\/div>\n\n\t<div class=\"wp-block-column is-layout-flow wp-block-column-is-layout-flow\">\n\t\t<p>&nbsp;<br \/>\n\t\t\t<a href=\"mailto:info@doberag.ch\">info@doberag.ch<\/a><br \/>\n\t\t\t<a href=\"tel:+41447336000\">+41 44 733 60 00<\/a>\n\t\t<\/p>\n\t<\/div>\n<\/div>\n\n\n\t<div class=\"hidden-marker\" data-lat=\"47.4014565\" data-lng=\"8.4509463\" data-id=\"51436\"><\/div>\n\t\n<\/li><li class=\"wp-block-post post-116055 page type-page status-publish hentry kategorie-standort-fr angebot-installation-service-apres-vente\">\n<h3 class=\"wp-block-post-title is-in-viewport\">\n\t<a href=\"https:\/\/haelg.ch\/fr\/offre\/installation\/sion\/\" target=\"_self\">Valcalorie SA, Sion<\/a>\n<\/h3>\n\n\n<div class=\"wp-block-columns is-layout-flex wp-container-core-columns-is-layout-4 wp-block-columns-is-layout-flex\">\n\t<div class=\"wp-block-column is-layout-flow wp-block-column-is-layout-flow\">\n\t\t<p>\n\t\t\t<strong>Installation \/ Service apr\u00e8s-vente<\/strong><br \/>\n\t\t\tRte de Bramois 2<br \/>\n\t\t\t1950 Sion\t\t<\/p>\n\t<\/div>\n\n\t<div class=\"wp-block-column is-layout-flow wp-block-column-is-layout-flow\">\n\t\t<p>&nbsp;<br \/>\n\t\t\t<a href=\"mailto:info@valcalorie.ch\">info@valcalorie.ch<\/a><br \/>\n\t\t\t<a href=\"tel:+41272033514\">+41 27 203 35 14<\/a>\n\t\t<\/p>\n\t<\/div>\n<\/div>\n\n\n\t<div class=\"hidden-marker\" data-lat=\"46.2260824\" data-lng=\"7.387251\" data-id=\"116055\"><\/div>\n\t\n<\/li><li class=\"wp-block-post post-51434 page type-page status-publish hentry kategorie-standort-fr angebot-installation-service-apres-vente\">\n<h3 class=\"wp-block-post-title is-in-viewport\">\n\t<a href=\"https:\/\/haelg.ch\/fr\/offre\/installation\/spreitenbach\/\" target=\"_self\">Klima SA, Spreitenbach<\/a>\n<\/h3>\n\n\n<div class=\"wp-block-columns is-layout-flex wp-container-core-columns-is-layout-4 wp-block-columns-is-layout-flex\">\n\t<div class=\"wp-block-column is-layout-flow wp-block-column-is-layout-flow\">\n\t\t<p>\n\t\t\t<strong>Installation \/ Service apr\u00e8s-vente<\/strong><br \/>\n\t\t\tPfadackerstrasse 10<br \/>\n\t\t\t8957 Spreitenbach\t\t<\/p>\n\t<\/div>\n\n\t<div class=\"wp-block-column is-layout-flow wp-block-column-is-layout-flow\">\n\t\t<p>&nbsp;<br \/>\n\t\t\t<a href=\"mailto:spreitenbach@klima-ag.ch\">spreitenbach@klima-ag.ch<\/a><br \/>\n\t\t\t<a href=\"tel:+41564186000\">+41 56 418 60 00<\/a>\n\t\t<\/p>\n\t<\/div>\n<\/div>\n\n\n\t<div class=\"hidden-marker\" data-lat=\"47.4221066\" data-lng=\"8.3686883\" data-id=\"51434\"><\/div>\n\t\n<\/li><li class=\"wp-block-post post-45879 page type-page status-publish has-post-thumbnail hentry kategorie-standort-fr angebot-installation-service-apres-vente\">\n<h3 class=\"wp-block-post-title is-in-viewport\">\n\t<a href=\"https:\/\/haelg.ch\/fr\/offre\/installation\/st-gall\/\" target=\"_self\">H\u00e4lg &#038; Cie SA, St-Gall<\/a>\n<\/h3>\n\n\n<div class=\"wp-block-columns is-layout-flex wp-container-core-columns-is-layout-4 wp-block-columns-is-layout-flex\">\n\t<div class=\"wp-block-column is-layout-flow wp-block-column-is-layout-flow\">\n\t\t<p>\n\t\t\t<strong>Installation \/ Service apr\u00e8s-vente<\/strong><br \/>\n\t\t\tLukasstrasse 30<br \/>\n\t\t\t9001 St-Gall\t\t<\/p>\n\t<\/div>\n\n\t<div class=\"wp-block-column is-layout-flow wp-block-column-is-layout-flow\">\n\t\t<p>&nbsp;<br \/>\n\t\t\t<a href=\"mailto:stgallen@haelg.ch\">stgallen@haelg.ch<\/a><br \/>\n\t\t\t<a href=\"tel:+41712433838\">+41 71 243 38 38<\/a>\n\t\t<\/p>\n\t<\/div>\n<\/div>\n\n\n\t<div class=\"hidden-marker\" data-lat=\"47.4397026\" data-lng=\"9.3973722\" data-id=\"45879\"><\/div>\n\t\n<\/li><li class=\"wp-block-post post-51497 page type-page status-publish hentry kategorie-standort-fr angebot-nettoyage-de-systemes-de-ventilation\">\n<h3 class=\"wp-block-post-title is-in-viewport\">\n\t<a href=\"https:\/\/haelg.ch\/fr\/offre\/nettoyage-des-systemes-de-ventilation\/st-gall\/\" target=\"_self\">H\u00e4lg &#038; Cie SA, St-Gall<\/a>\n<\/h3>\n\n\n<div class=\"wp-block-columns is-layout-flex wp-container-core-columns-is-layout-4 wp-block-columns-is-layout-flex\">\n\t<div class=\"wp-block-column is-layout-flow wp-block-column-is-layout-flow\">\n\t\t<p>\n\t\t\t<strong>Nettoyage de syst\u00e8mes de ventilation<\/strong><br \/>\n\t\t\tLukasstrasse 30<br \/>\n\t\t\t9001 St-Gall\t\t<\/p>\n\t<\/div>\n\n\t<div class=\"wp-block-column is-layout-flow wp-block-column-is-layout-flow\">\n\t\t<p>&nbsp;<br \/>\n\t\t\t<a href=\"mailto:lueftungsreinigung@haelg.ch\">lueftungsreinigung@haelg.ch<\/a><br \/>\n\t\t\t<a href=\"tel:0800853855\">0800 853 855<\/a>\n\t\t<\/p>\n\t<\/div>\n<\/div>\n\n\n\t<div class=\"hidden-marker\" data-lat=\"47.4397026\" data-lng=\"9.3973722\" data-id=\"51497\"><\/div>\n\t\n<\/li><li class=\"wp-block-post post-51508 page type-page status-publish hentry kategorie-standort-fr angebot-automatisation-de-batiment\">\n<h3 class=\"wp-block-post-title is-in-viewport\">\n\t<a href=\"https:\/\/haelg.ch\/fr\/offre\/automatisation-de-batiment\/st-gall\/\" target=\"_self\">H\u00e4lg &#038; Cie SA, St-Gall<\/a>\n<\/h3>\n\n\n<div class=\"wp-block-columns is-layout-flex wp-container-core-columns-is-layout-4 wp-block-columns-is-layout-flex\">\n\t<div class=\"wp-block-column is-layout-flow wp-block-column-is-layout-flow\">\n\t\t<p>\n\t\t\t<strong>Automatisation de b\u00e2timent<\/strong><br \/>\n\t\t\tLukasstrasse 30<br \/>\n\t\t\t9001 St-Gall\t\t<\/p>\n\t<\/div>\n\n\t<div class=\"wp-block-column is-layout-flow wp-block-column-is-layout-flow\">\n\t\t<p>&nbsp;<br \/>\n\t\t\t<a href=\"mailto:ga@haelg.ch\">ga@haelg.ch<\/a><br \/>\n\t\t\t<a href=\"tel:+41712433890\">+41 71 243 38 90<\/a>\n\t\t<\/p>\n\t<\/div>\n<\/div>\n\n\n\t<div class=\"hidden-marker\" data-lat=\"47.4397026\" data-lng=\"9.3973722\" data-id=\"51508\"><\/div>\n\t\n<\/li><li class=\"wp-block-post post-51534 page type-page status-publish hentry kategorie-standort-fr angebot-facility-management-integral\">\n<h3 class=\"wp-block-post-title is-in-viewport\">\n\t<a href=\"https:\/\/haelg.ch\/fr\/offre\/facility-management-integral\/st-gall\/\" target=\"_self\">H\u00e4lg Facility Management AG, St-Gall<\/a>\n<\/h3>\n\n\n<div class=\"wp-block-columns is-layout-flex wp-container-core-columns-is-layout-4 wp-block-columns-is-layout-flex\">\n\t<div class=\"wp-block-column is-layout-flow wp-block-column-is-layout-flow\">\n\t\t<p>\n\t\t\t<strong>Facility Management int\u00e9gral<\/strong><br \/>\n\t\t\tLukasstrasse 30<br \/>\n\t\t\t9001 St-Gall\t\t<\/p>\n\t<\/div>\n\n\t<div class=\"wp-block-column is-layout-flow wp-block-column-is-layout-flow\">\n\t\t<p>&nbsp;<br \/>\n\t\t\t<a href=\"mailto:stgallen@hfm.ch\">stgallen@hfm.ch<\/a><br \/>\n\t\t\t<a href=\"tel:+41712433700\">+41 71 243 37 00<\/a>\n\t\t<\/p>\n\t<\/div>\n<\/div>\n\n\n\t<div class=\"hidden-marker\" data-lat=\"47.4397026\" data-lng=\"9.3973722\" data-id=\"51534\"><\/div>\n\t\n<\/li><li class=\"wp-block-post post-51457 page type-page status-publish has-post-thumbnail hentry kategorie-standort-fr angebot-installation-service-apres-vente\">\n<h3 class=\"wp-block-post-title is-in-viewport\">\n\t<a href=\"https:\/\/haelg.ch\/fr\/offre\/installation\/tinizong\/\" target=\"_self\">H\u00e4lg &#038; Cie SA, Tinizong<\/a>\n<\/h3>\n\n\n<div class=\"wp-block-columns is-layout-flex wp-container-core-columns-is-layout-4 wp-block-columns-is-layout-flex\">\n\t<div class=\"wp-block-column is-layout-flow wp-block-column-is-layout-flow\">\n\t\t<p>\n\t\t\t<strong>Installation \/ Service apr\u00e8s-vente<\/strong><br \/>\n\t\t\tGravas 12<br \/>\n\t\t\t7453 Tinizong\t\t<\/p>\n\t<\/div>\n\n\t<div class=\"wp-block-column is-layout-flow wp-block-column-is-layout-flow\">\n\t\t<p>&nbsp;<br \/>\n\t\t\t<a href=\"mailto:tinizong@haelg.ch\">tinizong@haelg.ch<\/a><br \/>\n\t\t\t<a href=\"tel:+41816591919\">+41 81 659 19 19<\/a>\n\t\t<\/p>\n\t<\/div>\n<\/div>\n\n\n\t<div class=\"hidden-marker\" data-lat=\"46.611507\" data-lng=\"9.5890522\" data-id=\"51457\"><\/div>\n\t\n<\/li><li class=\"wp-block-post post-51435 page type-page status-publish hentry kategorie-standort-fr angebot-installation-service-apres-vente\">\n<h3 class=\"wp-block-post-title is-in-viewport\">\n\t<a href=\"https:\/\/haelg.ch\/fr\/offre\/installation\/villars-sainte-croix\/\" target=\"_self\">Klima SA, Villars-Ste-Croix<\/a>\n<\/h3>\n\n\n<div class=\"wp-block-columns is-layout-flex wp-container-core-columns-is-layout-4 wp-block-columns-is-layout-flex\">\n\t<div class=\"wp-block-column is-layout-flow wp-block-column-is-layout-flow\">\n\t\t<p>\n\t\t\t<strong>Installation \/ Service apr\u00e8s-vente<\/strong><br \/>\n\t\t\tLa Pierreire 2<br \/>\n\t\t\t1029 Villars-Ste-Croix\t\t<\/p>\n\t<\/div>\n\n\t<div class=\"wp-block-column is-layout-flow wp-block-column-is-layout-flow\">\n\t\t<p>&nbsp;<br \/>\n\t\t\t<a href=\"mailto:villars@klima-sa.ch\">villars@klima-sa.ch<\/a><br \/>\n\t\t\t<a href=\"tel:+41216328111\">+41 21 632 81 11<\/a>\n\t\t<\/p>\n\t<\/div>\n<\/div>\n\n\n\t<div class=\"hidden-marker\" data-lat=\"46.5610285\" data-lng=\"6.5646316\" data-id=\"51435\"><\/div>\n\t\n<\/li><li class=\"wp-block-post post-51431 page type-page status-publish has-post-thumbnail hentry kategorie-standort-fr angebot-installation-service-apres-vente\">\n<h3 class=\"wp-block-post-title is-in-viewport\">\n\t<a href=\"https:\/\/haelg.ch\/fr\/offre\/installation\/wil\/\" target=\"_self\">H\u00e4lg &#038; Cie SA, Wil<\/a>\n<\/h3>\n\n\n<div class=\"wp-block-columns is-layout-flex wp-container-core-columns-is-layout-4 wp-block-columns-is-layout-flex\">\n\t<div class=\"wp-block-column is-layout-flow wp-block-column-is-layout-flow\">\n\t\t<p>\n\t\t\t<strong>Installation \/ Service apr\u00e8s-vente<\/strong><br \/>\n\t\t\tHubstrasse 64<br \/>\n\t\t\t9500 Wil\t\t<\/p>\n\t<\/div>\n\n\t<div class=\"wp-block-column is-layout-flow wp-block-column-is-layout-flow\">\n\t\t<p>&nbsp;<br \/>\n\t\t\t<a href=\"mailto:stgallen@haelg.ch\">stgallen@haelg.ch<\/a><br \/>\n\t\t\t<a href=\"tel:+41719122110\">+41 71 912 21 10<\/a>\n\t\t<\/p>\n\t<\/div>\n<\/div>\n\n\n\t<div class=\"hidden-marker\" data-lat=\"47.4610865\" data-lng=\"9.0352307\" data-id=\"51431\"><\/div>\n\t\n<\/li><li class=\"wp-block-post post-51427 page type-page status-publish has-post-thumbnail hentry kategorie-standort-fr angebot-installation-service-apres-vente\">\n<h3 class=\"wp-block-post-title is-in-viewport\">\n\t<a href=\"https:\/\/haelg.ch\/fr\/offre\/installation\/winterthour\/\" target=\"_self\">H\u00e4lg &#038; Cie SA, Winterthour<\/a>\n<\/h3>\n\n\n<div class=\"wp-block-columns is-layout-flex wp-container-core-columns-is-layout-4 wp-block-columns-is-layout-flex\">\n\t<div class=\"wp-block-column is-layout-flow wp-block-column-is-layout-flow\">\n\t\t<p>\n\t\t\t<strong>Installation \/ Service apr\u00e8s-vente<\/strong><br \/>\n\t\t\tHofackerstrasse 15<br \/>\n\t\t\t8409 Winterthour\t\t<\/p>\n\t<\/div>\n\n\t<div class=\"wp-block-column is-layout-flow wp-block-column-is-layout-flow\">\n\t\t<p>&nbsp;<br \/>\n\t\t\t<a href=\"mailto:winterthur@haelg.ch\">winterthur@haelg.ch<\/a><br \/>\n\t\t\t<a href=\"tel:+41523034610\">+41 52 303 46 10<\/a>\n\t\t<\/p>\n\t<\/div>\n<\/div>\n\n\n\t<div class=\"hidden-marker\" data-lat=\"47.5028989\" data-lng=\"8.7737878\" data-id=\"51427\"><\/div>\n\t\n<\/li><li class=\"wp-block-post post-51449 page type-page status-publish has-post-thumbnail hentry kategorie-standort-fr angebot-installation-service-apres-vente\">\n<h3 class=\"wp-block-post-title is-in-viewport\">\n\t<a href=\"https:\/\/haelg.ch\/fr\/offre\/installation\/zurich\/\" target=\"_self\">H\u00e4lg &#038; Cie SA, Zurich<\/a>\n<\/h3>\n\n\n<div class=\"wp-block-columns is-layout-flex wp-container-core-columns-is-layout-4 wp-block-columns-is-layout-flex\">\n\t<div class=\"wp-block-column is-layout-flow wp-block-column-is-layout-flow\">\n\t\t<p>\n\t\t\t<strong>Installation \/ Service apr\u00e8s-vente<\/strong><br \/>\n\t\t\tF\u00f6rrlibuckstrasse 66<br \/>\n\t\t\t8031 Zurich\t\t<\/p>\n\t<\/div>\n\n\t<div class=\"wp-block-column is-layout-flow wp-block-column-is-layout-flow\">\n\t\t<p>&nbsp;<br \/>\n\t\t\t<a href=\"mailto:zuerich@haelg.ch\">zuerich@haelg.ch<\/a><br \/>\n\t\t\t<a href=\"tel:+41444484746\">+41 44 448 47 46<\/a>\n\t\t<\/p>\n\t<\/div>\n<\/div>\n\n\n\t<div class=\"hidden-marker\" data-lat=\"47.3918251\" data-lng=\"8.5144786\" data-id=\"51449\"><\/div>\n\t\n<\/li><li class=\"wp-block-post post-51507 page type-page status-publish hentry kategorie-standort-fr angebot-automatisation-de-batiment\">\n<h3 class=\"wp-block-post-title is-in-viewport\">\n\t<a href=\"https:\/\/haelg.ch\/fr\/offre\/automatisation-de-batiment\/zurich\/\" target=\"_self\">H\u00e4lg &#038; Cie SA, Zurich<\/a>\n<\/h3>\n\n\n<div class=\"wp-block-columns is-layout-flex wp-container-core-columns-is-layout-4 wp-block-columns-is-layout-flex\">\n\t<div class=\"wp-block-column is-layout-flow wp-block-column-is-layout-flow\">\n\t\t<p>\n\t\t\t<strong>Automatisation de b\u00e2timent<\/strong><br \/>\n\t\t\tF\u00f6rrlibuckstrasse 66<br \/>\n\t\t\t8031 Zurich\t\t<\/p>\n\t<\/div>\n\n\t<div class=\"wp-block-column is-layout-flow wp-block-column-is-layout-flow\">\n\t\t<p>&nbsp;<br \/>\n\t\t\t<a href=\"mailto:ga@haelg.ch\">ga@haelg.ch<\/a><br \/>\n\t\t\t<a href=\"tel:+41444484790\">+41 44 448 47 90<\/a>\n\t\t<\/p>\n\t<\/div>\n<\/div>\n\n\n\t<div class=\"hidden-marker\" data-lat=\"47.3918251\" data-lng=\"8.5144786\" data-id=\"51507\"><\/div>\n\t\n<\/li><li class=\"wp-block-post post-51531 page type-page status-publish hentry kategorie-standort-fr angebot-facility-management-integral\">\n<h3 class=\"wp-block-post-title is-in-viewport\">\n\t<a href=\"https:\/\/haelg.ch\/fr\/offre\/facility-management-integral\/zurich\/\" target=\"_self\">H\u00e4lg Facility Management AG, Zurich<\/a>\n<\/h3>\n\n\n<div class=\"wp-block-columns is-layout-flex wp-container-core-columns-is-layout-4 wp-block-columns-is-layout-flex\">\n\t<div class=\"wp-block-column is-layout-flow wp-block-column-is-layout-flow\">\n\t\t<p>\n\t\t\t<strong>Facility Management int\u00e9gral<\/strong><br \/>\n\t\t\tF\u00f6rrlibuckstrasse 66<br \/>\n\t\t\t8005 Zurich\t\t<\/p>\n\t<\/div>\n\n\t<div class=\"wp-block-column is-layout-flow wp-block-column-is-layout-flow\">\n\t\t<p>&nbsp;<br \/>\n\t\t\t<a href=\"mailto:zuerich@hfm.ch\">zuerich@hfm.ch<\/a><br \/>\n\t\t\t<a href=\"tel:+41444482080\">+41 44 448 20 80<\/a>\n\t\t<\/p>\n\t<\/div>\n<\/div>\n\n\n\t<div class=\"hidden-marker\" data-lat=\"47.3918251\" data-lng=\"8.5144786\" data-id=\"51531\"><\/div>\n\t\n<\/li><\/ul>\n\n\n\n<\/div>\n\n\n\n<div class=\"wp-block-buttons is-layout-flex wp-block-buttons-is-layout-flex\">\n<div class=\"wp-block-button is-style-outline js-show-all-locations is-style-outline--3\"><a class=\"wp-block-button__link wp-element-button\">Afficher tous les r\u00e9sultats<\/a><\/div>\n<\/div>\n<\/div>\n\n\n\n<div class=\"wp-block-column is-layout-flow wp-block-column-is-layout-flow\"><div id=\"servicepartner-map\"><div class=\"cookie-info\">Veuillez accepter les cookies afin que Google Maps puisse \u00eatre charg\u00e9.<\/div><\/div>\n<\/div>\n<\/div>\n<\/div>\n<\/div>\n","protected":false},"excerpt":{"rendered":"<p>Notre offre pour les piscines Nous \u00e9tudions minutieusement vos souhaits et les lieux, faisons si n\u00e9cessaire appel \u00e0 un paysagiste et restons \u00e0 votre service apr\u00e8s la construction, pour assurer la maintenance, l&rsquo;entretien et le nettoyage. Plongez dans votre oasis de bien-\u00eatre personnelle! Bassin b\u00e9tonn\u00e9 Pour une flexibilit\u00e9 maximale en termes de taille et de [&hellip;]<\/p>\n","protected":false},"author":3,"featured_media":50915,"parent":51047,"menu_order":94,"comment_status":"closed","ping_status":"closed","template":"","meta":{"_acf_changed":false,"inline_featured_image":false,"footnotes":""},"kategorie":[],"angebot":[],"class_list":["post-52048","page","type-page","status-publish","has-post-thumbnail","hentry"],"acf":[],"yoast_head":"<!-- This site is optimized with the Yoast SEO plugin v27.3 - https:\/\/yoast.com\/product\/yoast-seo-wordpress\/ -->\n<title>Votre partenaire pour les piscines et \u00e9tangs de baignade<\/title>\n<meta name=\"description\" content=\"Quel bassin r\u00e9pond \u00e0 vos souhaits? Que ce soit un bassin en b\u00e9ton, en mati\u00e8re synth\u00e9tique, en acier ou un \u00e9tang de baignade, d\u00e9couvrez notre offre ici.\" \/>\n<meta name=\"robots\" content=\"index, follow, max-snippet:-1, max-image-preview:large, max-video-preview:-1\" \/>\n<link rel=\"canonical\" href=\"https:\/\/haelg.ch\/fr\/offre\/installation\/piscines\/\" \/>\n<meta property=\"og:locale\" content=\"fr_FR\" \/>\n<meta property=\"og:type\" content=\"article\" \/>\n<meta property=\"og:title\" content=\"Votre partenaire pour les piscines et \u00e9tangs de baignade\" \/>\n<meta property=\"og:description\" content=\"Quel bassin r\u00e9pond \u00e0 vos souhaits? Que ce soit un bassin en b\u00e9ton, en mati\u00e8re synth\u00e9tique, en acier ou un \u00e9tang de baignade, d\u00e9couvrez notre offre ici.\" \/>\n<meta property=\"og:url\" content=\"https:\/\/haelg.ch\/fr\/offre\/installation\/piscines\/\" \/>\n<meta property=\"og:site_name\" content=\"H\u00e4lg Group\" \/>\n<meta property=\"article:publisher\" content=\"https:\/\/www.facebook.com\/haelg.ch\" \/>\n<meta property=\"article:modified_time\" content=\"2026-04-01T11:05:29+00:00\" \/>\n<meta property=\"og:image\" content=\"https:\/\/haelg.ch\/app\/uploads\/2024\/12\/schwimmbad-oberhaensli-ag-gebaeudetechnik-haelg-group_2400x2400.jpg\" \/>\n\t<meta property=\"og:image:width\" content=\"2400\" \/>\n\t<meta property=\"og:image:height\" content=\"2400\" \/>\n\t<meta property=\"og:image:type\" content=\"image\/jpeg\" \/>\n<meta name=\"twitter:card\" content=\"summary_large_image\" \/>\n<meta name=\"twitter:label1\" content=\"Dur\u00e9e de lecture estim\u00e9e\" \/>\n\t<meta name=\"twitter:data1\" content=\"3 minutes\" \/>\n<script type=\"application\/ld+json\" class=\"yoast-schema-graph\">{\"@context\":\"https:\\\/\\\/schema.org\",\"@graph\":[{\"@type\":\"WebPage\",\"@id\":\"https:\\\/\\\/haelg.ch\\\/fr\\\/offre\\\/installation\\\/piscines\\\/\",\"url\":\"https:\\\/\\\/haelg.ch\\\/fr\\\/offre\\\/installation\\\/piscines\\\/\",\"name\":\"Votre partenaire pour les piscines et \u00e9tangs de baignade\",\"isPartOf\":{\"@id\":\"https:\\\/\\\/haelg.ch\\\/fr\\\/#website\"},\"primaryImageOfPage\":{\"@id\":\"https:\\\/\\\/haelg.ch\\\/fr\\\/offre\\\/installation\\\/piscines\\\/#primaryimage\"},\"image\":{\"@id\":\"https:\\\/\\\/haelg.ch\\\/fr\\\/offre\\\/installation\\\/piscines\\\/#primaryimage\"},\"thumbnailUrl\":\"https:\\\/\\\/haelg.ch\\\/app\\\/uploads\\\/2024\\\/12\\\/schwimmbad-oberhaensli-ag-gebaeudetechnik-haelg-group_2400x2400.jpg\",\"datePublished\":\"2024-12-23T08:03:27+00:00\",\"dateModified\":\"2026-04-01T11:05:29+00:00\",\"description\":\"Quel bassin r\u00e9pond \u00e0 vos souhaits? Que ce soit un bassin en b\u00e9ton, en mati\u00e8re synth\u00e9tique, en acier ou un \u00e9tang de baignade, d\u00e9couvrez notre offre ici.\",\"breadcrumb\":{\"@id\":\"https:\\\/\\\/haelg.ch\\\/fr\\\/offre\\\/installation\\\/piscines\\\/#breadcrumb\"},\"inLanguage\":\"fr-FR\",\"potentialAction\":[{\"@type\":\"ReadAction\",\"target\":[\"https:\\\/\\\/haelg.ch\\\/fr\\\/offre\\\/installation\\\/piscines\\\/\"]}]},{\"@type\":\"ImageObject\",\"inLanguage\":\"fr-FR\",\"@id\":\"https:\\\/\\\/haelg.ch\\\/fr\\\/offre\\\/installation\\\/piscines\\\/#primaryimage\",\"url\":\"https:\\\/\\\/haelg.ch\\\/app\\\/uploads\\\/2024\\\/12\\\/schwimmbad-oberhaensli-ag-gebaeudetechnik-haelg-group_2400x2400.jpg\",\"contentUrl\":\"https:\\\/\\\/haelg.ch\\\/app\\\/uploads\\\/2024\\\/12\\\/schwimmbad-oberhaensli-ag-gebaeudetechnik-haelg-group_2400x2400.jpg\",\"width\":2400,\"height\":2400,\"caption\":\"Schwimmbad durch die H\u00e4lg & Co. AG B\u00fctschwil\"},{\"@type\":\"BreadcrumbList\",\"@id\":\"https:\\\/\\\/haelg.ch\\\/fr\\\/offre\\\/installation\\\/piscines\\\/#breadcrumb\",\"itemListElement\":[{\"@type\":\"ListItem\",\"position\":1,\"name\":\"Accueil\",\"item\":\"https:\\\/\\\/haelg.ch\\\/fr\\\/\"},{\"@type\":\"ListItem\",\"position\":2,\"name\":\"Offre\",\"item\":\"https:\\\/\\\/haelg.ch\\\/fr\\\/offre\\\/\"},{\"@type\":\"ListItem\",\"position\":3,\"name\":\"Installation\",\"item\":\"https:\\\/\\\/haelg.ch\\\/fr\\\/offre\\\/installation\\\/\"},{\"@type\":\"ListItem\",\"position\":4,\"name\":\"Piscines\"}]},{\"@type\":\"WebSite\",\"@id\":\"https:\\\/\\\/haelg.ch\\\/fr\\\/#website\",\"url\":\"https:\\\/\\\/haelg.ch\\\/fr\\\/\",\"name\":\"H\u00e4lg Group\",\"description\":\"\",\"publisher\":{\"@id\":\"https:\\\/\\\/haelg.ch\\\/fr\\\/#organization\"},\"potentialAction\":[{\"@type\":\"SearchAction\",\"target\":{\"@type\":\"EntryPoint\",\"urlTemplate\":\"https:\\\/\\\/haelg.ch\\\/fr\\\/?s={search_term_string}\"},\"query-input\":{\"@type\":\"PropertyValueSpecification\",\"valueRequired\":true,\"valueName\":\"search_term_string\"}}],\"inLanguage\":\"fr-FR\"},{\"@type\":\"Organization\",\"@id\":\"https:\\\/\\\/haelg.ch\\\/fr\\\/#organization\",\"name\":\"H\u00e4lg Group\",\"url\":\"https:\\\/\\\/haelg.ch\\\/fr\\\/\",\"logo\":{\"@type\":\"ImageObject\",\"inLanguage\":\"fr-FR\",\"@id\":\"https:\\\/\\\/haelg.ch\\\/fr\\\/#\\\/schema\\\/logo\\\/image\\\/\",\"url\":\"https:\\\/\\\/haelg.ch\\\/app\\\/uploads\\\/2025\\\/01\\\/haelg-group-logo_1800x1200.jpg\",\"contentUrl\":\"https:\\\/\\\/haelg.ch\\\/app\\\/uploads\\\/2025\\\/01\\\/haelg-group-logo_1800x1200.jpg\",\"width\":1620,\"height\":1080,\"caption\":\"H\u00e4lg Group\"},\"image\":{\"@id\":\"https:\\\/\\\/haelg.ch\\\/fr\\\/#\\\/schema\\\/logo\\\/image\\\/\"},\"sameAs\":[\"https:\\\/\\\/www.facebook.com\\\/haelg.ch\",\"https:\\\/\\\/www.linkedin.com\\\/company\\\/haelggroup\\\/\",\"https:\\\/\\\/www.instagram.com\\\/haelg.group\\\/\",\"https:\\\/\\\/www.youtube.com\\\/channel\\\/UCCP6yzfvj3o6gA9J5L0QJCg\\\/videos\",\"https:\\\/\\\/www.kununu.com\\\/ch\\\/haelg-group\"]}]}<\/script>\n<!-- \/ Yoast SEO plugin. -->","yoast_head_json":{"title":"Votre partenaire pour les piscines et \u00e9tangs de baignade","description":"Quel bassin r\u00e9pond \u00e0 vos souhaits? Que ce soit un bassin en b\u00e9ton, en mati\u00e8re synth\u00e9tique, en acier ou un \u00e9tang de baignade, d\u00e9couvrez notre offre ici.","robots":{"index":"index","follow":"follow","max-snippet":"max-snippet:-1","max-image-preview":"max-image-preview:large","max-video-preview":"max-video-preview:-1"},"canonical":"https:\/\/haelg.ch\/fr\/offre\/installation\/piscines\/","og_locale":"fr_FR","og_type":"article","og_title":"Votre partenaire pour les piscines et \u00e9tangs de baignade","og_description":"Quel bassin r\u00e9pond \u00e0 vos souhaits? Que ce soit un bassin en b\u00e9ton, en mati\u00e8re synth\u00e9tique, en acier ou un \u00e9tang de baignade, d\u00e9couvrez notre offre ici.","og_url":"https:\/\/haelg.ch\/fr\/offre\/installation\/piscines\/","og_site_name":"H\u00e4lg Group","article_publisher":"https:\/\/www.facebook.com\/haelg.ch","article_modified_time":"2026-04-01T11:05:29+00:00","og_image":[{"width":2400,"height":2400,"url":"https:\/\/haelg.ch\/app\/uploads\/2024\/12\/schwimmbad-oberhaensli-ag-gebaeudetechnik-haelg-group_2400x2400.jpg","type":"image\/jpeg"}],"twitter_card":"summary_large_image","twitter_misc":{"Dur\u00e9e de lecture estim\u00e9e":"3 minutes"},"schema":{"@context":"https:\/\/schema.org","@graph":[{"@type":"WebPage","@id":"https:\/\/haelg.ch\/fr\/offre\/installation\/piscines\/","url":"https:\/\/haelg.ch\/fr\/offre\/installation\/piscines\/","name":"Votre partenaire pour les piscines et \u00e9tangs de baignade","isPartOf":{"@id":"https:\/\/haelg.ch\/fr\/#website"},"primaryImageOfPage":{"@id":"https:\/\/haelg.ch\/fr\/offre\/installation\/piscines\/#primaryimage"},"image":{"@id":"https:\/\/haelg.ch\/fr\/offre\/installation\/piscines\/#primaryimage"},"thumbnailUrl":"https:\/\/haelg.ch\/app\/uploads\/2024\/12\/schwimmbad-oberhaensli-ag-gebaeudetechnik-haelg-group_2400x2400.jpg","datePublished":"2024-12-23T08:03:27+00:00","dateModified":"2026-04-01T11:05:29+00:00","description":"Quel bassin r\u00e9pond \u00e0 vos souhaits? Que ce soit un bassin en b\u00e9ton, en mati\u00e8re synth\u00e9tique, en acier ou un \u00e9tang de baignade, d\u00e9couvrez notre offre ici.","breadcrumb":{"@id":"https:\/\/haelg.ch\/fr\/offre\/installation\/piscines\/#breadcrumb"},"inLanguage":"fr-FR","potentialAction":[{"@type":"ReadAction","target":["https:\/\/haelg.ch\/fr\/offre\/installation\/piscines\/"]}]},{"@type":"ImageObject","inLanguage":"fr-FR","@id":"https:\/\/haelg.ch\/fr\/offre\/installation\/piscines\/#primaryimage","url":"https:\/\/haelg.ch\/app\/uploads\/2024\/12\/schwimmbad-oberhaensli-ag-gebaeudetechnik-haelg-group_2400x2400.jpg","contentUrl":"https:\/\/haelg.ch\/app\/uploads\/2024\/12\/schwimmbad-oberhaensli-ag-gebaeudetechnik-haelg-group_2400x2400.jpg","width":2400,"height":2400,"caption":"Schwimmbad durch die H\u00e4lg & Co. AG B\u00fctschwil"},{"@type":"BreadcrumbList","@id":"https:\/\/haelg.ch\/fr\/offre\/installation\/piscines\/#breadcrumb","itemListElement":[{"@type":"ListItem","position":1,"name":"Accueil","item":"https:\/\/haelg.ch\/fr\/"},{"@type":"ListItem","position":2,"name":"Offre","item":"https:\/\/haelg.ch\/fr\/offre\/"},{"@type":"ListItem","position":3,"name":"Installation","item":"https:\/\/haelg.ch\/fr\/offre\/installation\/"},{"@type":"ListItem","position":4,"name":"Piscines"}]},{"@type":"WebSite","@id":"https:\/\/haelg.ch\/fr\/#website","url":"https:\/\/haelg.ch\/fr\/","name":"H\u00e4lg Group","description":"","publisher":{"@id":"https:\/\/haelg.ch\/fr\/#organization"},"potentialAction":[{"@type":"SearchAction","target":{"@type":"EntryPoint","urlTemplate":"https:\/\/haelg.ch\/fr\/?s={search_term_string}"},"query-input":{"@type":"PropertyValueSpecification","valueRequired":true,"valueName":"search_term_string"}}],"inLanguage":"fr-FR"},{"@type":"Organization","@id":"https:\/\/haelg.ch\/fr\/#organization","name":"H\u00e4lg Group","url":"https:\/\/haelg.ch\/fr\/","logo":{"@type":"ImageObject","inLanguage":"fr-FR","@id":"https:\/\/haelg.ch\/fr\/#\/schema\/logo\/image\/","url":"https:\/\/haelg.ch\/app\/uploads\/2025\/01\/haelg-group-logo_1800x1200.jpg","contentUrl":"https:\/\/haelg.ch\/app\/uploads\/2025\/01\/haelg-group-logo_1800x1200.jpg","width":1620,"height":1080,"caption":"H\u00e4lg Group"},"image":{"@id":"https:\/\/haelg.ch\/fr\/#\/schema\/logo\/image\/"},"sameAs":["https:\/\/www.facebook.com\/haelg.ch","https:\/\/www.linkedin.com\/company\/haelggroup\/","https:\/\/www.instagram.com\/haelg.group\/","https:\/\/www.youtube.com\/channel\/UCCP6yzfvj3o6gA9J5L0QJCg\/videos","https:\/\/www.kununu.com\/ch\/haelg-group"]}]}},"_links":{"self":[{"href":"https:\/\/haelg.ch\/fr\/wp-json\/wp\/v2\/pages\/52048","targetHints":{"allow":["GET"]}}],"collection":[{"href":"https:\/\/haelg.ch\/fr\/wp-json\/wp\/v2\/pages"}],"about":[{"href":"https:\/\/haelg.ch\/fr\/wp-json\/wp\/v2\/types\/page"}],"author":[{"embeddable":true,"href":"https:\/\/haelg.ch\/fr\/wp-json\/wp\/v2\/users\/3"}],"replies":[{"embeddable":true,"href":"https:\/\/haelg.ch\/fr\/wp-json\/wp\/v2\/comments?post=52048"}],"version-history":[{"count":12,"href":"https:\/\/haelg.ch\/fr\/wp-json\/wp\/v2\/pages\/52048\/revisions"}],"predecessor-version":[{"id":224984,"href":"https:\/\/haelg.ch\/fr\/wp-json\/wp\/v2\/pages\/52048\/revisions\/224984"}],"up":[{"embeddable":true,"href":"https:\/\/haelg.ch\/fr\/wp-json\/wp\/v2\/pages\/51047"}],"wp:featuredmedia":[{"embeddable":true,"href":"https:\/\/haelg.ch\/fr\/wp-json\/wp\/v2\/media\/50915"}],"wp:attachment":[{"href":"https:\/\/haelg.ch\/fr\/wp-json\/wp\/v2\/media?parent=52048"}],"wp:term":[{"taxonomy":"kategorie","embeddable":true,"href":"https:\/\/haelg.ch\/fr\/wp-json\/wp\/v2\/kategorie?post=52048"},{"taxonomy":"angebot","embeddable":true,"href":"https:\/\/haelg.ch\/fr\/wp-json\/wp\/v2\/angebot?post=52048"}],"curies":[{"name":"wp","href":"https:\/\/api.w.org\/{rel}","templated":true}]}}