{"id":73957,"date":"2025-01-07T15:20:24","date_gmt":"2025-01-07T14:20:24","guid":{"rendered":"https:\/\/haelg.ch\/?post_type=reference&#038;p=73957"},"modified":"2025-03-24T15:46:42","modified_gmt":"2025-03-24T14:46:42","slug":"ebl-genossenschaft-elektra-baselland","status":"publish","type":"reference","link":"https:\/\/haelg.ch\/fr\/reference\/ebl-genossenschaft-elektra-baselland\/","title":{"rendered":"EBL &#8211; Genossenschaft Elektra Baselland"},"content":{"rendered":"\n<div class=\"wp-block-media-text alignwide is-stacked-on-mobile has-background-color has-secondary-background-color has-text-color has-background has-link-color wp-elements-75fed208bcfcf1ac5b6746a6d9aa28f5\" style=\"grid-template-columns:60% auto\"><figure  class=\"wp-block-media-text__media\"><img decoding=\"async\" width=\"2400\" height=\"2400\" loading=\"lazy\" alt=\"EBL \u2013 Genossenschaft Elektra Baselland\" src=\"https:\/\/haelg.ch\/app\/uploads\/2025\/01\/ebl-genossenschaft-elektra-baselland-haelg-group_2400x2400.jpg\" class=\"wp-image-52120 size-full\" srcset=\"https:\/\/haelg.ch\/app\/uploads\/2025\/01\/ebl-genossenschaft-elektra-baselland-haelg-group_2400x2400.jpg 2400w, https:\/\/haelg.ch\/app\/uploads\/2025\/01\/ebl-genossenschaft-elektra-baselland-haelg-group_2400x2400-300x300.jpg 300w, https:\/\/haelg.ch\/app\/uploads\/2025\/01\/ebl-genossenschaft-elektra-baselland-haelg-group_2400x2400-1024x1024.jpg 1024w, https:\/\/haelg.ch\/app\/uploads\/2025\/01\/ebl-genossenschaft-elektra-baselland-haelg-group_2400x2400-150x150.jpg 150w, https:\/\/haelg.ch\/app\/uploads\/2025\/01\/ebl-genossenschaft-elektra-baselland-haelg-group_2400x2400-768x768.jpg 768w, https:\/\/haelg.ch\/app\/uploads\/2025\/01\/ebl-genossenschaft-elektra-baselland-haelg-group_2400x2400-1536x1536.jpg 1536w, https:\/\/haelg.ch\/app\/uploads\/2025\/01\/ebl-genossenschaft-elektra-baselland-haelg-group_2400x2400-2048x2048.jpg 2048w\" sizes=\"auto, (max-width: 2400px) 100vw, 2400px\" \/><\/figure><div class=\"wp-block-media-text__content\"><div class=\"yoast-breadcrumbs\"><span><span><a href=\"https:\/\/haelg.ch\/fr\/\">Accueil<\/a><\/span> <span class=\"separator\"><\/span> <span><a href=\"https:\/\/haelg.ch\/fr\/reference\/\">R\u00e9f\u00e9rences<\/a><\/span> <span class=\"separator\"><\/span> <span class=\"breadcrumb_last\" aria-current=\"page\">EBL &#8211; Genossenschaft Elektra Baselland<\/span><\/span><\/div>\n\n\n<h1 class=\"wp-block-heading\">EBL &#8211; Genossenschaft Elektra Baselland<\/h1>\n\n\n\n<p>EBL (Genossenschaft Elektra Baselland) offre \u00e0 ses clients priv\u00e9s et professionnels des prestations \u00e9tendues dans le domaine de la distribution d\u2019\u00e9nergie, de l\u2019optimisation de l\u2019\u00e9nergie et des t\u00e9l\u00e9communications. Le si\u00e8ge de l\u2019entreprise se trouve \u00e0 Liestal. L\u2019aire d\u2019env. 12 000 m\u00b2\u00a0h\u00e9berge 12\u00a0b\u00e2timents: un b\u00e2timent de bureaux dans lequel travaillent plus de 250\u00a0personnes, une unit\u00e9 pour les \u00e9v\u00e9nements de l\u2019entreprise et plusieurs d\u00e9p\u00f4ts.<\/p>\n\n\n\n<div class=\"social-share-buttons\">Partager la page: \n\t\t<a class=\"share-link share-linkedin\" href=\"https:\/\/www.linkedin.com\/sharing\/share-offsite\/?url=https%3A%2F%2Fhaelg.ch%2Ffr%2Freference%2Febl-genossenschaft-elektra-baselland%2F\" target=\"_blank\">Auf LinkedIn teilen<\/a>\n        <a class=\"share-link share-facebook\" href=\"https:\/\/www.facebook.com\/sharer\/sharer.php?u=https%3A%2F%2Fhaelg.ch%2Ffr%2Freference%2Febl-genossenschaft-elektra-baselland%2F\" target=\"_blank\">Auf Facebook teilen<\/a>\n\t\t<a class=\"share-link share-email\" href=\"mailto:?subject=EBL%20%26%238211%3B%20Genossenschaft%20Elektra%20Baselland&body=https%3A%2F%2Fhaelg.ch%2Ffr%2Freference%2Febl-genossenschaft-elektra-baselland%2F\">Per E-Mail teilen<\/a>\n        <a class=\"share-link share-whatsapp\" href=\"https:\/\/api.whatsapp.com\/send?text=EBL+%26%238211%3B+Genossenschaft+Elektra+Baselland%20https%3A%2F%2Fhaelg.ch%2Ffr%2Freference%2Febl-genossenschaft-elektra-baselland%2F\" target=\"_blank\">Auf WhatsApp teilen<\/a>\n    <\/div>\n<\/div><\/div>\n\n\n\n<div class=\"wp-block-group alignfull info-overlap has-lightgray-background-color has-background is-layout-constrained wp-block-group-is-layout-constrained\">\n<div class=\"wp-block-columns is-layout-flex wp-container-core-columns-is-layout-28f84493 wp-block-columns-is-layout-flex\">\n<div class=\"wp-block-column is-vertically-aligned-center is-layout-flow wp-block-column-is-layout-flow\">\n<div class=\"wp-block-media-text is-stacked-on-mobile is-vertically-aligned-center is-style-stacked shadow-large has-background-background-color has-background\"><figure class=\"wp-block-media-text__media\"><\/figure><div class=\"wp-block-media-text__content\">\n<h3>Faits et chiffres<\/h3>\n\n\n<div class=\"reference-meta\">\n\t<table class=\"row\">\n\t\t\t\t<tr>\n\t\t\t<td>Succursale:<\/td>\n\t\t\t\t\t\t<td>H\u00e4lg Facility Management AG Berne<\/td>\n\t\t<\/tr>\n\t\t\n\t\t\t\t\t<tr>\n\t\t\t<td>Offre:<\/td>\n\t\t\t\t\t\t<td>Facility Management int\u00e9gral<\/td>\n\t\t<\/tr>\n\t\t\n\t\t\n\t\t\t\t\t\t\t\t\t\t\t\t\t\t\t<tr>\n\t\t\t\t\t\t<td>Type de b\u00e2timent:<\/td>\n\t\t\t\t\t\t<td>Bureaux et administration<\/td>\n\t\t\t\t\t<\/tr>\n\t\t\t\t\t\t\t\t\t\t\n\t\t\n\t\t\t\t<tr>\n\t\t\t<td>Ma\u00eetre d\u2019ouvrage\u00a0\/ client:<\/td>\n\t\t\t<td>EBL Genossenschaft Elektra Baselland<\/td>\n\t\t<\/tr>\n\t\t\n\t\t\t\t<tr>\n\t\t\t<td>Lieu:<\/td>\n\t\t\t<td>Liestal (BL)<\/td>\n\t\t<\/tr>\n\t\t\n\t\t\t\t<tr>\n\t\t\t<td>Ann\u00e9e\u00a0\/ dur\u00e9e:<\/td>\n\t\t\t<td>2019 \u2013 2021<\/td>\n\t\t<\/tr>\n\t\t\t<\/table>\n\n\t\t\t\t\t<table class=\"row\">\n\t\t\t\t\t\t\t<tr class=\"border-top\">\n\t\t\t\t\t<td>Superficie de l\u2019aire<\/td>\n\t\t\t\t\t<td>12 000 m\u00b2, 12 b\u00e2timents<\/td>\n\t\t\t\t<\/tr>\n\t\t\t\t\t\t\t\t<tr class=\"\">\n\t\t\t\t\t<td>FM technique et infrastructurel<\/td>\n\t\t\t\t\t<td><\/td>\n\t\t\t\t<\/tr>\n\t\t\t\t\t\t\t\t<tr class=\"\">\n\t\t\t\t\t<td>Gestion d\u2019ordres pour les projets de construction<\/td>\n\t\t\t\t\t<td><\/td>\n\t\t\t\t<\/tr>\n\t\t\t\t\t\t\t<\/table>\n\t\t\t<\/div>\n\n<\/div><\/div>\n<\/div>\n\n\n\n<div class=\"wp-block-column is-vertically-aligned-center is-layout-flow wp-block-column-is-layout-flow\">\n<p>En&nbsp;2019, H\u00e4lg Facility Management&nbsp;SA (HFM) a re\u00e7u l\u2019ordre de s\u2019occuper de toute l\u2019aire au si\u00e8ge \u00e0 Liestal. Elle effectuera pendant les trois ans du mandat les prestations pr\u00e9vues par l\u2019ordre de base et prendra par ailleurs en charge des projets de construction.<\/p>\n\n\n\n<p>Mais ce qui est encore plus important pour EBL, c\u2019est la mise en place d\u2019une cha\u00eene FM professionnelle qui permet une gestion transparente de la qualit\u00e9, des temps d\u2019intervention et des co\u00fbts. Conform\u00e9ment \u00e0 ISO 55 000, EBL agit comme propri\u00e9taire des ressources et HFM comme responsable. La r\u00e9duction des interfaces de processus augmente l\u2019efficacit\u00e9 des t\u00e2ches cl\u00e9s d\u2019EBL et des prestations FM fournies sur l\u2019aire.<\/p>\n\n\n\n<p>En dehors des prestations FM standard pr\u00e9vues par l\u2019ordre de base, HFM est responsable des projets de construction. Certains b\u00e2timents et installations techniques ont pris de l\u2019\u00e2ge, si bien que des remplacements sont n\u00e9cessaires. HFM assure un traitement complet, de l\u2019appel d\u2019offres \u00e0 la r\u00e9ception dans le cadre des ressources allou\u00e9es par EBL. Ces projets de construction vont de l\u2019adaptation d\u2019une commande d\u2019ascenseur \u00e0 l\u2019installation de syst\u00e8mes techniques du b\u00e2timent, tels que le chauffage ou les conduites d\u2019alimentation en eau.<\/p>\n<\/div>\n<\/div>\n\n\n\n<p><\/p>\n<\/div>\n\n\n\n<div class=\"wp-block-group is-layout-constrained wp-block-group-is-layout-constrained\"><div class=\"wp-block-media-text has-media-on-the-right is-stacked-on-mobile has-background-color has-secondary-background-color has-text-color has-background has-link-color is-employee-highlighted\"><div class=\"wp-block-media-text__content\" >\n\n        <h2 class=\"wp-block-heading\">Votre personne de contact<\/h2>\n\n        <h3>Felix K\u00f6nig<\/h3>\n        <p class=\"employee-role\">Directeur des succursales Berne et B\u00e2le\n            <br \/>H\u00e4lg Facility Management AG<\/p>\n        <p class=\"employee-contact\"><a href=\"tel:+41 31 330 46 27\">+41 31 330 46 27<\/a><br \/><a href=\"mailto:felix.koenig@hfm.ch\">felix.koenig@hfm.ch<\/a><\/p>\n<\/div>\n<figure class=\"wp-block-media-text__media\" style=\"background-image:url(https:\/\/haelg.ch\/app\/uploads\/2025\/12\/koenig-felix-haelg-group_1200x1200.jpg);background-position:50% 50%\"><img decoding=\"async\" loading=\"lazy\" loading=\"lazy\" src=\"https:\/\/haelg.ch\/app\/uploads\/2025\/12\/koenig-felix-haelg-group_1200x1200.jpg\" alt=\"Felix K\u00f6nig, H\u00e4lg Group\" class=\"size-full\"\/><\/figure><\/div>\n<!-- \/wp:media-text -->\n        <\/div>\n","protected":false},"excerpt":{"rendered":"<p>En&nbsp;2019, H\u00e4lg Facility Management&nbsp;SA (HFM) a re\u00e7u l\u2019ordre de s\u2019occuper de toute l\u2019aire au si\u00e8ge \u00e0 Liestal. Elle effectuera pendant les trois ans du mandat les prestations pr\u00e9vues par l\u2019ordre de base et prendra par ailleurs en charge des projets de construction. Mais ce qui est encore plus important pour EBL, c\u2019est la mise en [&hellip;]<\/p>\n","protected":false},"featured_media":52120,"template":"","meta":{"_acf_changed":false,"inline_featured_image":false,"footnotes":""},"referenz-region":[234],"referenz-angebot":[210],"referenz-bauart":[],"referenz-gebaeudeart":[216],"referenz-standort":[258,259],"class_list":["post-73957","reference","type-reference","status-publish","has-post-thumbnail","hentry","referenz-region-suisse-du-nord-ouest-ag-bl-bs","referenz-angebot-facility-management-integral","referenz-gebaeudeart-bureaux-et-administration","referenz-standort-halg-facility-management-ag","referenz-standort-halg-facility-management-ag-berne"],"acf":[],"yoast_head":"<!-- This site is optimized with the Yoast SEO plugin v27.3 - https:\/\/yoast.com\/product\/yoast-seo-wordpress\/ -->\n<title>Facility Management EBL | H\u00e4lg Group<\/title>\n<meta name=\"description\" content=\"EBL (Genossenschaft Elektra Baselland) a confi\u00e9 les prestations relatives \u00e0 l&#039;entretien du site et des b\u00e2timents \u00e0 H\u00e4lg Facility Management AG.\" \/>\n<meta name=\"robots\" content=\"index, follow, max-snippet:-1, max-image-preview:large, max-video-preview:-1\" \/>\n<link rel=\"canonical\" href=\"https:\/\/haelg.ch\/fr\/reference\/ebl-genossenschaft-elektra-baselland\/\" \/>\n<meta property=\"og:locale\" content=\"fr_FR\" \/>\n<meta property=\"og:type\" content=\"article\" \/>\n<meta property=\"og:title\" content=\"Facility Management EBL | H\u00e4lg Group\" \/>\n<meta property=\"og:description\" content=\"EBL (Genossenschaft Elektra Baselland) a confi\u00e9 les prestations relatives \u00e0 l&#039;entretien du site et des b\u00e2timents \u00e0 H\u00e4lg Facility Management AG.\" \/>\n<meta property=\"og:url\" content=\"https:\/\/haelg.ch\/fr\/reference\/ebl-genossenschaft-elektra-baselland\/\" \/>\n<meta property=\"og:site_name\" content=\"H\u00e4lg Group\" \/>\n<meta property=\"article:publisher\" content=\"https:\/\/www.facebook.com\/haelg.ch\" \/>\n<meta property=\"article:modified_time\" content=\"2025-03-24T14:46:42+00:00\" \/>\n<meta property=\"og:image\" content=\"https:\/\/haelg.ch\/app\/uploads\/2025\/01\/ebl-genossenschaft-elektra-baselland-haelg-group_2400x2400.jpg\" \/>\n\t<meta property=\"og:image:width\" content=\"2400\" \/>\n\t<meta property=\"og:image:height\" content=\"2400\" \/>\n\t<meta property=\"og:image:type\" content=\"image\/jpeg\" \/>\n<meta name=\"twitter:card\" content=\"summary_large_image\" \/>\n<meta name=\"twitter:label1\" content=\"Dur\u00e9e de lecture estim\u00e9e\" \/>\n\t<meta name=\"twitter:data1\" content=\"2 minutes\" \/>\n<script type=\"application\/ld+json\" class=\"yoast-schema-graph\">{\"@context\":\"https:\\\/\\\/schema.org\",\"@graph\":[{\"@type\":\"WebPage\",\"@id\":\"https:\\\/\\\/haelg.ch\\\/fr\\\/reference\\\/ebl-genossenschaft-elektra-baselland\\\/\",\"url\":\"https:\\\/\\\/haelg.ch\\\/fr\\\/reference\\\/ebl-genossenschaft-elektra-baselland\\\/\",\"name\":\"Facility Management EBL | H\u00e4lg Group\",\"isPartOf\":{\"@id\":\"https:\\\/\\\/haelg.ch\\\/fr\\\/#website\"},\"primaryImageOfPage\":{\"@id\":\"https:\\\/\\\/haelg.ch\\\/fr\\\/reference\\\/ebl-genossenschaft-elektra-baselland\\\/#primaryimage\"},\"image\":{\"@id\":\"https:\\\/\\\/haelg.ch\\\/fr\\\/reference\\\/ebl-genossenschaft-elektra-baselland\\\/#primaryimage\"},\"thumbnailUrl\":\"https:\\\/\\\/haelg.ch\\\/app\\\/uploads\\\/2025\\\/01\\\/ebl-genossenschaft-elektra-baselland-haelg-group_2400x2400.jpg\",\"datePublished\":\"2025-01-07T14:20:24+00:00\",\"dateModified\":\"2025-03-24T14:46:42+00:00\",\"description\":\"EBL (Genossenschaft Elektra Baselland) a confi\u00e9 les prestations relatives \u00e0 l'entretien du site et des b\u00e2timents \u00e0 H\u00e4lg Facility Management AG.\",\"breadcrumb\":{\"@id\":\"https:\\\/\\\/haelg.ch\\\/fr\\\/reference\\\/ebl-genossenschaft-elektra-baselland\\\/#breadcrumb\"},\"inLanguage\":\"fr-FR\",\"potentialAction\":[{\"@type\":\"ReadAction\",\"target\":[\"https:\\\/\\\/haelg.ch\\\/fr\\\/reference\\\/ebl-genossenschaft-elektra-baselland\\\/\"]}]},{\"@type\":\"ImageObject\",\"inLanguage\":\"fr-FR\",\"@id\":\"https:\\\/\\\/haelg.ch\\\/fr\\\/reference\\\/ebl-genossenschaft-elektra-baselland\\\/#primaryimage\",\"url\":\"https:\\\/\\\/haelg.ch\\\/app\\\/uploads\\\/2025\\\/01\\\/ebl-genossenschaft-elektra-baselland-haelg-group_2400x2400.jpg\",\"contentUrl\":\"https:\\\/\\\/haelg.ch\\\/app\\\/uploads\\\/2025\\\/01\\\/ebl-genossenschaft-elektra-baselland-haelg-group_2400x2400.jpg\",\"width\":2400,\"height\":2400,\"caption\":\"EBL \u2013 Genossenschaft Elektra Baselland\"},{\"@type\":\"BreadcrumbList\",\"@id\":\"https:\\\/\\\/haelg.ch\\\/fr\\\/reference\\\/ebl-genossenschaft-elektra-baselland\\\/#breadcrumb\",\"itemListElement\":[{\"@type\":\"ListItem\",\"position\":1,\"name\":\"Accueil\",\"item\":\"https:\\\/\\\/haelg.ch\\\/fr\\\/\"},{\"@type\":\"ListItem\",\"position\":2,\"name\":\"R\u00e9f\u00e9rences\",\"item\":\"https:\\\/\\\/haelg.ch\\\/fr\\\/reference\\\/\"},{\"@type\":\"ListItem\",\"position\":3,\"name\":\"EBL &#8211; Genossenschaft Elektra Baselland\"}]},{\"@type\":\"WebSite\",\"@id\":\"https:\\\/\\\/haelg.ch\\\/fr\\\/#website\",\"url\":\"https:\\\/\\\/haelg.ch\\\/fr\\\/\",\"name\":\"H\u00e4lg Group\",\"description\":\"\",\"publisher\":{\"@id\":\"https:\\\/\\\/haelg.ch\\\/fr\\\/#organization\"},\"potentialAction\":[{\"@type\":\"SearchAction\",\"target\":{\"@type\":\"EntryPoint\",\"urlTemplate\":\"https:\\\/\\\/haelg.ch\\\/fr\\\/?s={search_term_string}\"},\"query-input\":{\"@type\":\"PropertyValueSpecification\",\"valueRequired\":true,\"valueName\":\"search_term_string\"}}],\"inLanguage\":\"fr-FR\"},{\"@type\":\"Organization\",\"@id\":\"https:\\\/\\\/haelg.ch\\\/fr\\\/#organization\",\"name\":\"H\u00e4lg Group\",\"url\":\"https:\\\/\\\/haelg.ch\\\/fr\\\/\",\"logo\":{\"@type\":\"ImageObject\",\"inLanguage\":\"fr-FR\",\"@id\":\"https:\\\/\\\/haelg.ch\\\/fr\\\/#\\\/schema\\\/logo\\\/image\\\/\",\"url\":\"https:\\\/\\\/haelg.ch\\\/app\\\/uploads\\\/2025\\\/01\\\/haelg-group-logo_1800x1200.jpg\",\"contentUrl\":\"https:\\\/\\\/haelg.ch\\\/app\\\/uploads\\\/2025\\\/01\\\/haelg-group-logo_1800x1200.jpg\",\"width\":1620,\"height\":1080,\"caption\":\"H\u00e4lg Group\"},\"image\":{\"@id\":\"https:\\\/\\\/haelg.ch\\\/fr\\\/#\\\/schema\\\/logo\\\/image\\\/\"},\"sameAs\":[\"https:\\\/\\\/www.facebook.com\\\/haelg.ch\",\"https:\\\/\\\/www.linkedin.com\\\/company\\\/haelggroup\\\/\",\"https:\\\/\\\/www.instagram.com\\\/haelg.group\\\/\",\"https:\\\/\\\/www.youtube.com\\\/channel\\\/UCCP6yzfvj3o6gA9J5L0QJCg\\\/videos\",\"https:\\\/\\\/www.kununu.com\\\/ch\\\/haelg-group\"]}]}<\/script>\n<!-- \/ Yoast SEO plugin. -->","yoast_head_json":{"title":"Facility Management EBL | H\u00e4lg Group","description":"EBL (Genossenschaft Elektra Baselland) a confi\u00e9 les prestations relatives \u00e0 l'entretien du site et des b\u00e2timents \u00e0 H\u00e4lg Facility Management AG.","robots":{"index":"index","follow":"follow","max-snippet":"max-snippet:-1","max-image-preview":"max-image-preview:large","max-video-preview":"max-video-preview:-1"},"canonical":"https:\/\/haelg.ch\/fr\/reference\/ebl-genossenschaft-elektra-baselland\/","og_locale":"fr_FR","og_type":"article","og_title":"Facility Management EBL | H\u00e4lg Group","og_description":"EBL (Genossenschaft Elektra Baselland) a confi\u00e9 les prestations relatives \u00e0 l'entretien du site et des b\u00e2timents \u00e0 H\u00e4lg Facility Management AG.","og_url":"https:\/\/haelg.ch\/fr\/reference\/ebl-genossenschaft-elektra-baselland\/","og_site_name":"H\u00e4lg Group","article_publisher":"https:\/\/www.facebook.com\/haelg.ch","article_modified_time":"2025-03-24T14:46:42+00:00","og_image":[{"width":2400,"height":2400,"url":"https:\/\/haelg.ch\/app\/uploads\/2025\/01\/ebl-genossenschaft-elektra-baselland-haelg-group_2400x2400.jpg","type":"image\/jpeg"}],"twitter_card":"summary_large_image","twitter_misc":{"Dur\u00e9e de lecture estim\u00e9e":"2 minutes"},"schema":{"@context":"https:\/\/schema.org","@graph":[{"@type":"WebPage","@id":"https:\/\/haelg.ch\/fr\/reference\/ebl-genossenschaft-elektra-baselland\/","url":"https:\/\/haelg.ch\/fr\/reference\/ebl-genossenschaft-elektra-baselland\/","name":"Facility Management EBL | H\u00e4lg Group","isPartOf":{"@id":"https:\/\/haelg.ch\/fr\/#website"},"primaryImageOfPage":{"@id":"https:\/\/haelg.ch\/fr\/reference\/ebl-genossenschaft-elektra-baselland\/#primaryimage"},"image":{"@id":"https:\/\/haelg.ch\/fr\/reference\/ebl-genossenschaft-elektra-baselland\/#primaryimage"},"thumbnailUrl":"https:\/\/haelg.ch\/app\/uploads\/2025\/01\/ebl-genossenschaft-elektra-baselland-haelg-group_2400x2400.jpg","datePublished":"2025-01-07T14:20:24+00:00","dateModified":"2025-03-24T14:46:42+00:00","description":"EBL (Genossenschaft Elektra Baselland) a confi\u00e9 les prestations relatives \u00e0 l'entretien du site et des b\u00e2timents \u00e0 H\u00e4lg Facility Management AG.","breadcrumb":{"@id":"https:\/\/haelg.ch\/fr\/reference\/ebl-genossenschaft-elektra-baselland\/#breadcrumb"},"inLanguage":"fr-FR","potentialAction":[{"@type":"ReadAction","target":["https:\/\/haelg.ch\/fr\/reference\/ebl-genossenschaft-elektra-baselland\/"]}]},{"@type":"ImageObject","inLanguage":"fr-FR","@id":"https:\/\/haelg.ch\/fr\/reference\/ebl-genossenschaft-elektra-baselland\/#primaryimage","url":"https:\/\/haelg.ch\/app\/uploads\/2025\/01\/ebl-genossenschaft-elektra-baselland-haelg-group_2400x2400.jpg","contentUrl":"https:\/\/haelg.ch\/app\/uploads\/2025\/01\/ebl-genossenschaft-elektra-baselland-haelg-group_2400x2400.jpg","width":2400,"height":2400,"caption":"EBL \u2013 Genossenschaft Elektra Baselland"},{"@type":"BreadcrumbList","@id":"https:\/\/haelg.ch\/fr\/reference\/ebl-genossenschaft-elektra-baselland\/#breadcrumb","itemListElement":[{"@type":"ListItem","position":1,"name":"Accueil","item":"https:\/\/haelg.ch\/fr\/"},{"@type":"ListItem","position":2,"name":"R\u00e9f\u00e9rences","item":"https:\/\/haelg.ch\/fr\/reference\/"},{"@type":"ListItem","position":3,"name":"EBL &#8211; Genossenschaft Elektra Baselland"}]},{"@type":"WebSite","@id":"https:\/\/haelg.ch\/fr\/#website","url":"https:\/\/haelg.ch\/fr\/","name":"H\u00e4lg Group","description":"","publisher":{"@id":"https:\/\/haelg.ch\/fr\/#organization"},"potentialAction":[{"@type":"SearchAction","target":{"@type":"EntryPoint","urlTemplate":"https:\/\/haelg.ch\/fr\/?s={search_term_string}"},"query-input":{"@type":"PropertyValueSpecification","valueRequired":true,"valueName":"search_term_string"}}],"inLanguage":"fr-FR"},{"@type":"Organization","@id":"https:\/\/haelg.ch\/fr\/#organization","name":"H\u00e4lg Group","url":"https:\/\/haelg.ch\/fr\/","logo":{"@type":"ImageObject","inLanguage":"fr-FR","@id":"https:\/\/haelg.ch\/fr\/#\/schema\/logo\/image\/","url":"https:\/\/haelg.ch\/app\/uploads\/2025\/01\/haelg-group-logo_1800x1200.jpg","contentUrl":"https:\/\/haelg.ch\/app\/uploads\/2025\/01\/haelg-group-logo_1800x1200.jpg","width":1620,"height":1080,"caption":"H\u00e4lg Group"},"image":{"@id":"https:\/\/haelg.ch\/fr\/#\/schema\/logo\/image\/"},"sameAs":["https:\/\/www.facebook.com\/haelg.ch","https:\/\/www.linkedin.com\/company\/haelggroup\/","https:\/\/www.instagram.com\/haelg.group\/","https:\/\/www.youtube.com\/channel\/UCCP6yzfvj3o6gA9J5L0QJCg\/videos","https:\/\/www.kununu.com\/ch\/haelg-group"]}]}},"_links":{"self":[{"href":"https:\/\/haelg.ch\/fr\/wp-json\/wp\/v2\/reference\/73957","targetHints":{"allow":["GET"]}}],"collection":[{"href":"https:\/\/haelg.ch\/fr\/wp-json\/wp\/v2\/reference"}],"about":[{"href":"https:\/\/haelg.ch\/fr\/wp-json\/wp\/v2\/types\/reference"}],"version-history":[{"count":2,"href":"https:\/\/haelg.ch\/fr\/wp-json\/wp\/v2\/reference\/73957\/revisions"}],"predecessor-version":[{"id":75329,"href":"https:\/\/haelg.ch\/fr\/wp-json\/wp\/v2\/reference\/73957\/revisions\/75329"}],"wp:featuredmedia":[{"embeddable":true,"href":"https:\/\/haelg.ch\/fr\/wp-json\/wp\/v2\/media\/52120"}],"wp:attachment":[{"href":"https:\/\/haelg.ch\/fr\/wp-json\/wp\/v2\/media?parent=73957"}],"wp:term":[{"taxonomy":"referenz-region","embeddable":true,"href":"https:\/\/haelg.ch\/fr\/wp-json\/wp\/v2\/referenz-region?post=73957"},{"taxonomy":"referenz-angebot","embeddable":true,"href":"https:\/\/haelg.ch\/fr\/wp-json\/wp\/v2\/referenz-angebot?post=73957"},{"taxonomy":"referenz-bauart","embeddable":true,"href":"https:\/\/haelg.ch\/fr\/wp-json\/wp\/v2\/referenz-bauart?post=73957"},{"taxonomy":"referenz-gebaeudeart","embeddable":true,"href":"https:\/\/haelg.ch\/fr\/wp-json\/wp\/v2\/referenz-gebaeudeart?post=73957"},{"taxonomy":"referenz-standort","embeddable":true,"href":"https:\/\/haelg.ch\/fr\/wp-json\/wp\/v2\/referenz-standort?post=73957"}],"curies":[{"name":"wp","href":"https:\/\/api.w.org\/{rel}","templated":true}]}}